{"id":5529,"date":"2023-08-18T13:47:07","date_gmt":"2023-08-18T11:47:07","guid":{"rendered":"https:\/\/www.proof.de\/?post_type=encyclopedia&#038;p=5529"},"modified":"2023-08-18T16:52:00","modified_gmt":"2023-08-18T14:52:00","slug":"barevne-spektrum","status":"publish","type":"encyclopedia","link":"http:\/\/blog.proofs.de\/cs\/lexikon\/farbspektrum\/","title":{"rendered":"Barevn\u00e9 spektrum"},"content":{"rendered":"<div class=\"kk-star-ratings kksr-auto kksr-align-right kksr-valign-top\" data-payload='{\"align\":\"right\",\"id\":\"5529\",\"slug\":\"default\",\"valign\":\"top\",\"ignore\":\"\",\"reference\":\"auto\",\"class\":\"\",\"count\":\"0\",\"legendonly\":\"\",\"readonly\":\"\",\"score\":\"0\",\"starsonly\":\"\",\"best\":\"5\",\"gap\":\"5\",\"greet\":\"Jetzt bewerten\",\"legend\":\"0\\\/5 - (0 votes)\",\"size\":\"24\",\"title\":\"Farbspektrum\",\"width\":\"0\",\"_legend\":\"{score}\\\/{best} - ({count} {votes})\",\"font_factor\":\"1.25\"}'>\n            \n<div class=\"kksr-stars\">\n    \n<div class=\"kksr-stars-inactive\">\n            <div class=\"kksr-star\" data-star=\"1\" style=\"padding-right: 5px\">\n            \n\n<div class=\"kksr-icon\" style=\"width: 24px; height: 24px;\"><\/div>\n        <\/div>\n            <div class=\"kksr-star\" data-star=\"2\" style=\"padding-right: 5px\">\n            \n\n<div class=\"kksr-icon\" style=\"width: 24px; height: 24px;\"><\/div>\n        <\/div>\n            <div class=\"kksr-star\" data-star=\"3\" style=\"padding-right: 5px\">\n            \n\n<div class=\"kksr-icon\" style=\"width: 24px; height: 24px;\"><\/div>\n        <\/div>\n            <div class=\"kksr-star\" data-star=\"4\" style=\"padding-right: 5px\">\n            \n\n<div class=\"kksr-icon\" style=\"width: 24px; height: 24px;\"><\/div>\n        <\/div>\n            <div class=\"kksr-star\" data-star=\"5\" style=\"padding-right: 5px\">\n            \n\n<div class=\"kksr-icon\" style=\"width: 24px; height: 24px;\"><\/div>\n        <\/div>\n    <\/div>\n    \n<div class=\"kksr-stars-active\" style=\"width: 0px;\">\n            <div class=\"kksr-star\" style=\"padding-right: 5px\">\n            \n\n<div class=\"kksr-icon\" style=\"width: 24px; height: 24px;\"><\/div>\n        <\/div>\n            <div class=\"kksr-star\" style=\"padding-right: 5px\">\n            \n\n<div class=\"kksr-icon\" style=\"width: 24px; height: 24px;\"><\/div>\n        <\/div>\n            <div class=\"kksr-star\" style=\"padding-right: 5px\">\n            \n\n<div class=\"kksr-icon\" style=\"width: 24px; height: 24px;\"><\/div>\n        <\/div>\n            <div class=\"kksr-star\" style=\"padding-right: 5px\">\n            \n\n<div class=\"kksr-icon\" style=\"width: 24px; height: 24px;\"><\/div>\n        <\/div>\n            <div class=\"kksr-star\" style=\"padding-right: 5px\">\n            \n\n<div class=\"kksr-icon\" style=\"width: 24px; height: 24px;\"><\/div>\n        <\/div>\n    <\/div>\n<\/div>\n                \n\n<div class=\"kksr-legend\" style=\"font-size: 19.2px;\">\n            <span class=\"kksr-muted\">Hodnotit nyn\u00ed<\/span>\n    <\/div>\n    <\/div>\n<h3>V tiska\u0159sk\u00e9m pr\u016fmyslu se term\u00ednem barevn\u00e9 spektrum obvykle ozna\u010duje dosa\u017eiteln\u00fd barevn\u00fd prostor.<\/h3>\n<p class=\"translation-block\">\"Barevn\u00e9<a href=\"https:\/\/blog1.proofen.de\/es\/lexico\/espectro\/\" target=\"_self\" class=\"encyclopedia tooltipstered\"> spektrum<\/a>\" popisuje souhrn barev, kter\u00e9 dok\u00e1\u017ee tiskov\u00fd proces nebo konkr\u00e9tn\u00ed tisk\u00e1rna reprodukovat. Barevn\u00e9 spektrum je ur\u010deno pou\u017eit\u00fdmi tiskov\u00fdmi barvami, inkousty a tiskov\u00fdmi technikami. \"Nov\u00e1 tisk\u00e1rna CANON m\u00e1 super barevn\u00e9 spektrum\" by byla klasick\u00e1 hovorov\u00e1 formulace.<\/p>\n<p class=\"translation-block\">\u010c\u00edm v\u011bt\u0161\u00ed je <a href=\"https:\/\/blog1.proofen.de\/es\/lexico\/espacio-cromatico\/\" target=\"_self\" class=\"encyclopedia tooltipstered\">barevn\u00fd prostor<\/a> tiskov\u00e9ho procesu, t\u00edm v\u00edce r\u016fzn\u00fdch barev lze p\u0159esn\u011b reprodukovat. Tiskov\u00e9 technologie, jako je <a href=\"https:\/\/blog1.proofen.de\/es\/lexico\/impresion-offset\/\" target=\"_self\" class=\"encyclopedia tooltipstered\">ofsetov\u00fd tisk<\/a>, <a href=\"https:\/\/blog1.proofen.de\/es\/lexico\/impresion-flexografica\/\" target=\"_self\" class=\"encyclopedia tooltipstered\">flexografick\u00fd tisk<\/a> a digit\u00e1ln\u00ed tisk, maj\u00ed r\u016fzn\u00e1 barevn\u00e1 spektra, kter\u00e1 z\u00e1vis\u00ed na barv\u011b, podkladu a dal\u0161\u00edch technick\u00fdch faktorech, jako jsou procesn\u00ed nebo p\u0159\u00edm\u00e9 barvy.<\/p>\n<p class=\"translation-block\">Kontrola barevn\u00e9ho gamutu je d\u016fle\u017eit\u00fdm aspektem tiska\u0159sk\u00e9ho pr\u016fmyslu, zejm\u00e9na pokud jde o reprodukci p\u0159esn\u00fdch a konzistentn\u00edch barev v ti\u0161t\u011bn\u00fdch materi\u00e1lech. <a href=\"https:\/\/blog1.proofen.de\/es\/lexico\/gestion-del-color\/\" target=\"_self\" class=\"encyclopedia tooltipstered\">Syst\u00e9my spr\u00e1vy barev<\/a> se pou\u017e\u00edvaj\u00ed k zaji\u0161t\u011bn\u00ed toho, aby barvy na ti\u0161t\u011bn\u00e9m produktu odpov\u00eddaly zam\u00fd\u0161len\u00fdm hodnot\u00e1m barev, <a href=\"https:\/\/blog1.proofen.de\/es\/lexico\/digitalproofs\/\" target=\"_self\" class=\"encyclopedia tooltipstered\">digit\u00e1ln\u00ed n\u00e1tisky<\/a> se pou\u017e\u00edvaj\u00ed pro kontrolu na stroji a p\u0159edem v procesu n\u00e1vrhu pro barevn\u011b p\u0159esn\u00e9 zobrazen\u00ed n\u00e1sledn\u00fdch v\u00fdtisk\u016f.<\/p>\n<h3>Barevn\u00e9 spektrum v\u0161ak m\u016f\u017ee b\u00fdt tak\u00e9 jedin\u00e9 spektrum jedn\u00e9 barvy.<\/h3>\n<p>Pokud se barva m\u011b\u0159\u00ed pomoc\u00ed spektr\u00e1ln\u00edho m\u011b\u0159ic\u00edho za\u0159\u00edzen\u00ed, vytvo\u0159\u00ed se soubor, do kter\u00e9ho se nap\u0159\u00edklad p\u0159i m\u011b\u0159en\u00ed monitor\u016f zap\u00ed\u0161e emisn\u00ed barevn\u00e9 spektrum nebo p\u0159i m\u011b\u0159en\u00ed tisk\u016f se do souboru zap\u00ed\u0161e remisn\u00ed barevn\u00e9 spektrum. Typick\u00e9 soubory jako nap\u0159. <a href=\"http:\/\/blog.proofs.de\/cs\/lexikon\/cxf\/\" target=\"_self\" title='CxF je zkratka pro &quot;Color Exchange Format&quot;, otev\u0159en\u00fd form\u00e1t XML pro v\u00fdm\u011bnu barevn\u00fdch informac\u00ed.' class=\"encyclopedia\">CXF<\/a> (Form\u00e1t v\u00fdm\u011bny barev) nebo <a href=\"http:\/\/blog.proofs.de\/cs\/lexikon\/cgats\/\" target=\"_self\" title=\"V\u00fdbor pro standardy grafick\u00fdch technologi\u00ed. Normaliza\u010dn\u00ed skupina, kter\u00e1 vyv\u00edj\u00ed r\u016fzn\u00e9 normy pro tiska\u0159sk\u00fd pr\u016fmysl v USA.\" class=\"encyclopedia\">CGATS<\/a> obsahuj\u00ed barevn\u00e9 spektrum nebo n\u011bkolik barevn\u00fdch spekter, kter\u00e1 jsou v souboru zobrazena spektr\u00e1ln\u011b. Pro ka\u017ed\u00fd bod m\u011b\u0159en\u00ed vlnov\u00e9 d\u00e9lky m\u011b\u0159ic\u00edho za\u0159\u00edzen\u00ed je ulo\u017eena hodnota, ze kter\u00e9 lze n\u00e1sledn\u011b vypo\u010d\u00edtat hodnotu barvy.<\/p>\n<p class=\"translation-block\">P\u0159\u00edklad takov\u00e9ho souboru CGATS lze nal\u00e9zt v na\u0161em <a href=\"https:\/\/blog1.proofen.de\/papierweiss-von-papierherstellern-und-onlinedruckereien-vermessen\/\" target=\"_self\">tabulce b\u00edl\u00fdch pap\u00edr\u016f pro tisk<\/a>, kde jsme zm\u011b\u0159ili barevn\u00e9 spektrum pap\u00edru a zve\u0159ejnili ho jako soubor. Takov\u00fd soubor CGATS vypad\u00e1 n\u00e1sledovn\u011b:<\/p>\n<pre>CGATS.17\r\nP\u016fvodce \"Proof GmbH, https:\/\/blog1.proofen.de | BabelColor CT&amp;A, verze 4.0.0 b298\"\r\nLGOROWLENGTH 1\r\nCREATED \"2019-02-28\" # \u010cas: 16:51:26\r\nINSTRUMENTACE \"i1Pro 2 (XRGA)\"\r\n# S\u00e9riov\u00e9 \u010d\u00edslo p\u0159\u00edstroje: \"1095898\"\r\n#\r\n# N\u00e1zev vzorku-1 (S1): \"Arktika-GC1-M2\".\r\n#\r\nMEASUREMENT_SOURCE \"\"S1: Reflectance (M2) Illuminant:D50 Observer:2_deg Units=Reflectance(0-1) WhiteBase=Automatic Filter=no\"\"\r\n#\r\nKL\u00cd\u010cOV\u00c9 SLOVO \"SAMPLE_ID\"\r\nKL\u00cd\u010cOV\u00c9 SLOVO \"SAMPLE_NAME\r\nNUMBER_OF_FIELDS 44\r\nBEGIN_DATA_FORMAT\r\nSAMPLE_ID SAMPLE_NAME L*a*b*_L L*a*b*_a L*a*b*_b L*C*h*(ab)_L L*C*h*(ab)_C L*C*h*(ab)_h nm380 nm390 nm400 nm410 nm420 nm430 nm440 nm450 nm460 nm470 nm480 nm490 nm500 nm510 nm520 nm530 nm540 nm550 nm560 nm570 nm580 nm590 nm600 nm610 nm620 nm630 nm640 nm650 nm660 nm670 nm680 nm690 nm700 nm710 nm720 nm730\r\nEND_DATA_FORMAT\r\nNUMBER_OF_SETS 1\r\nBEGIN_DATA\r\n1 Arktika-GC1-M2 95,45 0,6834 3,022 95,45 3,098 77,26 0,4987 0,5423 0,5984 0,7088 0,7831 0,8209 0,8362 0,8462 0,8558 0,8625 0,8682 0,8732 0,8764 0,8783 0,8805 0,8803 0,8811 0,8822 0,8806 0,8840 0,8856 0,8896 0,8943 0,8997 0,9078 0,9182 0,9316 0,9424 0,9501 0,9546 0,9563 0,9571 0,9612 0,9646 0,9671 0,9711\r\nEND_DATA<\/pre>\n<p>V \u0159\u00e1dku \"Sample_ID\", za slovem <a href=\"http:\/\/blog.proofs.de\/cs\/lexikon\/lab\/\" target=\"_self\" title=\"CIELAB nebo LAB je matematick\u00fd model barev, kter\u00fd se prosadil v\u0161ude tam, kde je vy\u017eadov\u00e1n p\u0159esn\u00fd v\u00fdpo\u010det barev. Po\u010d\u00edta\u010dov\u00e1 spr\u00e1va barev obvykle funguje prost\u0159ednictv\u00edm CIELAB.\" class=\"encyclopedia\">LAB<\/a> a LCH jsou nam\u011b\u0159en\u00e1 spektra uvedena ve sloupc\u00edch od 380 do 730 nanometr\u016f; \u0159\u00e1dek pod \"BEGIN_DATA\" pak obsahuje p\u0159\u00edslu\u0161n\u00e9 nam\u011b\u0159en\u00e9 hodnoty, z nich\u017e byly vypo\u010dteny hodnoty barev LAB a LCH.<\/p>\n<p>Term\u00edn barevn\u00e9 spektrum se zde tedy vztahuje na skute\u010dn\u011b individu\u00e1ln\u00ed barevn\u00e9 spektrum m\u011b\u0159en\u00e9 barvy, a nikoli na barevn\u00fd prostor tisk\u00e1rny nebo tiskov\u00e9ho procesu.<\/p>","protected":false},"excerpt":{"rendered":"<p>V tiska\u0159sk\u00e9m pr\u016fmyslu se term\u00ednem barevn\u00e9 spektrum obvykle ozna\u010duje dosa\u017eiteln\u00fd barevn\u00fd prostor. \"Barevn\u00e9 spektrum\" popisuje souhrn barev, kter\u00e9 m\u016f\u017ee tiskov\u00fd proces nebo konkr\u00e9tn\u00ed tisk\u00e1rna reprodukovat. Barevn\u00e9 spektrum je ur\u010deno pou\u017eit\u00fdmi tiskov\u00fdmi barvami, inkousty a tiskov\u00fdmi technikami. \"Nov\u00e1 tisk\u00e1rna CANON m\u00e1 super barevn\u00e9 spektrum\" by byla klasick\u00e1 hovorov\u00e1 formulace. \u010c\u00edm v\u011bt\u0161\u00ed je barevn\u00fd rozsah tiskov\u00e9ho procesu, t\u00edm v\u00edce r\u016fzn\u00fdch barev lze p\u0159esn\u011b reprodukovat. Tiskov\u00e9 technologie, jako je ofsetov\u00fd tisk, flexotisk a digit\u00e1ln\u00ed tisk, maj\u00ed r\u016fzn\u00e9 barevn\u00e9 spektrum, kter\u00e9 z\u00e1vis\u00ed na tiskov\u00e9 barv\u011b, podkladu a dal\u0161\u00edch technick\u00fdch faktorech, jako jsou procesn\u00ed nebo p\u0159\u00edm\u00e9 barvy. ... <\/p>\n<p class=\"read-more-container\"><a title=\"Barevn\u00e9 spektrum\" class=\"read-more button\" href=\"http:\/\/blog.proofs.de\/cs\/lexikon\/farbspektrum\/#more-5529\" aria-label=\"\u010c\u00edst v\u00edce o barevn\u00e9m spektru\">P\u0159e\u010dt\u011bte si v\u00edce<\/a><\/p>","protected":false},"author":2,"featured_media":0,"comment_status":"open","ping_status":"open","template":"","meta":{"om_disable_all_campaigns":false,"inline_featured_image":false,"_monsterinsights_skip_tracking":false,"footnotes":""},"class_list":["post-5529","encyclopedia","type-encyclopedia","status-publish","hentry","no-featured-image-padding"],"aioseo_notices":[],"aioseo_head":"\n\t\t<!-- All in One SEO 5.0.1.1 - aioseo.com -->\n\t<meta name=\"description\" content=\"In der Druckindustrie bezieht sich das Farbspektrum meist auf einen erzielbaren Farbraum, es kann aber auch ein gemessenes Spektrum nur einer Farbe beschreiben.\" \/>\n\t<meta name=\"robots\" content=\"max-image-preview:large\" \/>\n\t<meta name=\"author\" content=\"Matthias Betz\"\/>\n\t<meta name=\"google-site-verification\" content=\"TuXxyRwxcEg2-WfOaQ8vScWQh3-uBAnxXmY7g3GT90A\" \/>\n\t<link rel=\"canonical\" href=\"http:\/\/blog.proofs.de\/cs\/lexikon\/farbspektrum\/\" \/>\n\t<meta name=\"generator\" content=\"All in One SEO (AIOSEO) 5.0.1.1\" \/>\n\n\t\t<meta name=\"seobility\" content=\"593a8578143db71543f014978c690d47\">\n\t\t<meta property=\"og:locale\" content=\"cs_CZ\" \/>\n\t\t<meta property=\"og:site_name\" content=\"Proof.de | Alles zu Proof, Farbmanagement, Grafik, Messtechnik &amp; Co.\" \/>\n\t\t<meta property=\"og:type\" content=\"article\" \/>\n\t\t<meta property=\"og:title\" content=\"Farbspektrum | Proof.de\" \/>\n\t\t<meta property=\"og:description\" content=\"In der Druckindustrie bezieht sich das Farbspektrum meist auf einen erzielbaren Farbraum, es kann aber auch ein gemessenes Spektrum nur einer Farbe beschreiben.\" \/>\n\t\t<meta property=\"og:url\" content=\"http:\/\/blog.proofs.de\/cs\/lexikon\/farbspektrum\/\" \/>\n\t\t<meta property=\"og:image\" content=\"http:\/\/blog1.proofen.de\/wp-content\/uploads\/2020\/04\/proof_background.jpg\" \/>\n\t\t<meta property=\"article:published_time\" content=\"2023-08-18T11:47:07+00:00\" \/>\n\t\t<meta property=\"article:modified_time\" content=\"2023-08-18T14:52:00+00:00\" \/>\n\t\t<meta property=\"article:publisher\" content=\"https:\/\/www.facebook.com\/Proof.de\/\" \/>\n\t\t<meta name=\"twitter:card\" content=\"summary\" \/>\n\t\t<meta name=\"twitter:title\" content=\"Farbspektrum | Proof.de\" \/>\n\t\t<meta name=\"twitter:description\" content=\"In der Druckindustrie bezieht sich das Farbspektrum meist auf einen erzielbaren Farbraum, es kann aber auch ein gemessenes Spektrum nur einer Farbe beschreiben.\" \/>\n\t\t<meta name=\"twitter:image\" content=\"https:\/\/blog1.proofen.de\/wp-content\/uploads\/2020\/04\/proof_background.jpg\" \/>\n\t\t<script type=\"application\/ld+json\" class=\"aioseo-schema\">\n\t\t\t{\"@context\":\"https:\\\/\\\/schema.org\",\"@graph\":[{\"@type\":\"BreadcrumbList\",\"@id\":\"http:\\\/\\\/blog.proofs.de\\\/cs\\\/lexikon\\\/farbspektrum\\\/#breadcrumblist\",\"itemListElement\":[{\"@type\":\"ListItem\",\"@id\":\"http:\\\/\\\/blog.proofs.de\\\/cs#listItem\",\"position\":1,\"name\":\"Home\",\"item\":\"http:\\\/\\\/blog.proofs.de\\\/cs\",\"nextItem\":{\"@type\":\"ListItem\",\"@id\":\"http:\\\/\\\/blog.proofs.de\\\/cs\\\/lexikon\\\/#listItem\",\"name\":\"Lexikon\"}},{\"@type\":\"ListItem\",\"@id\":\"http:\\\/\\\/blog.proofs.de\\\/cs\\\/lexikon\\\/#listItem\",\"position\":2,\"name\":\"Lexikon\",\"item\":\"http:\\\/\\\/blog.proofs.de\\\/cs\\\/lexikon\\\/\",\"nextItem\":{\"@type\":\"ListItem\",\"@id\":\"http:\\\/\\\/blog.proofs.de\\\/cs\\\/lexikon\\\/farbspektrum\\\/#listItem\",\"name\":\"Farbspektrum\"},\"previousItem\":{\"@type\":\"ListItem\",\"@id\":\"http:\\\/\\\/blog.proofs.de\\\/cs#listItem\",\"name\":\"Home\"}},{\"@type\":\"ListItem\",\"@id\":\"http:\\\/\\\/blog.proofs.de\\\/cs\\\/lexikon\\\/farbspektrum\\\/#listItem\",\"position\":3,\"name\":\"Farbspektrum\",\"previousItem\":{\"@type\":\"ListItem\",\"@id\":\"http:\\\/\\\/blog.proofs.de\\\/cs\\\/lexikon\\\/#listItem\",\"name\":\"Lexikon\"}}]},{\"@type\":\"Organization\",\"@id\":\"http:\\\/\\\/blog.proofs.de\\\/cs\\\/#organization\",\"name\":\"Proof GmbH\",\"description\":\"Farbverbindlicher Proof, Farbproof, Digitalproof und Online-Proof.\",\"url\":\"http:\\\/\\\/blog.proofs.de\\\/cs\\\/\",\"telephone\":\"+4970717952740\",\"logo\":{\"@type\":\"ImageObject\",\"url\":\"https:\\\/\\\/blog1.proofen.de\\\/wp-content\\\/uploads\\\/2019\\\/09\\\/logo_proof_rgb_mit_balken_250px.png\",\"@id\":\"http:\\\/\\\/blog.proofs.de\\\/cs\\\/lexikon\\\/farbspektrum\\\/#organizationLogo\"},\"image\":{\"@id\":\"http:\\\/\\\/blog.proofs.de\\\/cs\\\/lexikon\\\/farbspektrum\\\/#organizationLogo\"},\"sameAs\":[\"https:\\\/\\\/www.facebook.com\\\/Proof.de\\\/\",\"https:\\\/\\\/www.instagram.com\\\/proof.de\\\/\",\"https:\\\/\\\/www.tiktok.com\\\/@proof_de\",\"https:\\\/\\\/www.youtube.com\\\/channel\\\/UCk80fQVQ25wC9wu3SywB-Nw\",\"https:\\\/\\\/www.linkedin.com\\\/company\\\/proof-de\"]},{\"@type\":\"Person\",\"@id\":\"http:\\\/\\\/blog.proofs.de\\\/cs\\\/author\\\/mbetz\\\/#author\",\"url\":\"http:\\\/\\\/blog.proofs.de\\\/cs\\\/author\\\/mbetz\\\/\",\"name\":\"Matthias Betz\",\"image\":{\"@type\":\"ImageObject\",\"@id\":\"http:\\\/\\\/blog.proofs.de\\\/cs\\\/lexikon\\\/farbspektrum\\\/#authorImage\",\"url\":\"https:\\\/\\\/blog.proofs.de\\\/wp-content\\\/uploads\\\/2020\\\/10\\\/matthias-betz-e1603934518350-150x150.png\",\"width\":96,\"height\":96,\"caption\":\"Matthias Betz\"}},{\"@type\":\"WebPage\",\"@id\":\"http:\\\/\\\/blog.proofs.de\\\/cs\\\/lexikon\\\/farbspektrum\\\/#webpage\",\"url\":\"http:\\\/\\\/blog.proofs.de\\\/cs\\\/lexikon\\\/farbspektrum\\\/\",\"name\":\"Farbspektrum | Proof.de\",\"description\":\"In der Druckindustrie bezieht sich das Farbspektrum meist auf einen erzielbaren Farbraum, es kann aber auch ein gemessenes Spektrum nur einer Farbe beschreiben.\",\"inLanguage\":\"cs-CZ\",\"isPartOf\":{\"@id\":\"http:\\\/\\\/blog.proofs.de\\\/cs\\\/#website\"},\"breadcrumb\":{\"@id\":\"http:\\\/\\\/blog.proofs.de\\\/cs\\\/lexikon\\\/farbspektrum\\\/#breadcrumblist\"},\"author\":{\"@id\":\"http:\\\/\\\/blog.proofs.de\\\/cs\\\/author\\\/mbetz\\\/#author\"},\"creator\":{\"@id\":\"http:\\\/\\\/blog.proofs.de\\\/cs\\\/author\\\/mbetz\\\/#author\"},\"datePublished\":\"2023-08-18T13:47:07+02:00\",\"dateModified\":\"2023-08-18T16:52:00+02:00\"},{\"@type\":\"WebSite\",\"@id\":\"http:\\\/\\\/blog.proofs.de\\\/cs\\\/#website\",\"url\":\"http:\\\/\\\/blog.proofs.de\\\/cs\\\/\",\"name\":\"Proof.de\",\"description\":\"Farbverbindlicher Proof, Farbproof, Digitalproof und Online-Proof.\",\"inLanguage\":\"cs-CZ\",\"publisher\":{\"@id\":\"http:\\\/\\\/blog.proofs.de\\\/cs\\\/#organization\"}}]}\n\t\t<\/script>\n\t\t<!-- All in One SEO -->\n\n","aioseo_head_json":{"title":"Barevn\u00e9 spektrum | Proof.de","description":"V tiska\u0159sk\u00e9m pr\u016fmyslu se barevn\u00e9 spektrum obvykle vztahuje k dosa\u017eiteln\u00e9mu barevn\u00e9mu prostoru, ale m\u016f\u017ee tak\u00e9 popisovat zm\u011b\u0159en\u00e9 spektrum pouze jedn\u00e9 barvy.","canonical_url":"http:\/\/blog.proofs.de\/cs\/lexikon\/farbspektrum\/","robots":"max-image-preview:large","keywords":"","webmasterTools":{"google-site-verification":"TuXxyRwxcEg2-WfOaQ8vScWQh3-uBAnxXmY7g3GT90A","miscellaneous":"&lt;meta name=\"seobility\" content=\"593a8578143db71543f014978c690d47\"&gt;"},"schema":{"@context":"https:\/\/schema.org","@graph":[{"@type":"BreadcrumbList","@id":"http:\/\/blog.proofs.de\/cs\/lexikon\/farbspektrum\/#breadcrumblist","itemListElement":[{"@type":"ListItem","@id":"http:\/\/blog.proofs.de\/cs#listItem","position":1,"name":"Home","item":"http:\/\/blog.proofs.de\/cs","nextItem":{"@type":"ListItem","@id":"http:\/\/blog.proofs.de\/cs\/lexikon\/#listItem","name":"Lexikon"}},{"@type":"ListItem","@id":"http:\/\/blog.proofs.de\/cs\/lexikon\/#listItem","position":2,"name":"Lexikon","item":"http:\/\/blog.proofs.de\/cs\/lexikon\/","nextItem":{"@type":"ListItem","@id":"http:\/\/blog.proofs.de\/cs\/lexikon\/farbspektrum\/#listItem","name":"Farbspektrum"},"previousItem":{"@type":"ListItem","@id":"http:\/\/blog.proofs.de\/cs#listItem","name":"Home"}},{"@type":"ListItem","@id":"http:\/\/blog.proofs.de\/cs\/lexikon\/farbspektrum\/#listItem","position":3,"name":"Farbspektrum","previousItem":{"@type":"ListItem","@id":"http:\/\/blog.proofs.de\/cs\/lexikon\/#listItem","name":"Lexikon"}}]},{"@type":"Organization","@id":"http:\/\/blog.proofs.de\/cs\/#organization","name":"Proof GmbH","description":"Farbverbindlicher Proof, Farbproof, Digitalproof und Online-Proof.","url":"http:\/\/blog.proofs.de\/cs\/","telephone":"+4970717952740","logo":{"@type":"ImageObject","url":"https:\/\/blog1.proofen.de\/wp-content\/uploads\/2019\/09\/logo_proof_rgb_mit_balken_250px.png","@id":"http:\/\/blog.proofs.de\/cs\/lexikon\/farbspektrum\/#organizationLogo"},"image":{"@id":"http:\/\/blog.proofs.de\/cs\/lexikon\/farbspektrum\/#organizationLogo"},"sameAs":["https:\/\/www.facebook.com\/Proof.de\/","https:\/\/www.instagram.com\/proof.de\/","https:\/\/www.tiktok.com\/@proof_de","https:\/\/www.youtube.com\/channel\/UCk80fQVQ25wC9wu3SywB-Nw","https:\/\/www.linkedin.com\/company\/proof-de"]},{"@type":"Person","@id":"http:\/\/blog.proofs.de\/cs\/author\/mbetz\/#author","url":"http:\/\/blog.proofs.de\/cs\/author\/mbetz\/","name":"Matthias Betz","image":{"@type":"ImageObject","@id":"http:\/\/blog.proofs.de\/cs\/lexikon\/farbspektrum\/#authorImage","url":"https:\/\/blog.proofs.de\/wp-content\/uploads\/2020\/10\/matthias-betz-e1603934518350-150x150.png","width":96,"height":96,"caption":"Matthias Betz"}},{"@type":"WebPage","@id":"http:\/\/blog.proofs.de\/cs\/lexikon\/farbspektrum\/#webpage","url":"http:\/\/blog.proofs.de\/cs\/lexikon\/farbspektrum\/","name":"Farbspektrum | Proof.de","description":"In der Druckindustrie bezieht sich das Farbspektrum meist auf einen erzielbaren Farbraum, es kann aber auch ein gemessenes Spektrum nur einer Farbe beschreiben.","inLanguage":"cs-CZ","isPartOf":{"@id":"http:\/\/blog.proofs.de\/cs\/#website"},"breadcrumb":{"@id":"http:\/\/blog.proofs.de\/cs\/lexikon\/farbspektrum\/#breadcrumblist"},"author":{"@id":"http:\/\/blog.proofs.de\/cs\/author\/mbetz\/#author"},"creator":{"@id":"http:\/\/blog.proofs.de\/cs\/author\/mbetz\/#author"},"datePublished":"2023-08-18T13:47:07+02:00","dateModified":"2023-08-18T16:52:00+02:00"},{"@type":"WebSite","@id":"http:\/\/blog.proofs.de\/cs\/#website","url":"http:\/\/blog.proofs.de\/cs\/","name":"Proof.de","description":"Farbverbindlicher Proof, Farbproof, Digitalproof und Online-Proof.","inLanguage":"cs-CZ","publisher":{"@id":"http:\/\/blog.proofs.de\/cs\/#organization"}}]},"og:locale":"cs_CZ","og:site_name":"Proof.de | Alles zu Proof, Farbmanagement, Grafik, Messtechnik &amp; Co.","og:type":"article","og:title":"Farbspektrum | Proof.de","og:description":"In der Druckindustrie bezieht sich das Farbspektrum meist auf einen erzielbaren Farbraum, es kann aber auch ein gemessenes Spektrum nur einer Farbe beschreiben.","og:url":"http:\/\/blog.proofs.de\/cs\/lexikon\/farbspektrum\/","og:image":"http:\/\/blog1.proofen.de\/wp-content\/uploads\/2020\/04\/proof_background.jpg","article:published_time":"2023-08-18T11:47:07+00:00","article:modified_time":"2023-08-18T14:52:00+00:00","article:publisher":"https:\/\/www.facebook.com\/Proof.de\/","twitter:card":"summary","twitter:title":"Farbspektrum | Proof.de","twitter:description":"In der Druckindustrie bezieht sich das Farbspektrum meist auf einen erzielbaren Farbraum, es kann aber auch ein gemessenes Spektrum nur einer Farbe beschreiben.","twitter:image":"https:\/\/blog1.proofen.de\/wp-content\/uploads\/2020\/04\/proof_background.jpg"},"aioseo_meta_data":{"post_id":"5529","title":null,"description":"V tiska\u0159sk\u00e9m pr\u016fmyslu se barevn\u00e9 spektrum obvykle vztahuje k dosa\u017eiteln\u00e9mu barevn\u00e9mu prostoru, ale m\u016f\u017ee tak\u00e9 popisovat zm\u011b\u0159en\u00e9 spektrum pouze jedn\u00e9 barvy.","keywords":[],"keyphrases":{"focus":{"keyphrase":"","score":0,"analysis":{"keyphraseInTitle":{"score":0,"maxScore":9,"error":1}}},"additional":[]},"primary_term":null,"canonical_url":null,"og_title":null,"og_description":null,"og_object_type":"default","og_image_type":"default","og_image_url":null,"og_image_width":null,"og_image_height":null,"og_image_custom_url":null,"og_image_custom_fields":null,"og_video":"","og_custom_url":null,"og_article_section":null,"og_article_tags":[],"twitter_use_og":true,"twitter_card":"default","twitter_image_type":"default","twitter_image_url":null,"twitter_image_custom_url":null,"twitter_image_custom_fields":null,"twitter_title":null,"twitter_description":null,"schema":{"blockGraphs":[],"customGraphs":[],"default":{"data":{"Article":[],"Course":[],"Dataset":[],"FAQPage":[],"Movie":[],"Person":[],"Product":[],"ProductReview":[],"Car":[],"Recipe":[],"Service":[],"SoftwareApplication":[],"WebPage":[]},"graphName":"WebPage","isEnabled":true},"graphs":[]},"schema_type":"default","schema_type_options":null,"pillar_content":false,"robots_default":true,"robots_noindex":false,"robots_noarchive":false,"robots_nosnippet":false,"robots_nofollow":false,"robots_noimageindex":false,"robots_noodp":false,"robots_notranslate":false,"robots_max_snippet":"-1","robots_max_videopreview":"-1","robots_max_imagepreview":"large","priority":null,"frequency":"default","local_seo":null,"breadcrumb_settings":null,"limit_modified_date":false,"ai":null,"created":"2023-08-18 11:26:37","updated":"2025-06-04 14:05:48","seo_analyzer_scan_date":null,"focus_keyword":null,"additional_keywords":null,"truseo_locale":null},"_links":{"self":[{"href":"http:\/\/blog.proofs.de\/cs\/wp-json\/wp\/v2\/encyclopedia\/5529","targetHints":{"allow":["GET"]}}],"collection":[{"href":"http:\/\/blog.proofs.de\/cs\/wp-json\/wp\/v2\/encyclopedia"}],"about":[{"href":"http:\/\/blog.proofs.de\/cs\/wp-json\/wp\/v2\/types\/encyclopedia"}],"author":[{"embeddable":true,"href":"http:\/\/blog.proofs.de\/cs\/wp-json\/wp\/v2\/users\/2"}],"replies":[{"embeddable":true,"href":"http:\/\/blog.proofs.de\/cs\/wp-json\/wp\/v2\/comments?post=5529"}],"version-history":[{"count":3,"href":"http:\/\/blog.proofs.de\/cs\/wp-json\/wp\/v2\/encyclopedia\/5529\/revisions"}],"predecessor-version":[{"id":5534,"href":"http:\/\/blog.proofs.de\/cs\/wp-json\/wp\/v2\/encyclopedia\/5529\/revisions\/5534"}],"wp:attachment":[{"href":"http:\/\/blog.proofs.de\/cs\/wp-json\/wp\/v2\/media?parent=5529"}],"curies":[{"name":"wp","href":"https:\/\/api.w.org\/{rel}","templated":true}]}}