{"id":2907,"date":"2020-04-20T10:50:32","date_gmt":"2020-04-20T08:50:32","guid":{"rendered":"https:\/\/www.proof.de\/?post_type=encyclopedia&#038;p=2907"},"modified":"2025-11-12T00:54:34","modified_gmt":"2025-11-11T23:54:34","slug":"kolorimetria-2","status":"publish","type":"encyclopedia","link":"http:\/\/blog.proofs.de\/hu\/lexikon\/farbmetrik\/","title":{"rendered":"Sz\u00ednm\u00e9r\u00e9s"},"content":{"rendered":"<div class=\"kk-star-ratings kksr-auto kksr-align-right kksr-valign-top\" data-payload='{\"align\":\"right\",\"id\":\"2907\",\"slug\":\"default\",\"valign\":\"top\",\"ignore\":\"\",\"reference\":\"auto\",\"class\":\"\",\"count\":\"0\",\"legendonly\":\"\",\"readonly\":\"\",\"score\":\"0\",\"starsonly\":\"\",\"best\":\"5\",\"gap\":\"5\",\"greet\":\"Jetzt bewerten\",\"legend\":\"0\\\/5 - (0 votes)\",\"size\":\"24\",\"title\":\"Farbmetrik\",\"width\":\"0\",\"_legend\":\"{score}\\\/{best} - ({count} {votes})\",\"font_factor\":\"1.25\"}'>\n            \n<div class=\"kksr-stars\">\n    \n<div class=\"kksr-stars-inactive\">\n            <div class=\"kksr-star\" data-star=\"1\" style=\"padding-right: 5px\">\n            \n\n<div class=\"kksr-icon\" style=\"width: 24px; height: 24px;\"><\/div>\n        <\/div>\n            <div class=\"kksr-star\" data-star=\"2\" style=\"padding-right: 5px\">\n            \n\n<div class=\"kksr-icon\" style=\"width: 24px; height: 24px;\"><\/div>\n        <\/div>\n            <div class=\"kksr-star\" data-star=\"3\" style=\"padding-right: 5px\">\n            \n\n<div class=\"kksr-icon\" style=\"width: 24px; height: 24px;\"><\/div>\n        <\/div>\n            <div class=\"kksr-star\" data-star=\"4\" style=\"padding-right: 5px\">\n            \n\n<div class=\"kksr-icon\" style=\"width: 24px; height: 24px;\"><\/div>\n        <\/div>\n            <div class=\"kksr-star\" data-star=\"5\" style=\"padding-right: 5px\">\n            \n\n<div class=\"kksr-icon\" style=\"width: 24px; height: 24px;\"><\/div>\n        <\/div>\n    <\/div>\n    \n<div class=\"kksr-stars-active\" style=\"width: 0px;\">\n            <div class=\"kksr-star\" style=\"padding-right: 5px\">\n            \n\n<div class=\"kksr-icon\" style=\"width: 24px; height: 24px;\"><\/div>\n        <\/div>\n            <div class=\"kksr-star\" style=\"padding-right: 5px\">\n            \n\n<div class=\"kksr-icon\" style=\"width: 24px; height: 24px;\"><\/div>\n        <\/div>\n            <div class=\"kksr-star\" style=\"padding-right: 5px\">\n            \n\n<div class=\"kksr-icon\" style=\"width: 24px; height: 24px;\"><\/div>\n        <\/div>\n            <div class=\"kksr-star\" style=\"padding-right: 5px\">\n            \n\n<div class=\"kksr-icon\" style=\"width: 24px; height: 24px;\"><\/div>\n        <\/div>\n            <div class=\"kksr-star\" style=\"padding-right: 5px\">\n            \n\n<div class=\"kksr-icon\" style=\"width: 24px; height: 24px;\"><\/div>\n        <\/div>\n    <\/div>\n<\/div>\n                \n\n<div class=\"kksr-legend\" style=\"font-size: 19.2px;\">\n            <span class=\"kksr-muted\">Szavazz most<\/span>\n    <\/div>\n    <\/div>\n<p>A kolorimetria vagy sz\u00ednelm\u00e9let a sz\u00ednek tudom\u00e1nya. A nyomtat\u00e1sban \u00e9s a <a href=\"http:\/\/blog.proofs.de\/hu\/lexikon\/proof\/\" target=\"_self\" title=\"A contract proof egy ISO 12647-7 tan\u00fas\u00edtv\u00e1nnyal rendelkez\u0151, a grafikai ipar sz\u00e1m\u00e1ra k\u00e9sz\u00fclt vizsg\u00e1l\u00f3eszk\u00f6z. A pr\u00f3banyomat az ISO-szabv\u00e1ny sz\u0171k t\u0171r\u00e9shat\u00e1rain bel\u00fcl sz\u00edn- \u00e9s jogilag k\u00f6telez\u0151 m\u00f3don szimul\u00e1lja az ofszet- vagy m\u00e9lynyom\u00f3g\u00e9pek sz\u00edness\u00e9g\u00e9t.\" class=\"encyclopedia\">Bizony\u00edt\u00e9k<\/a>-ter\u00fclet els\u0151sorban a sz\u00ednek le\u00edr\u00e1s\u00e1val \u00e9s m\u00e9r\u00e9s\u00e9vel foglalkozik.<\/p>\n<p>Ez mag\u00e1ban foglalja:<\/p>\n<ul>\n<li>az emberi szem \u00e9s az agy sz\u00edn\u00e9rz\u00e9kel\u00e9se<\/li>\n<li>a sz\u00ednek eredete az anyagokban<\/li>\n<li>a sz\u00ednek elm\u00e9lete a m\u0171v\u00e9szetben<\/li>\n<li>a l\u00e1that\u00f3 f\u00e9ny fizik\u00e1ja<\/li>\n<\/ul>\n<p>Ami itt fontos, az az objekt\u00edv \u00e9s m\u00e9rhet\u0151 \u00e9rt\u00e9kel\u00e9s \u00e9s D<a href=\"http:\/\/blog.proofs.de\/hu\/lexikon\/efi\/\" target=\"_self\" title=\"Az Electronics For Imaging Inc. vagy r\u00f6viden EFI egy amerikai v\u00e1llalat, a vil\u00e1g egyik vezet\u0151 proofing rendszer\u00e9nek, az EFI Colorproof XF-nek, 2013 \u00f3ta Fiery XF-nek a gy\u00e1rt\u00f3ja. Az EFI a nagym\u00e9ret\u0171 nyomtat\u00e1si rendszerek, RIP-ek \u00e9s sz\u00ednkezel\u00e9si megold\u00e1sok, p\u00e9ld\u00e1ul proofing megold\u00e1sok sz\u00e1ll\u00edt\u00f3ja.\" class=\"encyclopedia\">efi<\/a>a sz\u00ednvalenci\u00e1k meghat\u00e1roz\u00e1sa (a sz\u00ednek vizu\u00e1lis \u00e9rz\u00e9kel\u00e9se).<\/p>\n<p>A kolorimetria k\u00e9pezi az alapj\u00e1t a <a href=\"http:\/\/blog.proofs.de\/hu\/lexikon\/farbmanagement\/\" target=\"_self\" title=\"A sz\u00ednkezel\u00e9s c\u00e9lja annak biztos\u00edt\u00e1sa, hogy a sz\u00ednek a lehet\u0151 leghasonl\u00f3bb m\u00f3don jelenjenek meg a k\u00fcl\u00f6nb\u00f6z\u0151 eszk\u00f6z\u00f6k\u00f6n, p\u00e9ld\u00e1ul kamer\u00e1kon, szkennereken, monitorokon, l\u00e9zer-, tintasugaras \u00e9s ofszetnyomtat\u00f3kon \u00e9s m\u00e9g sok m\u00e1s eszk\u00f6z\u00f6n.\" class=\"encyclopedia\">Sz\u00ednkezel\u00e9s<\/a> a nyomdaiparban. C\u00e9lja, hogy a sz\u00ednek szubjekt\u00edv, \u201eemberi\u201c \u00e9rz\u00e9kel\u00e9s\u00e9t objekt\u00edv, \u201eszabv\u00e1nyos\u00edtott\u201c adatokkal helyettes\u00edtse. Ez biztos\u00edtja a sz\u00ednek k\u00f6vetkezetes \u00e9s reproduk\u00e1lhat\u00f3 reproduk\u00e1l\u00e1s\u00e1t, f\u00fcggetlen\u00fcl az eszk\u00f6zt\u0151l, a hordoz\u00f3t\u00f3l \u00e9s az elj\u00e1r\u00e1st\u00f3l.<\/p>\n<p>A sz\u00ednm\u00e9r\u00e9s biztos\u00edtja a sz\u00fcks\u00e9ges eszk\u00f6z\u00f6ket \u00e9s meghat\u00e1roz\u00e1sokat a sz\u00edninform\u00e1ci\u00f3k egy\u00e9rtelm\u0171 k\u00f6zl\u00e9s\u00e9hez.<\/p>\n<p>A nyomdai el\u0151k\u00e9sz\u00edt\u00e9sben alkalmazott sz\u00ednm\u00e9r\u00e9s k\u00f6z\u00e9ppontj\u00e1ban p\u00e9ld\u00e1ul a sz\u00ednterek fogalma \u00e1ll, k\u00fcl\u00f6n\u00f6sen a sz\u00ednt\u00e9r, a <a href=\"http:\/\/blog.proofs.de\/hu\/lexikon\/cielab\/\" target=\"_self\" title=\"A CIELAB sz\u00ednmodellt 1976-ban hat\u00e1rozta meg a Commission Internationale de l&#039;Eclairage, \u00e9s minden \u00e9rz\u00e9kelhet\u0151 sz\u00ednt le\u00edr. Ez az 1966-os Hunter-LAB sz\u00ednsk\u00e1la tov\u00e1bbfejleszt\u00e9se, \u00e9s egy olyan matematikai sz\u00ednmodell, amelyben egy t\u00e1rgy spektr\u00e1lis tulajdons\u00e1gai \u00e9s a l\u00e1t\u00f3rendszer\u00fcnk \u00e9rz\u00e9kel\u00e9si tulajdons\u00e1gai egym\u00e1shoz k\u00e9pest vannak eltolva. A CIELAB, vagy r\u00f6viden LAB, ma is sz\u00e9les k\u00f6rben haszn\u00e1latos....\" class=\"encyclopedia\">CIELab<\/a>*-<a href=\"http:\/\/blog.proofs.de\/hu\/lexikon\/farbraum\/\" target=\"_self\" title=\"A sz\u00ednt\u00e9r egy sz\u00ednmodellre \u00e9p\u00fcl, \u00e9s annak konkr\u00e9t alkalmaz\u00e1sa egy sz\u00ednel\u0151\u00e1ll\u00edt\u00e1si m\u00f3dszerre (nyomtat\u00f3, k\u00e9perny\u0151 stb.). Ez\u00e9rt tartalmazza az \u00f6sszes olyan sz\u00ednt, amely t\u00e9nylegesen megjelen\u00edthet\u0151 az adott m\u00f3dszerrel \u00e9s a megfelel\u0151 anyagokkal.\" class=\"encyclopedia\">Sz\u00ednt\u00e9r<\/a>s. Eszk\u00f6zf\u00fcggetlen referenciak\u00e9nt szolg\u00e1l.<a href=\"http:\/\/blog.proofs.de\/hu\/lexikon\/zfa\/\" target=\"_self\" title='A ZFA a &quot;Zentral Fachausschuss Berufsbildung Druck und Medien&quot; (K\u00f6zponti Szakk\u00e9pz\u00e9si Bizotts\u00e1g a nyomtat\u00e1s \u00e9s a m\u00e9dia ter\u00fclet\u00e9n). A ZFA bizotts\u00e1gokban dolgozik a digit\u00e1lis \u00e9s nyomtatott m\u00e9dia tervez\u0151i, valamint sz\u00e1mos m\u00e1s m\u00e9di\u00e1val kapcsolatos szakma vizsgak\u00e9rd\u00e9seinek kidolgoz\u00e1s\u00e1n.' class=\"encyclopedia\">zfa<\/a>sz\u00ednt\u00e9r. Az eszk\u00f6zf\u00fcgg\u0151 sz\u00ednterekkel ellent\u00e9tben, mint p\u00e9ld\u00e1ul a <a href=\"http:\/\/blog.proofs.de\/hu\/lexikon\/rgb\/\" target=\"_self\" title=\"Az RGB a piros, z\u00f6ld \u00e9s k\u00e9k sz\u00edneket jelenti. Az emberi sz\u00ednl\u00e1t\u00e1s ezeken a sz\u00edneken alapul.\" class=\"encyclopedia\">RGB<\/a> (monitorok eset\u00e9ben) vagy <a href=\"http:\/\/blog.proofs.de\/hu\/lexikon\/cmyk\/\" target=\"_self\" title='A CMYK a n\u00e9gy nyomdai sz\u00edn, a ci\u00e1n, a magenta, a s\u00e1rga \u00e9s a &quot;kulcs&quot; (fekete vagy fekete komponens) r\u00f6vid\u00edt\u00e9se.' class=\"encyclopedia\">CMYK<\/a> (nyomtat\u00e1shoz), amelyek csak a sz\u00ednek el\u0151\u00e1ll\u00edt\u00e1s\u00e1t \u00edrj\u00e1k le, a CIE<a href=\"http:\/\/blog.proofs.de\/hu\/lexikon\/lab\/\" target=\"_self\" title=\"A CIELAB vagy LAB egy matematikai sz\u00ednmodell, amely minden\u00fctt meghonosodott, ahol pontos sz\u00ednsz\u00e1m\u00edt\u00e1sra van sz\u00fcks\u00e9g. A sz\u00e1m\u00edt\u00f3g\u00e9pes sz\u00ednkezel\u00e9s \u00e1ltal\u00e1ban a CIELAB seg\u00edts\u00e9g\u00e9vel m\u0171k\u00f6dik.\" class=\"encyclopedia\">Laborat\u00f3rium<\/a> minden olyan sz\u00edn, amelyet az ember \u00e9rz\u00e9kelhet. Az L* (vil\u00e1goss\u00e1g), a* (v\u00f6r\u00f6s-z\u00f6ld) \u00e9s b* (s\u00e1rga-k\u00e9k) koordin\u00e1t\u00e1k seg\u00edts\u00e9g\u00e9vel minden sz\u00edn egy\u00e9rtelm\u0171en azonos\u00edthat\u00f3. Ez teszi az LAB-ot n\u00e9lk\u00fcl\u00f6zhetetlenn\u00e9 a sz\u00ednadatok vesztes\u00e9gmentes \u00e1tvitel\u00e9hez \u00e9s ford\u00edt\u00e1s\u00e1hoz a \u201esz\u00ednben r\u00e9sztvev\u0151k\u201c k\u00f6z\u00f6tt - a f\u00e9nyk\u00e9pez\u0151g\u00e9pt\u0151l a monitorig \u00e9s a pr\u00f3banyomtatv\u00e1nyt\u00f3l a nyomdag\u00e9pig.<\/p>\n<p>A kolorimetria egyik k\u00f6zponti alkalmaz\u00e1sa a k\u00f6vetkez\u0151k kisz\u00e1m\u00edt\u00e1sa <a href=\"http:\/\/blog.proofs.de\/hu\/lexikon\/farbabstand\/\" target=\"_self\" title=\"K\u00e9t sz\u00edn k\u00f6z\u00f6tt m\u00e9rt t\u00e1vols\u00e1g (sz\u00ednk\u00fcl\u00f6nbs\u00e9g). A k\u00e9t sz\u00edn\u00e9rt\u00e9k sz\u00ednhelye egy rendszeren bel\u00fcl jelenik meg, \u00e9s a k\u00fcl\u00f6nbs\u00e9g Delta-E-ben van felt\u00fcntetve.&nbsp;\" class=\"encyclopedia\">Sz\u00ednt\u00e1vols\u00e1g<\/a>s, amelyet DeltaE-nek (\u0394E) nevez\u00fcnk. A sz\u00ednk\u00fcl\u00f6nbs\u00e9g k\u00e9t sz\u00edn k\u00f6z\u00f6tti k\u00fcl\u00f6nbs\u00e9get \u00edrja le egy sz\u00e1mmal. A DeltaE76-hoz k\u00e9pest a modern formul\u00e1k, mint p\u00e9ld\u00e1ul a \u0394E00 (DeltaE2000), azt is figyelembe veszik, hogy az emberi sz\u00edn\u00e9rz\u00e9kel\u00e9s sajnos nem line\u00e1ris, hanem az \u201eazonos\u201c t\u00e1vols\u00e1got k\u00fcl\u00f6nb\u00f6z\u0151 ter\u00fcleteken k\u00fcl\u00f6nb\u00f6z\u0151k\u00e9ppen \u00e9rz\u00e9kelj\u00fck. A DeltaE00 lehet\u0151v\u00e9 teszi a sz\u00ednk\u00fcl\u00f6nbs\u00e9gek pontos \u00e9rt\u00e9kel\u00e9s\u00e9t.<\/p>\n<p>A nyomd\u00e1k min\u0151s\u00e9gbiztos\u00edt\u00e1sa vagy a nyomd\u00e1k min\u0151s\u00e9g\u00e9nek \u00e9rt\u00e9kel\u00e9se sor\u00e1n <a href=\"http:\/\/blog.proofs.de\/hu\/lexikon\/proofs\/\" target=\"_self\" title=\"A nyomdaiparban a pr\u00f3banyomatok (vagy pr\u00f3banyomatok) a nyomdai eredm\u00e9ny sz\u00ednhelyes \u00e9s jogilag k\u00f6telez\u0151 erej\u0171 szimul\u00e1ci\u00f3j\u00e1t jelentik ellen\u0151rz\u00e9si c\u00e9llal. A pr\u00f3banyomatok\u00e9rt felel\u0151s szabv\u00e1ny az ISO 12647-7:2016, azaz a 2016-os, aktu\u00e1lis fel\u00fclvizsg\u00e1lat.\" class=\"encyclopedia\">Bizony\u00edt\u00e9kok<\/a> a \u0394E-re k\u00fcl\u00f6nb\u00f6z\u0151 t\u0171r\u00e9shat\u00e1rokat \u00e1llap\u00edtanak meg, hogy a gy\u00e1rt\u00e1s megfeleljen a specifik\u00e1ci\u00f3knak, \u00e9s az \u00fcgyfelek megkapj\u00e1k az elv\u00e1rt sz\u00edneredm\u00e9nyt.<\/p>\n<p>A kolorimetria a k\u00f6vetkez\u0151kre is haszn\u00e1lhat\u00f3 <a href=\"http:\/\/blog.proofs.de\/hu\/lexikon\/metamerie\/\" target=\"_self\" title=\"A metamerizmus kifejez\u00e9s arra a hat\u00e1sra utal, hogy k\u00e9t dolog egy f\u00e9nyben ugyan\u00fagy n\u00e9zhet ki, de egy m\u00e1sik f\u00e9nyben teljesen m\u00e1sk\u00e9pp.\" class=\"encyclopedia\">Metamerizmus<\/a> a sz\u00ednek objekt\u00edv megragad\u00e1sa \u00e9s kezel\u00e9se. A metamerizmus az a hat\u00e1s, hogy k\u00e9t sz\u00edn egy bizonyos f\u00e9nyforr\u00e1sn\u00e1l azonosnak t\u0171nik, de egy m\u00e1sik f\u00e9nyforr\u00e1sn\u00e1l m\u00e1snak. A spektr\u00e1lis m\u00e9r\u00e9si adatok \u00e9s szabv\u00e1nyos\u00edtott f\u00e9nyviszonyok, mint p\u00e9ld\u00e1ul a <a href=\"http:\/\/blog.proofs.de\/hu\/lexikon\/d50\/\" target=\"_self\" title=\"A D50 a nyomdaipar szabv\u00e1nyos f\u00e9nye. A pr\u00f3banyomatokat csak D50-es szabv\u00e1nyos f\u00e9nyben lehet sz\u00ednhelyesen mint\u00e1zni,\" class=\"encyclopedia\">D50<\/a> - a <a href=\"http:\/\/blog.proofs.de\/hu\/lexikon\/normlicht\/\" target=\"_self\" title=\"A szabv\u00e1nyos\u00edtott f\u00e9ny olyan meghat\u00e1rozott f\u00e9nyviszonyokra utal, amelyek mellett a n\u00e9z\u0151k a nyomatokat vagy t\u00e1rgyakat egys\u00e9gesen tudj\u00e1k megtekinteni \u00e9s \u00e9rt\u00e9kelni. A legfontosabb szabv\u00e1nyos f\u00e9nyforr\u00e1s a nyomd\u00e1szok sz\u00e1m\u00e1ra a D50 (sz\u00ednh\u0151m\u00e9rs\u00e9klet: 5000 Kelvin).\" class=\"encyclopedia\">Szabv\u00e1nyos f\u00e9ny<\/a> a grafikai ipar sz\u00e1m\u00e1ra - a sz\u00ednm\u00e9r\u00e9s lehet\u0151v\u00e9 teszi a sz\u00ednek szabv\u00e1nyos\u00edtott \u00e9rt\u00e9kel\u00e9s\u00e9t. Ez k\u00fcl\u00f6n\u00f6sen fontos a pr\u00f3banyomtat\u00e1s ter\u00fclet\u00e9n annak biztos\u00edt\u00e1sa \u00e9rdek\u00e9ben, hogy a pr\u00f3banyomat \u00e9s a v\u00e9gleges nyomat azonos l\u00e1t\u00e1si k\u00f6r\u00fclm\u00e9nyek k\u00f6z\u00f6tt egyezzen meg, \u00e9s ne forduljanak el\u0151 v\u00e1ratlan sz\u00ednelt\u00e9r\u00e9sek.<\/p>\n<p>A kolorimetri\u00e1ban a legfontosabb <a href=\"http:\/\/blog.proofs.de\/hu\/lexikon\/spektralfotometer\/\" target=\"_self\" title=\"A spektrofotom\u00e9terek kiv\u00e1l\u00f3 min\u0151s\u00e9g\u0171 sz\u00ednm\u00e9r\u0151 eszk\u00f6z\u00f6k, amelyek b\u00e1rmilyen sz\u00ednt k\u00e9pesek m\u00e9rni \u00e9s pontosan le\u00edrni. A m\u00e9r\u0151eszk\u00f6z ezt \u00fagy \u00e9ri el, hogy a m\u00e9r\u0151fel\u00fcletet a l\u00e1that\u00f3 f\u00e9ny teljes spektrum\u00e1val megvil\u00e1g\u00edtja. Az egyes hull\u00e1mhosszak reflexi\u00f3s \u00e9rt\u00e9kei egy\u00fcttesen adj\u00e1k a m\u00e9rt \u00e9rt\u00e9ket, amelyet gyakran Lab (M0 \u00e9s M2 k\u00f6z\u00f6tt szabadon v\u00e1laszthat\u00f3 m\u00e9r\u00e9si m\u00f3d) form\u00e1ban adnak ki. A spektr\u00e1lis m\u00e9r\u00e9si \u00e9rt\u00e9kek azonban k\u00f6zvetlen\u00fcl is elmenthet\u0151k. A kiv\u00e1l\u00f3 min\u0151s\u00e9g\u0171 pr\u00f3banyomtat\u00f3k saj\u00e1t spektrofotom\u00e9terrel rendelkeznek, \u00edgy a nyomtat\u00e1s k\u00f6zvetlen\u00fcl ellen\u0151rizhet\u0151.\" class=\"encyclopedia\">Spektrofotom\u00e9ter<\/a> haszn\u00e1latra. Ezek az eszk\u00f6z\u00f6k r\u00f6gz\u00edtik a visszavert <a href=\"http:\/\/blog.proofs.de\/hu\/lexikon\/spektrum\/\" target=\"_self\" title='A kolorimetri\u00e1ban a &quot;spektrum&quot; kifejez\u00e9s a l\u00e1that\u00f3 f\u00e9ny tartom\u00e1ny\u00e1ban tal\u00e1lhat\u00f3 sz\u00ednek \u00f6sszess\u00e9g\u00e9t jelenti. A l\u00e1that\u00f3 f\u00e9ny spektruma k\u00f6r\u00fclbel\u00fcl 380 nanom\u00e9tert\u0151l (nm) 750 nm-ig terjed. Ez mag\u00e1ban foglalja a k\u00fcl\u00f6nb\u00f6z\u0151 sz\u00edn\u00e1rnyalatokat, amelyeket akkor \u00e9rz\u00e9kelhet\u00fcnk, amikor a f\u00e9ny egy prizm\u00e1n kereszt\u00fcl megt\u00f6rik, vagy visszaver\u0151dik egy optikai k\u00f6zegr\u0151l, p\u00e9ld\u00e1ul egy k\u00e9perny\u0151r\u0151l.' class=\"encyclopedia\">Spektrum<\/a> egy sz\u00ednt, azaz azt m\u00e9rik, hogy az egyes l\u00e1that\u00f3 hull\u00e1mhosszakon mennyi f\u00e9nyt ver vissza. E spektr\u00e1lis m\u00e9r\u00e9sek alapj\u00e1n <a href=\"http:\/\/blog.proofs.de\/hu\/lexikon\/icc\/\" target=\"_self\" title=\"A Nemzetk\u00f6zi Sz\u00ednkonzorcium, r\u00f6viden ICC, a sz\u00ednprofilok szabv\u00e1nyos\u00edt\u00e1s\u00e1\u00e9rt felel\u0151s nemzetk\u00f6zi bizotts\u00e1g.&nbsp;\" class=\"encyclopedia\">ICC<\/a>-profilok, amelyek a bemeneti \u00e9s kimeneti eszk\u00f6z\u00f6k sz\u00ednviselked\u00e9s\u00e9t \u00edrj\u00e1k le. Ezek a profilok a bemeneti eszk\u00f6z, p\u00e9ld\u00e1ul egy f\u00e9nyk\u00e9pez\u0151g\u00e9p sz\u00ednter\u00e9t leford\u00edtj\u00e1k a c\u00e9leszk\u00f6z, p\u00e9ld\u00e1ul egy nyomtat\u00f3 vagy nyomtat\u00e1si folyamat sz\u00ednter\u00e9re. Ez biztos\u00edtja a lehet\u0151 legjobb sz\u00ednh\u0171s\u00e9get a teljes gy\u00e1rt\u00e1si folyamat sor\u00e1n.<\/p>","protected":false},"excerpt":{"rendered":"<p>A kolorimetria vagy sz\u00ednelm\u00e9let a sz\u00ednek tudom\u00e1nya.<br \/>\nA kolorimetria els\u0151sorban a sz\u00edn\u00e9rt\u00e9kek (a sz\u00ednek vizu\u00e1lis \u00e9rz\u00e9kel\u00e9se) \u00e9s a k\u00f6zt\u00fck l\u00e9v\u0151 kapcsolatok objekt\u00edv \u00e9s m\u00e9rhet\u0151 \u00e9rt\u00e9kel\u00e9s\u00e9vel \u00e9s meghat\u00e1roz\u00e1s\u00e1val foglalkozik.<\/p>","protected":false},"author":2,"featured_media":0,"comment_status":"open","ping_status":"open","template":"","meta":{"om_disable_all_campaigns":false,"inline_featured_image":false,"_monsterinsights_skip_tracking":false,"footnotes":""},"class_list":["post-2907","encyclopedia","type-encyclopedia","status-publish","hentry","no-featured-image-padding"],"aioseo_notices":[],"aioseo_head":"\n\t\t<!-- All in One SEO 5.0.1.1 - aioseo.com -->\n\t<meta name=\"description\" content=\"Die Farbmetrik, oder Farblehre, ist die Wissenschaft von der Farbe. In ihr geht es um eine objektive Bewertung von Farbvalenzen sowie deren Beziehungen.\" \/>\n\t<meta name=\"robots\" content=\"max-image-preview:large\" \/>\n\t<meta name=\"author\" content=\"Matthias Betz\"\/>\n\t<meta name=\"google-site-verification\" content=\"TuXxyRwxcEg2-WfOaQ8vScWQh3-uBAnxXmY7g3GT90A\" \/>\n\t<link rel=\"canonical\" href=\"http:\/\/blog.proofs.de\/hu\/lexikon\/farbmetrik\/\" \/>\n\t<meta name=\"generator\" content=\"All in One SEO (AIOSEO) 5.0.1.1\" \/>\n\n\t\t<meta name=\"seobility\" content=\"593a8578143db71543f014978c690d47\">\n\t\t<meta property=\"og:locale\" content=\"hu_HU\" \/>\n\t\t<meta property=\"og:site_name\" content=\"Proof.de | Alles zu Proof, Farbmanagement, Grafik, Messtechnik &amp; Co.\" \/>\n\t\t<meta property=\"og:type\" content=\"article\" \/>\n\t\t<meta property=\"og:title\" content=\"Farbmetrik bzw. Farblehre | Lexikon | proof.de\" \/>\n\t\t<meta property=\"og:description\" content=\"Die Farbmetrik, oder Farblehre, ist die Wissenschaft von der Farbe. In ihr geht es um eine objektive Bewertung von Farbvalenzen sowie deren Beziehungen.\" \/>\n\t\t<meta property=\"og:url\" content=\"http:\/\/blog.proofs.de\/hu\/lexikon\/farbmetrik\/\" \/>\n\t\t<meta property=\"og:image\" content=\"http:\/\/blog1.proofen.de\/wp-content\/uploads\/2020\/04\/proof_background.jpg\" \/>\n\t\t<meta property=\"article:published_time\" content=\"2020-04-20T08:50:32+00:00\" \/>\n\t\t<meta property=\"article:modified_time\" content=\"2025-11-11T23:54:34+00:00\" \/>\n\t\t<meta property=\"article:publisher\" content=\"https:\/\/www.facebook.com\/Proof.de\/\" \/>\n\t\t<meta name=\"twitter:card\" content=\"summary\" \/>\n\t\t<meta name=\"twitter:title\" content=\"Farbmetrik bzw. Farblehre | Lexikon | proof.de\" \/>\n\t\t<meta name=\"twitter:description\" content=\"Die Farbmetrik, oder Farblehre, ist die Wissenschaft von der Farbe. In ihr geht es um eine objektive Bewertung von Farbvalenzen sowie deren Beziehungen.\" \/>\n\t\t<meta name=\"twitter:image\" content=\"https:\/\/blog1.proofen.de\/wp-content\/uploads\/2020\/04\/proof_background.jpg\" \/>\n\t\t<script type=\"application\/ld+json\" class=\"aioseo-schema\">\n\t\t\t{\"@context\":\"https:\\\/\\\/schema.org\",\"@graph\":[{\"@type\":\"BreadcrumbList\",\"@id\":\"http:\\\/\\\/blog.proofs.de\\\/hu\\\/lexikon\\\/farbmetrik\\\/#breadcrumblist\",\"itemListElement\":[{\"@type\":\"ListItem\",\"@id\":\"http:\\\/\\\/blog.proofs.de\\\/hu#listItem\",\"position\":1,\"name\":\"Home\",\"item\":\"http:\\\/\\\/blog.proofs.de\\\/hu\",\"nextItem\":{\"@type\":\"ListItem\",\"@id\":\"http:\\\/\\\/blog.proofs.de\\\/hu\\\/lexikon\\\/#listItem\",\"name\":\"Lexikon\"}},{\"@type\":\"ListItem\",\"@id\":\"http:\\\/\\\/blog.proofs.de\\\/hu\\\/lexikon\\\/#listItem\",\"position\":2,\"name\":\"Lexikon\",\"item\":\"http:\\\/\\\/blog.proofs.de\\\/hu\\\/lexikon\\\/\",\"nextItem\":{\"@type\":\"ListItem\",\"@id\":\"http:\\\/\\\/blog.proofs.de\\\/hu\\\/lexikon\\\/farbmetrik\\\/#listItem\",\"name\":\"Farbmetrik\"},\"previousItem\":{\"@type\":\"ListItem\",\"@id\":\"http:\\\/\\\/blog.proofs.de\\\/hu#listItem\",\"name\":\"Home\"}},{\"@type\":\"ListItem\",\"@id\":\"http:\\\/\\\/blog.proofs.de\\\/hu\\\/lexikon\\\/farbmetrik\\\/#listItem\",\"position\":3,\"name\":\"Farbmetrik\",\"previousItem\":{\"@type\":\"ListItem\",\"@id\":\"http:\\\/\\\/blog.proofs.de\\\/hu\\\/lexikon\\\/#listItem\",\"name\":\"Lexikon\"}}]},{\"@type\":\"Organization\",\"@id\":\"http:\\\/\\\/blog.proofs.de\\\/hu\\\/#organization\",\"name\":\"Proof GmbH\",\"description\":\"Farbverbindlicher Proof, Farbproof, Digitalproof und Online-Proof.\",\"url\":\"http:\\\/\\\/blog.proofs.de\\\/hu\\\/\",\"telephone\":\"+4970717952740\",\"logo\":{\"@type\":\"ImageObject\",\"url\":\"https:\\\/\\\/blog1.proofen.de\\\/wp-content\\\/uploads\\\/2019\\\/09\\\/logo_proof_rgb_mit_balken_250px.png\",\"@id\":\"http:\\\/\\\/blog.proofs.de\\\/hu\\\/lexikon\\\/farbmetrik\\\/#organizationLogo\"},\"image\":{\"@id\":\"http:\\\/\\\/blog.proofs.de\\\/hu\\\/lexikon\\\/farbmetrik\\\/#organizationLogo\"},\"sameAs\":[\"https:\\\/\\\/www.facebook.com\\\/Proof.de\\\/\",\"https:\\\/\\\/www.instagram.com\\\/proof.de\\\/\",\"https:\\\/\\\/www.tiktok.com\\\/@proof_de\",\"https:\\\/\\\/www.youtube.com\\\/channel\\\/UCk80fQVQ25wC9wu3SywB-Nw\",\"https:\\\/\\\/www.linkedin.com\\\/company\\\/proof-de\"]},{\"@type\":\"Person\",\"@id\":\"http:\\\/\\\/blog.proofs.de\\\/hu\\\/author\\\/mbetz\\\/#author\",\"url\":\"http:\\\/\\\/blog.proofs.de\\\/hu\\\/author\\\/mbetz\\\/\",\"name\":\"Matthias Betz\",\"image\":{\"@type\":\"ImageObject\",\"@id\":\"http:\\\/\\\/blog.proofs.de\\\/hu\\\/lexikon\\\/farbmetrik\\\/#authorImage\",\"url\":\"https:\\\/\\\/blog.proofs.de\\\/wp-content\\\/uploads\\\/2020\\\/10\\\/matthias-betz-e1603934518350-150x150.png\",\"width\":96,\"height\":96,\"caption\":\"Matthias Betz\"}},{\"@type\":\"WebPage\",\"@id\":\"http:\\\/\\\/blog.proofs.de\\\/hu\\\/lexikon\\\/farbmetrik\\\/#webpage\",\"url\":\"http:\\\/\\\/blog.proofs.de\\\/hu\\\/lexikon\\\/farbmetrik\\\/\",\"name\":\"Farbmetrik bzw. Farblehre | Lexikon | proof.de\",\"description\":\"Die Farbmetrik, oder Farblehre, ist die Wissenschaft von der Farbe. In ihr geht es um eine objektive Bewertung von Farbvalenzen sowie deren Beziehungen.\",\"inLanguage\":\"hu-HU\",\"isPartOf\":{\"@id\":\"http:\\\/\\\/blog.proofs.de\\\/hu\\\/#website\"},\"breadcrumb\":{\"@id\":\"http:\\\/\\\/blog.proofs.de\\\/hu\\\/lexikon\\\/farbmetrik\\\/#breadcrumblist\"},\"author\":{\"@id\":\"http:\\\/\\\/blog.proofs.de\\\/hu\\\/author\\\/mbetz\\\/#author\"},\"creator\":{\"@id\":\"http:\\\/\\\/blog.proofs.de\\\/hu\\\/author\\\/mbetz\\\/#author\"},\"datePublished\":\"2020-04-20T10:50:32+02:00\",\"dateModified\":\"2025-11-12T00:54:34+01:00\"},{\"@type\":\"WebSite\",\"@id\":\"http:\\\/\\\/blog.proofs.de\\\/hu\\\/#website\",\"url\":\"http:\\\/\\\/blog.proofs.de\\\/hu\\\/\",\"name\":\"Proof.de\",\"description\":\"Farbverbindlicher Proof, Farbproof, Digitalproof und Online-Proof.\",\"inLanguage\":\"hu-HU\",\"publisher\":{\"@id\":\"http:\\\/\\\/blog.proofs.de\\\/hu\\\/#organization\"}}]}\n\t\t<\/script>\n\t\t<!-- All in One SEO -->\n\n","aioseo_head_json":{"title":"Sz\u00ednm\u00e9r\u00e9s vagy sz\u00ednelm\u00e9let | Lexicon | proof.de","description":"A kolorimetria vagy sz\u00ednelm\u00e9let a sz\u00ednek tudom\u00e1nya. A sz\u00edn\u00e9rt\u00e9kek \u00e9s azok \u00f6sszef\u00fcgg\u00e9seinek objekt\u00edv \u00e9rt\u00e9kel\u00e9s\u00e9vel foglalkozik.","canonical_url":"http:\/\/blog.proofs.de\/hu\/lexikon\/farbmetrik\/","robots":"max-image-preview:large","keywords":"","webmasterTools":{"google-site-verification":"TuXxyRwxcEg2-WfOaQ8vScWQh3-uBAnxXmY7g3GT90A","miscellaneous":"&lt;meta name=\"seobility\" content=\"593a8578143db71543f014978c690d47\"&gt;"},"schema":{"@context":"https:\/\/schema.org","@graph":[{"@type":"BreadcrumbList","@id":"http:\/\/blog.proofs.de\/hu\/lexikon\/farbmetrik\/#breadcrumblist","itemListElement":[{"@type":"ListItem","@id":"http:\/\/blog.proofs.de\/hu#listItem","position":1,"name":"Home","item":"http:\/\/blog.proofs.de\/hu","nextItem":{"@type":"ListItem","@id":"http:\/\/blog.proofs.de\/hu\/lexikon\/#listItem","name":"Lexikon"}},{"@type":"ListItem","@id":"http:\/\/blog.proofs.de\/hu\/lexikon\/#listItem","position":2,"name":"Lexikon","item":"http:\/\/blog.proofs.de\/hu\/lexikon\/","nextItem":{"@type":"ListItem","@id":"http:\/\/blog.proofs.de\/hu\/lexikon\/farbmetrik\/#listItem","name":"Farbmetrik"},"previousItem":{"@type":"ListItem","@id":"http:\/\/blog.proofs.de\/hu#listItem","name":"Home"}},{"@type":"ListItem","@id":"http:\/\/blog.proofs.de\/hu\/lexikon\/farbmetrik\/#listItem","position":3,"name":"Farbmetrik","previousItem":{"@type":"ListItem","@id":"http:\/\/blog.proofs.de\/hu\/lexikon\/#listItem","name":"Lexikon"}}]},{"@type":"Organization","@id":"http:\/\/blog.proofs.de\/hu\/#organization","name":"Proof GmbH","description":"Farbverbindlicher Proof, Farbproof, Digitalproof und Online-Proof.","url":"http:\/\/blog.proofs.de\/hu\/","telephone":"+4970717952740","logo":{"@type":"ImageObject","url":"https:\/\/blog1.proofen.de\/wp-content\/uploads\/2019\/09\/logo_proof_rgb_mit_balken_250px.png","@id":"http:\/\/blog.proofs.de\/hu\/lexikon\/farbmetrik\/#organizationLogo"},"image":{"@id":"http:\/\/blog.proofs.de\/hu\/lexikon\/farbmetrik\/#organizationLogo"},"sameAs":["https:\/\/www.facebook.com\/Proof.de\/","https:\/\/www.instagram.com\/proof.de\/","https:\/\/www.tiktok.com\/@proof_de","https:\/\/www.youtube.com\/channel\/UCk80fQVQ25wC9wu3SywB-Nw","https:\/\/www.linkedin.com\/company\/proof-de"]},{"@type":"Person","@id":"http:\/\/blog.proofs.de\/hu\/author\/mbetz\/#author","url":"http:\/\/blog.proofs.de\/hu\/author\/mbetz\/","name":"Matthias Betz","image":{"@type":"ImageObject","@id":"http:\/\/blog.proofs.de\/hu\/lexikon\/farbmetrik\/#authorImage","url":"https:\/\/blog.proofs.de\/wp-content\/uploads\/2020\/10\/matthias-betz-e1603934518350-150x150.png","width":96,"height":96,"caption":"Matthias Betz"}},{"@type":"WebPage","@id":"http:\/\/blog.proofs.de\/hu\/lexikon\/farbmetrik\/#webpage","url":"http:\/\/blog.proofs.de\/hu\/lexikon\/farbmetrik\/","name":"Farbmetrik bzw. Farblehre | Lexikon | proof.de","description":"Die Farbmetrik, oder Farblehre, ist die Wissenschaft von der Farbe. In ihr geht es um eine objektive Bewertung von Farbvalenzen sowie deren Beziehungen.","inLanguage":"hu-HU","isPartOf":{"@id":"http:\/\/blog.proofs.de\/hu\/#website"},"breadcrumb":{"@id":"http:\/\/blog.proofs.de\/hu\/lexikon\/farbmetrik\/#breadcrumblist"},"author":{"@id":"http:\/\/blog.proofs.de\/hu\/author\/mbetz\/#author"},"creator":{"@id":"http:\/\/blog.proofs.de\/hu\/author\/mbetz\/#author"},"datePublished":"2020-04-20T10:50:32+02:00","dateModified":"2025-11-12T00:54:34+01:00"},{"@type":"WebSite","@id":"http:\/\/blog.proofs.de\/hu\/#website","url":"http:\/\/blog.proofs.de\/hu\/","name":"Proof.de","description":"Farbverbindlicher Proof, Farbproof, Digitalproof und Online-Proof.","inLanguage":"hu-HU","publisher":{"@id":"http:\/\/blog.proofs.de\/hu\/#organization"}}]},"og:locale":"hu_HU","og:site_name":"Proof.de | Alles zu Proof, Farbmanagement, Grafik, Messtechnik &amp; Co.","og:type":"article","og:title":"Farbmetrik bzw. Farblehre | Lexikon | proof.de","og:description":"Die Farbmetrik, oder Farblehre, ist die Wissenschaft von der Farbe. In ihr geht es um eine objektive Bewertung von Farbvalenzen sowie deren Beziehungen.","og:url":"http:\/\/blog.proofs.de\/hu\/lexikon\/farbmetrik\/","og:image":"http:\/\/blog1.proofen.de\/wp-content\/uploads\/2020\/04\/proof_background.jpg","article:published_time":"2020-04-20T08:50:32+00:00","article:modified_time":"2025-11-11T23:54:34+00:00","article:publisher":"https:\/\/www.facebook.com\/Proof.de\/","twitter:card":"summary","twitter:title":"Farbmetrik bzw. Farblehre | Lexikon | proof.de","twitter:description":"Die Farbmetrik, oder Farblehre, ist die Wissenschaft von der Farbe. In ihr geht es um eine objektive Bewertung von Farbvalenzen sowie deren Beziehungen.","twitter:image":"https:\/\/blog1.proofen.de\/wp-content\/uploads\/2020\/04\/proof_background.jpg"},"aioseo_meta_data":{"post_id":"2907","title":"#post_title bzw. Farblehre | Lexikon | proof.de","description":"A kolorimetria vagy sz\u00ednelm\u00e9let a sz\u00ednek tudom\u00e1nya. A sz\u00edn\u00e9rt\u00e9kek \u00e9s azok \u00f6sszef\u00fcgg\u00e9seinek objekt\u00edv \u00e9rt\u00e9kel\u00e9s\u00e9vel foglalkozik.","keywords":null,"keyphrases":{"focus":{"keyphrase":"Farbmetrik","score":100,"analysis":{"keyphraseInTitle":{"score":9,"maxScore":9,"error":0},"keyphraseInDescription":{"score":9,"maxScore":9,"error":0},"keyphraseLength":{"score":9,"maxScore":9,"error":0,"length":1},"keyphraseInURL":{"score":5,"maxScore":5,"error":0},"keyphraseInIntroduction":{"score":9,"maxScore":9,"error":0},"keyphraseInSubHeadings":[],"keyphraseInImageAlt":[],"keywordDensity":{"type":"best","score":9,"maxScore":9,"error":0}}},"additional":[]},"primary_term":null,"canonical_url":null,"og_title":null,"og_description":null,"og_object_type":"default","og_image_type":"default","og_image_url":null,"og_image_width":null,"og_image_height":null,"og_image_custom_url":null,"og_image_custom_fields":null,"og_video":"","og_custom_url":null,"og_article_section":null,"og_article_tags":null,"twitter_use_og":false,"twitter_card":"default","twitter_image_type":"default","twitter_image_url":null,"twitter_image_custom_url":null,"twitter_image_custom_fields":null,"twitter_title":null,"twitter_description":null,"schema":{"blockGraphs":[],"customGraphs":[],"default":{"data":{"Article":[],"Course":[],"Dataset":[],"FAQPage":[],"Movie":[],"Person":[],"Product":[],"ProductReview":[],"Car":[],"Recipe":[],"Service":[],"SoftwareApplication":[],"WebPage":[]},"graphName":"WebPage","isEnabled":true},"graphs":[],"defaultGraph":"WebPage","defaultPostTypeGraph":""},"schema_type":"default","schema_type_options":"{\"article\":{\"articleType\":\"BlogPosting\"},\"course\":{\"name\":\"\",\"description\":\"\",\"provider\":\"\"},\"faq\":{\"pages\":[]},\"product\":{\"reviews\":[]},\"recipe\":{\"ingredients\":[],\"instructions\":[],\"keywords\":[]},\"software\":{\"reviews\":[],\"operatingSystems\":[]},\"webPage\":{\"webPageType\":\"WebPage\"}}","pillar_content":false,"robots_default":true,"robots_noindex":false,"robots_noarchive":false,"robots_nosnippet":false,"robots_nofollow":false,"robots_noimageindex":false,"robots_noodp":false,"robots_notranslate":false,"robots_max_snippet":"-1","robots_max_videopreview":"-1","robots_max_imagepreview":"large","priority":null,"frequency":"default","local_seo":null,"breadcrumb_settings":null,"limit_modified_date":false,"ai":{"faqs":[],"keyPoints":[],"titles":[],"descriptions":[],"socialPosts":{"email":[],"linkedin":[],"twitter":[],"facebook":[],"instagram":[]}},"created":"2020-12-21 00:32:57","updated":"2025-11-12 00:05:19","seo_analyzer_scan_date":null,"focus_keyword":"Farbmetrik","additional_keywords":null,"truseo_locale":null},"_links":{"self":[{"href":"http:\/\/blog.proofs.de\/hu\/wp-json\/wp\/v2\/encyclopedia\/2907","targetHints":{"allow":["GET"]}}],"collection":[{"href":"http:\/\/blog.proofs.de\/hu\/wp-json\/wp\/v2\/encyclopedia"}],"about":[{"href":"http:\/\/blog.proofs.de\/hu\/wp-json\/wp\/v2\/types\/encyclopedia"}],"author":[{"embeddable":true,"href":"http:\/\/blog.proofs.de\/hu\/wp-json\/wp\/v2\/users\/2"}],"replies":[{"embeddable":true,"href":"http:\/\/blog.proofs.de\/hu\/wp-json\/wp\/v2\/comments?post=2907"}],"version-history":[{"count":5,"href":"http:\/\/blog.proofs.de\/hu\/wp-json\/wp\/v2\/encyclopedia\/2907\/revisions"}],"predecessor-version":[{"id":6298,"href":"http:\/\/blog.proofs.de\/hu\/wp-json\/wp\/v2\/encyclopedia\/2907\/revisions\/6298"}],"wp:attachment":[{"href":"http:\/\/blog.proofs.de\/hu\/wp-json\/wp\/v2\/media?parent=2907"}],"curies":[{"name":"wp","href":"https:\/\/api.w.org\/{rel}","templated":true}]}}