{"id":3876,"date":"2020-04-28T16:11:32","date_gmt":"2020-04-28T14:11:32","guid":{"rendered":"https:\/\/www.proof.de\/?post_type=encyclopedia&#038;p=3876"},"modified":"2024-06-23T01:39:22","modified_gmt":"2024-06-22T23:39:22","slug":"kolorimeter-2","status":"publish","type":"encyclopedia","link":"http:\/\/blog.proofs.de\/hu\/lexikon\/colorimeter\/","title":{"rendered":"Sz\u00ednm\u00e9r\u0151"},"content":{"rendered":"<div class=\"kk-star-ratings kksr-auto kksr-align-right kksr-valign-top\" data-payload='{\"align\":\"right\",\"id\":\"3876\",\"slug\":\"default\",\"valign\":\"top\",\"ignore\":\"\",\"reference\":\"auto\",\"class\":\"\",\"count\":\"0\",\"legendonly\":\"\",\"readonly\":\"\",\"score\":\"0\",\"starsonly\":\"\",\"best\":\"5\",\"gap\":\"5\",\"greet\":\"Jetzt bewerten\",\"legend\":\"0\\\/5 - (0 votes)\",\"size\":\"24\",\"title\":\"Colorimeter\",\"width\":\"0\",\"_legend\":\"{score}\\\/{best} - ({count} {votes})\",\"font_factor\":\"1.25\"}'>\n            \n<div class=\"kksr-stars\">\n    \n<div class=\"kksr-stars-inactive\">\n            <div class=\"kksr-star\" data-star=\"1\" style=\"padding-right: 5px\">\n            \n\n<div class=\"kksr-icon\" style=\"width: 24px; height: 24px;\"><\/div>\n        <\/div>\n            <div class=\"kksr-star\" data-star=\"2\" style=\"padding-right: 5px\">\n            \n\n<div class=\"kksr-icon\" style=\"width: 24px; height: 24px;\"><\/div>\n        <\/div>\n            <div class=\"kksr-star\" data-star=\"3\" style=\"padding-right: 5px\">\n            \n\n<div class=\"kksr-icon\" style=\"width: 24px; height: 24px;\"><\/div>\n        <\/div>\n            <div class=\"kksr-star\" data-star=\"4\" style=\"padding-right: 5px\">\n            \n\n<div class=\"kksr-icon\" style=\"width: 24px; height: 24px;\"><\/div>\n        <\/div>\n            <div class=\"kksr-star\" data-star=\"5\" style=\"padding-right: 5px\">\n            \n\n<div class=\"kksr-icon\" style=\"width: 24px; height: 24px;\"><\/div>\n        <\/div>\n    <\/div>\n    \n<div class=\"kksr-stars-active\" style=\"width: 0px;\">\n            <div class=\"kksr-star\" style=\"padding-right: 5px\">\n            \n\n<div class=\"kksr-icon\" style=\"width: 24px; height: 24px;\"><\/div>\n        <\/div>\n            <div class=\"kksr-star\" style=\"padding-right: 5px\">\n            \n\n<div class=\"kksr-icon\" style=\"width: 24px; height: 24px;\"><\/div>\n        <\/div>\n            <div class=\"kksr-star\" style=\"padding-right: 5px\">\n            \n\n<div class=\"kksr-icon\" style=\"width: 24px; height: 24px;\"><\/div>\n        <\/div>\n            <div class=\"kksr-star\" style=\"padding-right: 5px\">\n            \n\n<div class=\"kksr-icon\" style=\"width: 24px; height: 24px;\"><\/div>\n        <\/div>\n            <div class=\"kksr-star\" style=\"padding-right: 5px\">\n            \n\n<div class=\"kksr-icon\" style=\"width: 24px; height: 24px;\"><\/div>\n        <\/div>\n    <\/div>\n<\/div>\n                \n\n<div class=\"kksr-legend\" style=\"font-size: 19.2px;\">\n            <span class=\"kksr-muted\">Szavazz most<\/span>\n    <\/div>\n    <\/div>\n<p>A vil\u00e1g <a href=\"http:\/\/blog.proofs.de\/hu\/lexikon\/farbmessung\/\" target=\"_self\" title=\"A sz\u00ednm\u00e9r\u00e9s egy sz\u00edn pontos sz\u00ednhely\u00e9nek meghat\u00e1roz\u00e1s\u00e1ra szolg\u00e1l egy sz\u00ednrendszerben.\" class=\"encyclopedia\">Sz\u00ednm\u00e9r\u00e9s<\/a> j\u00e1tszanak sz\u00ednm\u00e9r\u0151vel \u00e9s <a href=\"http:\/\/blog.proofs.de\/hu\/lexikon\/spektralfotometer\/\" target=\"_self\" title=\"A spektrofotom\u00e9terek kiv\u00e1l\u00f3 min\u0151s\u00e9g\u0171 sz\u00ednm\u00e9r\u0151 eszk\u00f6z\u00f6k, amelyek b\u00e1rmilyen sz\u00ednt k\u00e9pesek m\u00e9rni \u00e9s pontosan le\u00edrni. A m\u00e9r\u0151eszk\u00f6z ezt \u00fagy \u00e9ri el, hogy a m\u00e9r\u0151fel\u00fcletet a l\u00e1that\u00f3 f\u00e9ny teljes spektrum\u00e1val megvil\u00e1g\u00edtja. Az egyes hull\u00e1mhosszak reflexi\u00f3s \u00e9rt\u00e9kei egy\u00fcttesen adj\u00e1k a m\u00e9rt \u00e9rt\u00e9ket, amelyet gyakran Lab (M0 \u00e9s M2 k\u00f6z\u00f6tt szabadon v\u00e1laszthat\u00f3 m\u00e9r\u00e9si m\u00f3d) form\u00e1ban adnak ki. A spektr\u00e1lis m\u00e9r\u00e9si \u00e9rt\u00e9kek azonban k\u00f6zvetlen\u00fcl is elmenthet\u0151k. A kiv\u00e1l\u00f3 min\u0151s\u00e9g\u0171 pr\u00f3banyomtat\u00f3k saj\u00e1t spektrofotom\u00e9terrel rendelkeznek, \u00edgy a nyomtat\u00e1s k\u00f6zvetlen\u00fcl ellen\u0151rizhet\u0151.\" class=\"encyclopedia\">Spektrofotom\u00e9ter<\/a> d\u00f6nt\u0151 szerepet j\u00e1tszik. A kolorim\u00e9ter egy <a href=\"http:\/\/blog.proofs.de\/hu\/lexikon\/farbmessgeraet\/\" target=\"_self\" title=\"Egy sz\u00edn sz\u00ednhelyzet m\u00e9r\u00e9s\u00e9re szolg\u00e1l\u00f3 eszk\u00f6z\u00f6k, seg\u00edt a megl\u00e9v\u0151 sz\u00edn sz\u00edn\u00e9rt\u00e9kek meghat\u00e1roz\u00e1s\u00e1ban.\" class=\"encyclopedia\">Sz\u00ednm\u00e9r\u0151<\/a> a sz\u00ednek m\u00e9r\u00e9s\u00e9re \u00e9s \u00f6sszehasonl\u00edt\u00e1s\u00e1ra. Gyakran haszn\u00e1lj\u00e1k monitorok kalibr\u00e1l\u00e1s\u00e1ra vagy a biol\u00f3gi\u00e1ban\/k\u00e9mia ter\u00fclet\u00e9n elemz\u00e9sekhez. A kifinomultabb eszk\u00f6z\u00f6k, mint p\u00e9ld\u00e1ul a <a href=\"http:\/\/blog.proofs.de\/hu\/lexikon\/spektralphotometer\/\" target=\"_self\" title=\"A spektrofotom\u00e9terek kiv\u00e1l\u00f3 min\u0151s\u00e9g\u0171 sz\u00ednm\u00e9r\u0151 eszk\u00f6z\u00f6k, amelyek b\u00e1rmilyen sz\u00ednt k\u00e9pesek m\u00e9rni \u00e9s pontosan le\u00edrni. A m\u00e9r\u0151eszk\u00f6z ezt \u00fagy \u00e9ri el, hogy a m\u00e9r\u0151fel\u00fcletet a l\u00e1that\u00f3 f\u00e9ny teljes spektrum\u00e1val megvil\u00e1g\u00edtja. Az egyes hull\u00e1mhosszak reflexi\u00f3s \u00e9rt\u00e9kei egy\u00fcttesen adj\u00e1k a m\u00e9rt \u00e9rt\u00e9ket, amelyet gyakran Lab (M0 \u00e9s M2 k\u00f6z\u00f6tt szabadon v\u00e1laszthat\u00f3 m\u00e9r\u00e9si m\u00f3d) form\u00e1ban adnak ki. A spektr\u00e1lis m\u00e9rt \u00e9rt\u00e9kek azonban k\u00f6zvetlen\u00fcl is elmenthet\u0151k. A kiv\u00e1l\u00f3 min\u0151s\u00e9g\u0171 pr\u00f3banyomtat\u00f3k saj\u00e1t spektrofotom\u00e9terrel rendelkeznek, hogy a nyomtat\u00e1st k\u00f6zvetlen\u00fcl ellen\u0151rizni lehessen.\" class=\"encyclopedia\">Spektrofotom\u00e9ter<\/a> spektr\u00e1lis sz\u00ednm\u00e9r\u00e9sre alkalmasak, \u00e9s t\u00f6bbek k\u00f6z\u00f6tt a sz\u00ednk\u00e9pelemz\u00e9sre is haszn\u00e1lj\u00e1k. <a href=\"http:\/\/blog.proofs.de\/hu\/lexikon\/proof\/\" target=\"_self\" title=\"A contract proof egy ISO 12647-7 tan\u00fas\u00edtv\u00e1nnyal rendelkez\u0151, a grafikai ipar sz\u00e1m\u00e1ra k\u00e9sz\u00fclt vizsg\u00e1l\u00f3eszk\u00f6z. A pr\u00f3banyomat az ISO-szabv\u00e1ny sz\u0171k t\u0171r\u00e9shat\u00e1rain bel\u00fcl sz\u00edn- \u00e9s jogilag k\u00f6telez\u0151 m\u00f3don szimul\u00e1lja az ofszet- vagy m\u00e9lynyom\u00f3g\u00e9pek sz\u00edness\u00e9g\u00e9t.\" class=\"encyclopedia\">Bizony\u00edt\u00e9k<\/a> a nyomtat\u00f3k ellen\u0151rz\u00e9s\u00e9re vagy kalibr\u00e1l\u00e1s\u00e1ra szolg\u00e1l. A sz\u00ednm\u00e9r\u0151k viszont olcs\u00f3bbak, \u00e9s csak egyszer\u0171bb m\u00e9r\u00e9sekhez haszn\u00e1lj\u00e1k \u0151ket.<\/p>\n<h3>Mi az a kolorim\u00e9ter?<\/h3>\n<p>A kolorim\u00e9ter a sz\u00ednek m\u00e9r\u00e9s\u00e9re \u00e9s elemz\u00e9s\u00e9re szolg\u00e1l\u00f3 m\u0171szer. Gyakran haszn\u00e1lj\u00e1k a min\u0151s\u00e9gellen\u0151rz\u00e9sben, a nyomdaiparban, a textiliparban \u00e9s sok m\u00e1s olyan ter\u00fcleten, ahol fontos a sz\u00ednek konzisztenci\u00e1ja. A kolorim\u00e9ter az emberi szem alapj\u00e1n m\u00e9ri a sz\u00edn\u00e9rt\u00e9keket. <a href=\"http:\/\/blog.proofs.de\/hu\/lexikon\/farbsehen\/\" target=\"_self\" title=\"Az emberi sz\u00ednl\u00e1t\u00e1s egy \u00f6sszetett folyamat, amely lehet\u0151v\u00e9 teszi sz\u00e1munkra, hogy a sz\u00ednek milli\u00f3nyi \u00e1rnyalat\u00e1t megk\u00fcl\u00f6nb\u00f6ztess\u00fck. Alapja a f\u00e9ny \u00e9s a szem speci\u00e1lis sejtjei k\u00f6z\u00f6tti k\u00f6lcs\u00f6nhat\u00e1s, valamint e jelek agyban t\u00f6rt\u00e9n\u0151 feldolgoz\u00e1sa. 1 A sz\u00ednl\u00e1t\u00e1s alapjai A sz\u00ednl\u00e1t\u00e1s a k\u00fcl\u00f6nb\u00f6z\u0151 hull\u00e1mhossz\u00fas\u00e1g\u00fa f\u00e9ny \u00e9rz\u00e9kel\u00e9s\u00e9vel j\u00f6n l\u00e9tre. A f\u00e9ny elektrom\u00e1gneses sug\u00e1rz\u00e1s, \u00e9s a l\u00e1that\u00f3...\" class=\"encyclopedia\">Sz\u00ednl\u00e1t\u00e1s<\/a>, a f\u00e9ny intenzit\u00e1s\u00e1nak be\u00e1ll\u00edt\u00e1s\u00e1val a piros, z\u00f6ld \u00e9s k\u00e9k (<a href=\"http:\/\/blog.proofs.de\/hu\/lexikon\/rgb\/\" target=\"_self\" title=\"Az RGB a piros, z\u00f6ld \u00e9s k\u00e9k sz\u00edneket jelenti. Az emberi sz\u00ednl\u00e1t\u00e1s ezeken a sz\u00edneken alapul.\" class=\"encyclopedia\">RGB<\/a>) a sz\u00edntartom\u00e1nyokat m\u00e9ri.<\/p>\n<h4>Hogyan m\u0171k\u00f6dik a kolorim\u00e9ter<\/h4>\n<p>A kolorim\u00e9ter h\u00e1rom f\u0151 komponenssel m\u0171k\u00f6dik:<\/p>\n<ol>\n<li><strong>F\u00e9nyforr\u00e1s<\/strong>A m\u00e9rend\u0151 t\u00e1rgyat \u00e1lland\u00f3 f\u00e9nyforr\u00e1s vil\u00e1g\u00edtja meg.<\/li>\n<li><strong>Sz\u0171r\u0151rendszer<\/strong>A sz\u0171r\u0151rendszer a f\u00e9nyt a v\u00f6r\u00f6s, z\u00f6ld \u00e9s k\u00e9k alapsz\u00ednekre osztja.<\/li>\n<li><strong>\u00c9rz\u00e9kel\u0151<\/strong>Egy detektor m\u00e9ri a f\u00e9ny intenzit\u00e1s\u00e1t az egyes sz\u00edncsatorn\u00e1kon.<\/li>\n<\/ol>\n<p>Ezeket a m\u00e9r\u00e9seket ezut\u00e1n egy adott sz\u00edn\u00e9rt\u00e9kek meghat\u00e1roz\u00e1s\u00e1ra haszn\u00e1lj\u00e1k fel. <a href=\"http:\/\/blog.proofs.de\/hu\/lexikon\/farbraum\/\" target=\"_self\" title=\"A sz\u00ednt\u00e9r egy sz\u00ednmodellre \u00e9p\u00fcl, \u00e9s annak konkr\u00e9t alkalmaz\u00e1sa egy sz\u00ednel\u0151\u00e1ll\u00edt\u00e1si m\u00f3dszerre (nyomtat\u00f3, k\u00e9perny\u0151 stb.). Ez\u00e9rt tartalmazza az \u00f6sszes olyan sz\u00ednt, amely t\u00e9nylegesen megjelen\u00edthet\u0151 az adott m\u00f3dszerrel \u00e9s a megfelel\u0151 anyagokkal.\" class=\"encyclopedia\">Sz\u00ednt\u00e9r<\/a> (pl. RGB, CIE <a href=\"http:\/\/blog.proofs.de\/hu\/lexikon\/xyz\/\" target=\"_self\" title=\"Az XYZ a &quot;CIE XYZ&quot; nev\u0171 sz\u00ednt\u00e9rre utal, amely a CIE 1931 XYZ sz\u00ednt\u00e9r n\u00e9ven is ismert. A CIE a Commission Internationale de l&#039;\u00c9clairage, azaz a Nemzetk\u00f6zi Megvil\u00e1g\u00edt\u00e1si Bizotts\u00e1g r\u00f6vid\u00edt\u00e9se, az XYZ pedig a sz\u00ednt\u00e9r matematikai koordin\u00e1t\u00e1ira utal.\" class=\"encyclopedia\">XYZ<\/a>, CIE <a href=\"http:\/\/blog.proofs.de\/hu\/lexikon\/lab\/\" target=\"_self\" title=\"A CIELAB vagy LAB egy matematikai sz\u00ednmodell, amely minden\u00fctt meghonosodott, ahol pontos sz\u00ednsz\u00e1m\u00edt\u00e1sra van sz\u00fcks\u00e9g. A sz\u00e1m\u00edt\u00f3g\u00e9pes sz\u00ednkezel\u00e9s \u00e1ltal\u00e1ban a CIELAB seg\u00edts\u00e9g\u00e9vel m\u0171k\u00f6dik.\" class=\"encyclopedia\">LAB<\/a>) kisz\u00e1m\u00edthat\u00f3. Az eredm\u00e9nyek numerikus \u00e9rt\u00e9kek form\u00e1j\u00e1ban vagy grafikus form\u00e1ban is megjelen\u00edthet\u0151k a t\u00e1rgy sz\u00edn\u00e9nek le\u00edr\u00e1s\u00e1ra. A kolorim\u00e9tereket sz\u00e1mos alkalmaz\u00e1sban haszn\u00e1lj\u00e1k, t\u00f6bbek k\u00f6z\u00f6tt a k\u00f6vetkez\u0151kben<\/p>\n<ul>\n<li><strong>Min\u0151s\u00e9gellen\u0151rz\u00e9s<\/strong>A sz\u00ednkonzisztencia ellen\u0151rz\u00e9se olyan term\u00e9kek gy\u00e1rt\u00e1sa sor\u00e1n, mint a fest\u00e9kek, text\u00edli\u00e1k \u00e9s m\u0171anyagok.<\/li>\n<li><strong>Nyomtat\u00e1s<\/strong>Nyomtatott anyagok sz\u00ednkonzisztenci\u00e1j\u00e1nak biztos\u00edt\u00e1sa, monitorok kalibr\u00e1l\u00e1sa<\/li>\n<li><strong>Orvosi diagnosztika<\/strong>A b\u0151rsz\u00edn vagy a folyad\u00e9kok sz\u00ednt\u00f3nus\u00e1nak elemz\u00e9se.<\/li>\n<li><strong>\u00c9lelmiszeripar<\/strong>Az \u00e9lelmiszerek sz\u00edn\u00e9nek meghat\u00e1roz\u00e1sa a min\u0151s\u00e9gellen\u0151rz\u00e9shez.<\/li>\n<\/ul>\n<p>N\u00e9h\u00e1ny \u00e9ve olcs\u00f3 sz\u00ednm\u00e9r\u0151k is kaphat\u00f3k, de ezek egy r\u00e9sze csak nagyon pontatlanul m\u00e9r. A n\u00e9met <a href=\"https:\/\/blog1.proofen.de\/neue-iphone-farbmessgeraete-xade-nano-im-test\/\">xade nano \u00e9s xade nano+<\/a> egy fejlett sz\u00ednm\u00e9r\u0151 \u00e1ll rendelkez\u00e9sre az iPhone-hoz, amely megd\u00f6bbent\u0151en j\u00f3 eredm\u00e9nyeket \u00e9rt el az olyan, j\u00f3val dr\u00e1g\u00e1bb spektr\u00e1lis m\u00e9r\u0151eszk\u00f6z\u00f6kkel, mint p\u00e9ld\u00e1ul a \"klasszikus\" i1Pro2 \u00f6sszehasonl\u00edt\u00f3 teszteken.<\/p>","protected":false},"excerpt":{"rendered":"<p class=\"translation-block\">Egy <a href=\"https:\/\/blog1.proofen.de\/es\/lexico\/colorimetro\/\" target=\"_self\" class=\"encyclopedia tooltipstered\">sz\u00ednm\u00e9r\u0151<\/a> a sz\u00ednek m\u00e9r\u00e9s\u00e9re\/\u00f6sszehasonl\u00edt\u00e1s\u00e1ra.<br>\r\nGyakran haszn\u00e1lj\u00e1k monitorok kalibr\u00e1l\u00e1s\u00e1ra vagy a biol\u00f3gi\u00e1ban\/k\u00e9mia ter\u00fclet\u00e9n elemz\u00e9sekhez. A kifinomultabb eszk\u00f6z\u00f6k, mint p\u00e9ld\u00e1ul a <a href=\"https:\/\/blog1.proofen.de\/es\/lexico\/espectrofotometro-2\/\" target=\"_self\" class=\"encyclopedia tooltipstered\">spektrofotom\u00e9ter<\/a>, spektr\u00e1lis sz\u00ednm\u00e9r\u00e9sre alkalmasak, \u00e9s a <a href=\"https:\/\/blog1.proofen.de\/es\/lexico\/prueba\/\" target=\"_self\" class=\"encyclopedia tooltipstered\">bizony\u00edt\u00e9k<\/a> nyomtat\u00f3k ellen\u0151rz\u00e9s\u00e9re vagy kalibr\u00e1l\u00e1s\u00e1ra is haszn\u00e1lj\u00e1k.<\/p>","protected":false},"author":2,"featured_media":0,"comment_status":"open","ping_status":"open","template":"","meta":{"om_disable_all_campaigns":false,"inline_featured_image":false,"_monsterinsights_skip_tracking":false,"footnotes":""},"class_list":["post-3876","encyclopedia","type-encyclopedia","status-publish","hentry","no-featured-image-padding"],"aioseo_notices":[],"aioseo_head":"\n\t\t<!-- All in One SEO 5.0.1.1 - aioseo.com -->\n\t<meta name=\"description\" content=\"Ein Farbmessger\u00e4t zum Messen\/Vergleichen von Farben. Es wird h\u00e4ufig zur Kalibrierung von Monitoren oder in der Biologie\/Chemie zur Analyse genutzt.\" \/>\n\t<meta name=\"robots\" content=\"max-image-preview:large\" \/>\n\t<meta name=\"author\" content=\"Matthias Betz\"\/>\n\t<meta name=\"google-site-verification\" content=\"TuXxyRwxcEg2-WfOaQ8vScWQh3-uBAnxXmY7g3GT90A\" \/>\n\t<link rel=\"canonical\" href=\"http:\/\/blog.proofs.de\/hu\/lexikon\/colorimeter\/\" \/>\n\t<meta name=\"generator\" content=\"All in One SEO (AIOSEO) 5.0.1.1\" \/>\n\n\t\t<meta name=\"seobility\" content=\"593a8578143db71543f014978c690d47\">\n\t\t<meta property=\"og:locale\" content=\"hu_HU\" \/>\n\t\t<meta property=\"og:site_name\" content=\"Proof.de | Alles zu Proof, Farbmanagement, Grafik, Messtechnik &amp; Co.\" \/>\n\t\t<meta property=\"og:type\" content=\"article\" \/>\n\t\t<meta property=\"og:title\" content=\"Colorimeter | Lexikon | proof.de\" \/>\n\t\t<meta property=\"og:description\" content=\"Ein Farbmessger\u00e4t zum Messen\/Vergleichen von Farben. Es wird h\u00e4ufig zur Kalibrierung von Monitoren oder in der Biologie\/Chemie zur Analyse genutzt.\" \/>\n\t\t<meta property=\"og:url\" content=\"http:\/\/blog.proofs.de\/hu\/lexikon\/colorimeter\/\" \/>\n\t\t<meta property=\"og:image\" content=\"http:\/\/blog1.proofen.de\/wp-content\/uploads\/2020\/04\/proof_background.jpg\" \/>\n\t\t<meta property=\"article:published_time\" content=\"2020-04-28T14:11:32+00:00\" \/>\n\t\t<meta property=\"article:modified_time\" content=\"2024-06-22T23:39:22+00:00\" \/>\n\t\t<meta property=\"article:publisher\" content=\"https:\/\/www.facebook.com\/Proof.de\/\" \/>\n\t\t<meta name=\"twitter:card\" content=\"summary\" \/>\n\t\t<meta name=\"twitter:title\" content=\"Colorimeter | Lexikon | proof.de\" \/>\n\t\t<meta name=\"twitter:description\" content=\"Ein Farbmessger\u00e4t zum Messen\/Vergleichen von Farben. Es wird h\u00e4ufig zur Kalibrierung von Monitoren oder in der Biologie\/Chemie zur Analyse genutzt.\" \/>\n\t\t<meta name=\"twitter:image\" content=\"https:\/\/blog1.proofen.de\/wp-content\/uploads\/2020\/04\/proof_background.jpg\" \/>\n\t\t<script type=\"application\/ld+json\" class=\"aioseo-schema\">\n\t\t\t{\"@context\":\"https:\\\/\\\/schema.org\",\"@graph\":[{\"@type\":\"BreadcrumbList\",\"@id\":\"http:\\\/\\\/blog.proofs.de\\\/hu\\\/lexikon\\\/colorimeter\\\/#breadcrumblist\",\"itemListElement\":[{\"@type\":\"ListItem\",\"@id\":\"http:\\\/\\\/blog.proofs.de\\\/hu#listItem\",\"position\":1,\"name\":\"Home\",\"item\":\"http:\\\/\\\/blog.proofs.de\\\/hu\",\"nextItem\":{\"@type\":\"ListItem\",\"@id\":\"http:\\\/\\\/blog.proofs.de\\\/hu\\\/lexikon\\\/#listItem\",\"name\":\"Lexikon\"}},{\"@type\":\"ListItem\",\"@id\":\"http:\\\/\\\/blog.proofs.de\\\/hu\\\/lexikon\\\/#listItem\",\"position\":2,\"name\":\"Lexikon\",\"item\":\"http:\\\/\\\/blog.proofs.de\\\/hu\\\/lexikon\\\/\",\"nextItem\":{\"@type\":\"ListItem\",\"@id\":\"http:\\\/\\\/blog.proofs.de\\\/hu\\\/lexikon\\\/colorimeter\\\/#listItem\",\"name\":\"Colorimeter\"},\"previousItem\":{\"@type\":\"ListItem\",\"@id\":\"http:\\\/\\\/blog.proofs.de\\\/hu#listItem\",\"name\":\"Home\"}},{\"@type\":\"ListItem\",\"@id\":\"http:\\\/\\\/blog.proofs.de\\\/hu\\\/lexikon\\\/colorimeter\\\/#listItem\",\"position\":3,\"name\":\"Colorimeter\",\"previousItem\":{\"@type\":\"ListItem\",\"@id\":\"http:\\\/\\\/blog.proofs.de\\\/hu\\\/lexikon\\\/#listItem\",\"name\":\"Lexikon\"}}]},{\"@type\":\"Organization\",\"@id\":\"http:\\\/\\\/blog.proofs.de\\\/hu\\\/#organization\",\"name\":\"Proof GmbH\",\"description\":\"Farbverbindlicher Proof, Farbproof, Digitalproof und Online-Proof.\",\"url\":\"http:\\\/\\\/blog.proofs.de\\\/hu\\\/\",\"telephone\":\"+4970717952740\",\"logo\":{\"@type\":\"ImageObject\",\"url\":\"https:\\\/\\\/blog1.proofen.de\\\/wp-content\\\/uploads\\\/2019\\\/09\\\/logo_proof_rgb_mit_balken_250px.png\",\"@id\":\"http:\\\/\\\/blog.proofs.de\\\/hu\\\/lexikon\\\/colorimeter\\\/#organizationLogo\"},\"image\":{\"@id\":\"http:\\\/\\\/blog.proofs.de\\\/hu\\\/lexikon\\\/colorimeter\\\/#organizationLogo\"},\"sameAs\":[\"https:\\\/\\\/www.facebook.com\\\/Proof.de\\\/\",\"https:\\\/\\\/www.instagram.com\\\/proof.de\\\/\",\"https:\\\/\\\/www.tiktok.com\\\/@proof_de\",\"https:\\\/\\\/www.youtube.com\\\/channel\\\/UCk80fQVQ25wC9wu3SywB-Nw\",\"https:\\\/\\\/www.linkedin.com\\\/company\\\/proof-de\"]},{\"@type\":\"Person\",\"@id\":\"http:\\\/\\\/blog.proofs.de\\\/hu\\\/author\\\/mbetz\\\/#author\",\"url\":\"http:\\\/\\\/blog.proofs.de\\\/hu\\\/author\\\/mbetz\\\/\",\"name\":\"Matthias Betz\",\"image\":{\"@type\":\"ImageObject\",\"@id\":\"http:\\\/\\\/blog.proofs.de\\\/hu\\\/lexikon\\\/colorimeter\\\/#authorImage\",\"url\":\"https:\\\/\\\/blog.proofs.de\\\/wp-content\\\/uploads\\\/2020\\\/10\\\/matthias-betz-e1603934518350-150x150.png\",\"width\":96,\"height\":96,\"caption\":\"Matthias Betz\"}},{\"@type\":\"WebPage\",\"@id\":\"http:\\\/\\\/blog.proofs.de\\\/hu\\\/lexikon\\\/colorimeter\\\/#webpage\",\"url\":\"http:\\\/\\\/blog.proofs.de\\\/hu\\\/lexikon\\\/colorimeter\\\/\",\"name\":\"Colorimeter | Lexikon | proof.de\",\"description\":\"Ein Farbmessger\\u00e4t zum Messen\\\/Vergleichen von Farben. Es wird h\\u00e4ufig zur Kalibrierung von Monitoren oder in der Biologie\\\/Chemie zur Analyse genutzt.\",\"inLanguage\":\"hu-HU\",\"isPartOf\":{\"@id\":\"http:\\\/\\\/blog.proofs.de\\\/hu\\\/#website\"},\"breadcrumb\":{\"@id\":\"http:\\\/\\\/blog.proofs.de\\\/hu\\\/lexikon\\\/colorimeter\\\/#breadcrumblist\"},\"author\":{\"@id\":\"http:\\\/\\\/blog.proofs.de\\\/hu\\\/author\\\/mbetz\\\/#author\"},\"creator\":{\"@id\":\"http:\\\/\\\/blog.proofs.de\\\/hu\\\/author\\\/mbetz\\\/#author\"},\"datePublished\":\"2020-04-28T16:11:32+02:00\",\"dateModified\":\"2024-06-23T01:39:22+02:00\"},{\"@type\":\"WebSite\",\"@id\":\"http:\\\/\\\/blog.proofs.de\\\/hu\\\/#website\",\"url\":\"http:\\\/\\\/blog.proofs.de\\\/hu\\\/\",\"name\":\"Proof.de\",\"description\":\"Farbverbindlicher Proof, Farbproof, Digitalproof und Online-Proof.\",\"inLanguage\":\"hu-HU\",\"publisher\":{\"@id\":\"http:\\\/\\\/blog.proofs.de\\\/hu\\\/#organization\"}}]}\n\t\t<\/script>\n\t\t<!-- All in One SEO -->\n\n","aioseo_head_json":{"title":"Sz\u00ednm\u00e9r\u0151 | Lexicon | proof.de","description":"Sz\u00ednm\u00e9r\u0151k\u00e9sz\u00fcl\u00e9k sz\u00ednek m\u00e9r\u00e9s\u00e9re\/\u00f6sszehasonl\u00edt\u00e1s\u00e1ra. Gyakran haszn\u00e1lj\u00e1k monitorok kalibr\u00e1l\u00e1s\u00e1ra vagy a biol\u00f3gi\u00e1ban\/k\u00e9mi\u00e1ban elemz\u00e9sekhez.","canonical_url":"http:\/\/blog.proofs.de\/hu\/lexikon\/colorimeter\/","robots":"max-image-preview:large","keywords":"","webmasterTools":{"google-site-verification":"TuXxyRwxcEg2-WfOaQ8vScWQh3-uBAnxXmY7g3GT90A","miscellaneous":"&lt;meta name=\"seobility\" content=\"593a8578143db71543f014978c690d47\"&gt;"},"schema":{"@context":"https:\/\/schema.org","@graph":[{"@type":"BreadcrumbList","@id":"http:\/\/blog.proofs.de\/hu\/lexikon\/colorimeter\/#breadcrumblist","itemListElement":[{"@type":"ListItem","@id":"http:\/\/blog.proofs.de\/hu#listItem","position":1,"name":"Home","item":"http:\/\/blog.proofs.de\/hu","nextItem":{"@type":"ListItem","@id":"http:\/\/blog.proofs.de\/hu\/lexikon\/#listItem","name":"Lexikon"}},{"@type":"ListItem","@id":"http:\/\/blog.proofs.de\/hu\/lexikon\/#listItem","position":2,"name":"Lexikon","item":"http:\/\/blog.proofs.de\/hu\/lexikon\/","nextItem":{"@type":"ListItem","@id":"http:\/\/blog.proofs.de\/hu\/lexikon\/colorimeter\/#listItem","name":"Colorimeter"},"previousItem":{"@type":"ListItem","@id":"http:\/\/blog.proofs.de\/hu#listItem","name":"Home"}},{"@type":"ListItem","@id":"http:\/\/blog.proofs.de\/hu\/lexikon\/colorimeter\/#listItem","position":3,"name":"Colorimeter","previousItem":{"@type":"ListItem","@id":"http:\/\/blog.proofs.de\/hu\/lexikon\/#listItem","name":"Lexikon"}}]},{"@type":"Organization","@id":"http:\/\/blog.proofs.de\/hu\/#organization","name":"Proof GmbH","description":"Farbverbindlicher Proof, Farbproof, Digitalproof und Online-Proof.","url":"http:\/\/blog.proofs.de\/hu\/","telephone":"+4970717952740","logo":{"@type":"ImageObject","url":"https:\/\/blog1.proofen.de\/wp-content\/uploads\/2019\/09\/logo_proof_rgb_mit_balken_250px.png","@id":"http:\/\/blog.proofs.de\/hu\/lexikon\/colorimeter\/#organizationLogo"},"image":{"@id":"http:\/\/blog.proofs.de\/hu\/lexikon\/colorimeter\/#organizationLogo"},"sameAs":["https:\/\/www.facebook.com\/Proof.de\/","https:\/\/www.instagram.com\/proof.de\/","https:\/\/www.tiktok.com\/@proof_de","https:\/\/www.youtube.com\/channel\/UCk80fQVQ25wC9wu3SywB-Nw","https:\/\/www.linkedin.com\/company\/proof-de"]},{"@type":"Person","@id":"http:\/\/blog.proofs.de\/hu\/author\/mbetz\/#author","url":"http:\/\/blog.proofs.de\/hu\/author\/mbetz\/","name":"Matthias Betz","image":{"@type":"ImageObject","@id":"http:\/\/blog.proofs.de\/hu\/lexikon\/colorimeter\/#authorImage","url":"https:\/\/blog.proofs.de\/wp-content\/uploads\/2020\/10\/matthias-betz-e1603934518350-150x150.png","width":96,"height":96,"caption":"Matthias Betz"}},{"@type":"WebPage","@id":"http:\/\/blog.proofs.de\/hu\/lexikon\/colorimeter\/#webpage","url":"http:\/\/blog.proofs.de\/hu\/lexikon\/colorimeter\/","name":"Colorimeter | Lexikon | proof.de","description":"Ein Farbmessger\u00e4t zum Messen\/Vergleichen von Farben. Es wird h\u00e4ufig zur Kalibrierung von Monitoren oder in der Biologie\/Chemie zur Analyse genutzt.","inLanguage":"hu-HU","isPartOf":{"@id":"http:\/\/blog.proofs.de\/hu\/#website"},"breadcrumb":{"@id":"http:\/\/blog.proofs.de\/hu\/lexikon\/colorimeter\/#breadcrumblist"},"author":{"@id":"http:\/\/blog.proofs.de\/hu\/author\/mbetz\/#author"},"creator":{"@id":"http:\/\/blog.proofs.de\/hu\/author\/mbetz\/#author"},"datePublished":"2020-04-28T16:11:32+02:00","dateModified":"2024-06-23T01:39:22+02:00"},{"@type":"WebSite","@id":"http:\/\/blog.proofs.de\/hu\/#website","url":"http:\/\/blog.proofs.de\/hu\/","name":"Proof.de","description":"Farbverbindlicher Proof, Farbproof, Digitalproof und Online-Proof.","inLanguage":"hu-HU","publisher":{"@id":"http:\/\/blog.proofs.de\/hu\/#organization"}}]},"og:locale":"hu_HU","og:site_name":"Proof.de | Alles zu Proof, Farbmanagement, Grafik, Messtechnik &amp; Co.","og:type":"article","og:title":"Colorimeter | Lexikon | proof.de","og:description":"Ein Farbmessger\u00e4t zum Messen\/Vergleichen von Farben. Es wird h\u00e4ufig zur Kalibrierung von Monitoren oder in der Biologie\/Chemie zur Analyse genutzt.","og:url":"http:\/\/blog.proofs.de\/hu\/lexikon\/colorimeter\/","og:image":"http:\/\/blog1.proofen.de\/wp-content\/uploads\/2020\/04\/proof_background.jpg","article:published_time":"2020-04-28T14:11:32+00:00","article:modified_time":"2024-06-22T23:39:22+00:00","article:publisher":"https:\/\/www.facebook.com\/Proof.de\/","twitter:card":"summary","twitter:title":"Colorimeter | Lexikon | proof.de","twitter:description":"Ein Farbmessger\u00e4t zum Messen\/Vergleichen von Farben. Es wird h\u00e4ufig zur Kalibrierung von Monitoren oder in der Biologie\/Chemie zur Analyse genutzt.","twitter:image":"https:\/\/blog1.proofen.de\/wp-content\/uploads\/2020\/04\/proof_background.jpg"},"aioseo_meta_data":{"post_id":"3876","title":"#post_title | Sz\u00f3t\u00e1r | proof.de","description":"Sz\u00ednm\u00e9r\u0151k\u00e9sz\u00fcl\u00e9k sz\u00ednek m\u00e9r\u00e9s\u00e9re\/\u00f6sszehasonl\u00edt\u00e1s\u00e1ra. Gyakran haszn\u00e1lj\u00e1k monitorok kalibr\u00e1l\u00e1s\u00e1ra vagy a biol\u00f3gi\u00e1ban\/k\u00e9mi\u00e1ban elemz\u00e9sekhez.","keywords":null,"keyphrases":{"focus":{"keyphrase":"Colorimeter","score":75,"analysis":{"keyphraseInTitle":{"score":9,"maxScore":9,"error":0},"keyphraseInDescription":{"score":3,"maxScore":9,"error":1},"keyphraseLength":{"score":9,"maxScore":9,"error":0,"length":1},"keyphraseInURL":{"score":5,"maxScore":5,"error":0},"keyphraseInIntroduction":{"score":9,"maxScore":9,"error":0},"keyphraseInSubHeadings":{"score":9,"maxScore":9,"error":0},"keyphraseInImageAlt":[],"keywordDensity":{"type":"high","score":0,"maxScore":9,"error":1}}},"additional":[]},"primary_term":null,"canonical_url":null,"og_title":null,"og_description":null,"og_object_type":"default","og_image_type":"default","og_image_url":null,"og_image_width":null,"og_image_height":null,"og_image_custom_url":null,"og_image_custom_fields":null,"og_video":"","og_custom_url":null,"og_article_section":null,"og_article_tags":null,"twitter_use_og":false,"twitter_card":"default","twitter_image_type":"default","twitter_image_url":null,"twitter_image_custom_url":null,"twitter_image_custom_fields":null,"twitter_title":null,"twitter_description":null,"schema":{"blockGraphs":[],"customGraphs":[],"default":{"data":{"Article":[],"Course":[],"Dataset":[],"FAQPage":[],"Movie":[],"Person":[],"Product":[],"ProductReview":[],"Car":[],"Recipe":[],"Service":[],"SoftwareApplication":[],"WebPage":[]},"graphName":"WebPage","isEnabled":true},"graphs":[],"defaultGraph":"WebPage","defaultPostTypeGraph":""},"schema_type":"default","schema_type_options":"{\"article\":{\"articleType\":\"BlogPosting\"},\"course\":{\"name\":\"\",\"description\":\"\",\"provider\":\"\"},\"faq\":{\"pages\":[]},\"product\":{\"reviews\":[]},\"recipe\":{\"ingredients\":[],\"instructions\":[],\"keywords\":[]},\"software\":{\"reviews\":[],\"operatingSystems\":[]},\"webPage\":{\"webPageType\":\"WebPage\"}}","pillar_content":false,"robots_default":true,"robots_noindex":false,"robots_noarchive":false,"robots_nosnippet":false,"robots_nofollow":false,"robots_noimageindex":false,"robots_noodp":false,"robots_notranslate":false,"robots_max_snippet":"-1","robots_max_videopreview":"-1","robots_max_imagepreview":"large","priority":null,"frequency":"default","local_seo":null,"breadcrumb_settings":null,"limit_modified_date":false,"ai":null,"created":"2020-12-21 00:31:56","updated":"2025-06-04 14:01:43","seo_analyzer_scan_date":null,"focus_keyword":"Colorimeter","additional_keywords":null,"truseo_locale":null},"_links":{"self":[{"href":"http:\/\/blog.proofs.de\/hu\/wp-json\/wp\/v2\/encyclopedia\/3876","targetHints":{"allow":["GET"]}}],"collection":[{"href":"http:\/\/blog.proofs.de\/hu\/wp-json\/wp\/v2\/encyclopedia"}],"about":[{"href":"http:\/\/blog.proofs.de\/hu\/wp-json\/wp\/v2\/types\/encyclopedia"}],"author":[{"embeddable":true,"href":"http:\/\/blog.proofs.de\/hu\/wp-json\/wp\/v2\/users\/2"}],"replies":[{"embeddable":true,"href":"http:\/\/blog.proofs.de\/hu\/wp-json\/wp\/v2\/comments?post=3876"}],"version-history":[{"count":4,"href":"http:\/\/blog.proofs.de\/hu\/wp-json\/wp\/v2\/encyclopedia\/3876\/revisions"}],"predecessor-version":[{"id":5764,"href":"http:\/\/blog.proofs.de\/hu\/wp-json\/wp\/v2\/encyclopedia\/3876\/revisions\/5764"}],"wp:attachment":[{"href":"http:\/\/blog.proofs.de\/hu\/wp-json\/wp\/v2\/media?parent=3876"}],"curies":[{"name":"wp","href":"https:\/\/api.w.org\/{rel}","templated":true}]}}