{"id":1355,"date":"2015-06-29T01:53:10","date_gmt":"2015-06-28T23:53:10","guid":{"rendered":"http:\/\/www.proof.de\/?post_type=encyclopedia&#038;p=1355"},"modified":"2024-06-20T01:17:24","modified_gmt":"2024-06-19T23:17:24","slug":"euroscala","status":"publish","type":"encyclopedia","link":"http:\/\/blog.proofs.de\/tr\/lexikon\/euroscala\/","title":{"rendered":"Euroscale"},"content":{"rendered":"<div class=\"kk-star-ratings kksr-auto kksr-align-right kksr-valign-top\" data-payload='{\"align\":\"right\",\"id\":\"1355\",\"slug\":\"default\",\"valign\":\"top\",\"ignore\":\"\",\"reference\":\"auto\",\"class\":\"\",\"count\":\"0\",\"legendonly\":\"\",\"readonly\":\"\",\"score\":\"0\",\"starsonly\":\"\",\"best\":\"5\",\"gap\":\"5\",\"greet\":\"Jetzt bewerten\",\"legend\":\"0\\\/5 - (0 votes)\",\"size\":\"24\",\"title\":\"Euroscala\",\"width\":\"0\",\"_legend\":\"{score}\\\/{best} - ({count} {votes})\",\"font_factor\":\"1.25\"}'>\n            \n<div class=\"kksr-stars\">\n    \n<div class=\"kksr-stars-inactive\">\n            <div class=\"kksr-star\" data-star=\"1\" style=\"padding-right: 5px\">\n            \n\n<div class=\"kksr-icon\" style=\"width: 24px; height: 24px;\"><\/div>\n        <\/div>\n            <div class=\"kksr-star\" data-star=\"2\" style=\"padding-right: 5px\">\n            \n\n<div class=\"kksr-icon\" style=\"width: 24px; height: 24px;\"><\/div>\n        <\/div>\n            <div class=\"kksr-star\" data-star=\"3\" style=\"padding-right: 5px\">\n            \n\n<div class=\"kksr-icon\" style=\"width: 24px; height: 24px;\"><\/div>\n        <\/div>\n            <div class=\"kksr-star\" data-star=\"4\" style=\"padding-right: 5px\">\n            \n\n<div class=\"kksr-icon\" style=\"width: 24px; height: 24px;\"><\/div>\n        <\/div>\n            <div class=\"kksr-star\" data-star=\"5\" style=\"padding-right: 5px\">\n            \n\n<div class=\"kksr-icon\" style=\"width: 24px; height: 24px;\"><\/div>\n        <\/div>\n    <\/div>\n    \n<div class=\"kksr-stars-active\" style=\"width: 0px;\">\n            <div class=\"kksr-star\" style=\"padding-right: 5px\">\n            \n\n<div class=\"kksr-icon\" style=\"width: 24px; height: 24px;\"><\/div>\n        <\/div>\n            <div class=\"kksr-star\" style=\"padding-right: 5px\">\n            \n\n<div class=\"kksr-icon\" style=\"width: 24px; height: 24px;\"><\/div>\n        <\/div>\n            <div class=\"kksr-star\" style=\"padding-right: 5px\">\n            \n\n<div class=\"kksr-icon\" style=\"width: 24px; height: 24px;\"><\/div>\n        <\/div>\n            <div class=\"kksr-star\" style=\"padding-right: 5px\">\n            \n\n<div class=\"kksr-icon\" style=\"width: 24px; height: 24px;\"><\/div>\n        <\/div>\n            <div class=\"kksr-star\" style=\"padding-right: 5px\">\n            \n\n<div class=\"kksr-icon\" style=\"width: 24px; height: 24px;\"><\/div>\n        <\/div>\n    <\/div>\n<\/div>\n                \n\n<div class=\"kksr-legend\" style=\"font-size: 19.2px;\">\n            <span class=\"kksr-muted\">\u015eimdi de\u011ferlendirin<\/span>\n    <\/div>\n    <\/div>\n<p>Bu <a href=\"http:\/\/blog.proofs.de\/tr\/lexikon\/euroskala\/\" target=\"_self\" title=\"Photoshop&#039;un 1990&#039;lardaki ilk kurulumlar\u0131nda, bug\u00fcn hala baz\u0131 yaz\u0131l\u0131mlara musallat olan \u00e7ok say\u0131da Euroscale veya Euroscale profili y\u00fcklenmi\u015ftir. \u00d6zellikle \u0130ngiltere&#039;de bu profiller hala yayg\u0131n olarak kullan\u0131l\u0131yor gibi g\u00f6r\u00fcn\u00fcyor.\" class=\"encyclopedia\">Euroscale<\/a>Euroscale veya Euroscale olarak da bilinen, standartla\u015ft\u0131r\u0131lm\u0131\u015f bir <a href=\"http:\/\/blog.proofs.de\/tr\/lexikon\/farbmodell\/\" target=\"_self\" title=\"Renk sistemi (veya renk modeli), renkleri ve birbirleriyle olan ili\u015fkilerini belirlemeye ve tan\u0131mlamaya y\u00f6nelik soyut matematiksel bir y\u00f6ntemdir. Genellikle renk uzay\u0131 ile e\u015f tutulur, ancak bu, bir renk sisteminin renk \u00fcreten bir y\u00f6nteme (yaz\u0131c\u0131, ekran vb.) somut olarak uygulanmas\u0131d\u0131r.\" class=\"encyclopedia\">Renk modeli<\/a> d\u00f6rt renkli bask\u0131 i\u00e7in (<a href=\"http:\/\/blog.proofs.de\/tr\/lexikon\/cmyk\/\" target=\"_self\" title='CMYK, d\u00f6rt bask\u0131 rengi olan camg\u00f6be\u011fi, macenta, sar\u0131 ve &quot;anahtar&quot; (siyah veya siyah bile\u015fen) anlam\u0131na gelir.' class=\"encyclopedia\">CMYK<\/a>-bask\u0131). Bu renk modeli \u00f6zellikle Avrupa'da yayg\u0131nd\u0131 ve Avrupa'daki bask\u0131lar i\u00e7in bir referans olu\u015fturdu. <a href=\"http:\/\/blog.proofs.de\/tr\/lexikon\/farbseparation\/\" target=\"_self\" title=\"Renk ayr\u0131m\u0131nda, renkli bir dijital g\u00f6r\u00fcnt\u00fc renk bile\u015fenlerine g\u00f6re ayr\u0131 renk ayr\u0131mlar\u0131na ayr\u0131l\u0131r.\" class=\"encyclopedia\">Renk ayr\u0131m\u0131<\/a> ve tutarl\u0131 ve \u00f6ng\u00f6r\u00fclebilir renk \u00fcretimi sa\u011flamak i\u00e7in bask\u0131 s\u00fcreci.<\/p>\n<p>Euroscale terimi, Avrupa pazar\u0131 i\u00e7in tasarlanan camg\u00f6be\u011fi, macenta, sar\u0131 ve siyah (anahtar) bask\u0131 renklerinin belirli bir kombinasyonunu ifade ediyordu. Bu renkler o kadar \u00e7ok<a href=\"http:\/\/blog.proofs.de\/tr\/lexikon\/efi\/\" target=\"_self\" title=\"Electronics For Imaging Inc veya k\u0131saca EFI, bir Amerikan \u015firketi ve d\u00fcnyan\u0131n \u00f6nde gelen prova sistemlerinden birinin \u00fcreticisidir: EFI Colorproof XF, 2013&#039;ten beri: Fiery XF. EFI, b\u00fcy\u00fck bask\u0131 sistemleri, RIP&#039;ler ve prova gibi renk y\u00f6netimi \u00e7\u00f6z\u00fcmleri i\u00e7in bir \u00e7\u00f6z\u00fcm sa\u011flay\u0131c\u0131s\u0131d\u0131r.\" class=\"encyclopedia\">efi<\/a>Euroscale, birlikte geni\u015f bir renk yelpazesi \u00fcretebilecek \u015fekilde tasarland\u0131. Euroscale'in avantaj\u0131 standardizasyonuydu: matbaac\u0131lar ve tasar\u0131mc\u0131lar, Avrupa'n\u0131n neresinde bas\u0131l\u0131rsa bas\u0131ls\u0131n renk \u00e7\u0131kt\u0131s\u0131n\u0131n tutarl\u0131 oldu\u011fundan emin olabiliyordu.<\/p>\n<p>Euroscale'in \u00f6nemli bir \u00f6zelli\u011fi renk de\u011ferlerinin kesin olarak tan\u0131mlanmas\u0131yd\u0131. Bunlar DIN 16539 ve ISO 2846-1 gibi \u00e7e\u015fitli standartlarda belirtilmi\u015f olup, yo\u011funluk, viskozite ve \u015feffafl\u0131k dahil olmak \u00fczere bask\u0131 m\u00fcrekkeplerinin \u00f6zelliklerini ve davran\u0131\u015flar\u0131n\u0131 tan\u0131mlamaktad\u0131r. Bu standartlara uygunluk, Euroscale'e g\u00f6re \u00fcretilen bas\u0131l\u0131 \u00fcr\u00fcnlerin tutarl\u0131 renk tutarl\u0131l\u0131\u011f\u0131na sahip olmas\u0131n\u0131 sa\u011flam\u0131\u015ft\u0131r.<\/p>\n<p>Euroscale ayr\u0131ca \u015funlar\u0131 da i\u00e7eriyordu <a href=\"http:\/\/blog.proofs.de\/tr\/lexikon\/farbprofil\/\" target=\"_self\" title=\"Bir renk i\u015fleme cihaz\u0131n\u0131n \u00f6zellikleri bir renk profilinde saklan\u0131r.  Bu t\u00fcr cihazlar taray\u0131c\u0131lar, yaz\u0131c\u0131lar ve monit\u00f6rler olabilir.  Renk profillerinin yard\u0131m\u0131yla bir cihaz\u0131n hangi renk aral\u0131\u011f\u0131n\u0131 g\u00f6sterebilece\u011fini g\u00f6rmek m\u00fcmk\u00fcnd\u00fcr.&nbsp;\" class=\"encyclopedia\">Renk profili<\/a>e ve bask\u0131 \u00f6ncesi ve bask\u0131 s\u00fcrecinde kullan\u0131lan bask\u0131 ko\u015fullar\u0131. Bu ayn\u0131 zamanda bask\u0131 m\u00fcrekkeplerinin belirli \u00f6zelliklerine dayanan renk ayr\u0131m\u0131 tan\u0131m\u0131n\u0131 da i\u00e7eriyordu. Renk ayr\u0131m\u0131nda, bir g\u00f6r\u00fcnt\u00fc d\u00f6rt temel rengine ayr\u0131l\u0131r ve daha sonra bunlar bask\u0131 s\u0131ras\u0131nda tam bir renkli g\u00f6r\u00fcnt\u00fc halinde yeniden birle\u015ftirilir.<\/p>\n<p>Euroscale'in bir di\u011fer \u00f6nemli \u00f6zelli\u011fi de farkl\u0131 ka\u011f\u0131t t\u00fcrlerine uyarlanabilmesiydi. Farkl\u0131 ka\u011f\u0131tlar farkl\u0131 renk olu\u015fturma \u00f6zelliklerine sahip oldu\u011fundan, Euroscale i\u00e7inde kaplamal\u0131 ve kaplamas\u0131z ka\u011f\u0131tlar i\u00e7in \u00f6zel profiller vard\u0131. Bu profiller, ka\u011f\u0131tlar\u0131n farkl\u0131 emme ve yans\u0131tma \u00f6zelliklerini dikkate alm\u0131\u015f ve renklerin ka\u011f\u0131ttan ba\u011f\u0131ms\u0131z olarak her zaman do\u011fru \u015fekilde yeniden \u00fcretilmesini sa\u011flam\u0131\u015ft\u0131r.<\/p>\n<p>Bask\u0131 s\u00fcrecinde Euroscale kullan\u0131m\u0131 \u00e7ok say\u0131da avantaj sunuyordu. Tasar\u0131mc\u0131lar ve matbaac\u0131lar i\u00e7in g\u00fcvenilir renk kalitesi ve tutarl\u0131l\u0131k anlam\u0131na geliyordu. Bu standardizasyon, ilgili herkes ayn\u0131 renk standartlar\u0131na g\u00f6re \u00e7al\u0131\u015ft\u0131\u011f\u0131 i\u00e7in tasar\u0131mc\u0131lar ve matbaac\u0131lar aras\u0131ndaki ileti\u015fimde yanl\u0131\u015f anlamalar\u0131 ve hatalar\u0131 en aza indirdi. Ayr\u0131ca, renkler Avrupa'n\u0131n her yerinde ayn\u0131 \u00f6zelliklere g\u00f6re \u00fcretilebildi\u011fi i\u00e7in Euroscale uluslararas\u0131 i\u015fbirli\u011fini de kolayla\u015ft\u0131rd\u0131.<\/p>\n<p>\u00d6zetle, Euroscale modern d\u00f6rt renkli bask\u0131 i\u00e7in vazge\u00e7ilmez bir ara\u00e7t\u0131. Standartla\u015ft\u0131r\u0131lm\u0131\u015f bir renk paleti ve tutarl\u0131 ve y\u00fcksek kaliteli renk reprod\u00fcksiyonu sa\u011flayan hassas spesifikasyonlar sa\u011flad\u0131. Euroscale, farkl\u0131 ka\u011f\u0131t t\u00fcrlerine uyum sa\u011flayarak ve tasar\u0131m a\u015famas\u0131ndan bitmi\u015f bask\u0131 \u00fcr\u00fcn\u00fcne kadar t\u00fcm bask\u0131 zincirine entegre olarak, s\u00fcrekli y\u00fcksek bask\u0131 kalitesi ve verimli \u00fcretim s\u00fcre\u00e7leri sa\u011flad\u0131.<\/p>\n<p class=\"translation-block\">Photoshop'un 1990'lardaki ilk kurulumlar\u0131nda, bug\u00fcn hala baz\u0131 yaz\u0131l\u0131mlara musallat olan \u00e7ok say\u0131da Euroscale veya <a href=\"https:\/\/blog1.proofen.de\/es\/lexico\/euroescala\/\" target=\"_self\" class=\"encyclopedia tooltipstered\">Euroscale<\/a> profili y\u00fcklenmi\u015ftir. \u00d6zellikle \u0130ngiltere'de bu profillerin hala yayg\u0131n olarak kullan\u0131ld\u0131\u011f\u0131 g\u00f6r\u00fclmektedir.<\/p>\n<p>Ancak, kullan\u0131m\u0131 art\u0131k tavsiye edilmemektedir. L\u00fctfen web sitesinde bulabilece\u011finiz g\u00fcncel ISO standartlar\u0131na ge\u00e7in. <a href=\"http:\/\/blog.proofs.de\/tr\/lexikon\/eci\/\" target=\"_self\" title=\"ECI - Avrupa Renk \u0130nisiyatifi - yay\u0131n sistemlerinde renk verilerinin i\u015flenmesiyle ilgilenen bir uzmanlar grubudur.\" class=\"encyclopedia\">ECI<\/a> \u00fccretsiz.<\/p>","protected":false},"excerpt":{"rendered":"<p class=\"translation-block\">Photoshop'un 1990'lardaki ilk kurulumlar\u0131nda, bug\u00fcn hala baz\u0131 yaz\u0131l\u0131mlara musallat olan \u00e7ok say\u0131da Euroscale veya <a href=\"https:\/\/blog1.proofen.de\/es\/lexico\/euroescala\/\" target=\"_self\" class=\"encyclopedia tooltipstered\">Euroscale<\/a> profili y\u00fcklenmi\u015ftir. \u00d6zellikle \u0130ngiltere'de bu profillerin hala yayg\u0131n olarak kullan\u0131ld\u0131\u011f\u0131 g\u00f6r\u00fclmektedir.<\/p>\n<p>Ancak, kullan\u0131m\u0131 art\u0131k tavsiye edilmemektedir. <\/p>","protected":false},"author":2,"featured_media":0,"comment_status":"open","ping_status":"open","template":"","meta":{"om_disable_all_campaigns":false,"inline_featured_image":false,"_monsterinsights_skip_tracking":false,"footnotes":""},"class_list":["post-1355","encyclopedia","type-encyclopedia","status-publish","hentry","no-featured-image-padding"],"aioseo_notices":[],"aioseo_head":"\n\t\t<!-- All in One SEO 5.0.1.1 - aioseo.com -->\n\t<meta name=\"description\" content=\"Wenn der Drucker fr\u00fcher von CMYK sprach, verwendete er den Begriff Euroscala um auszudr\u00fccken, da\u00df er mit europ\u00e4ischen Farben in Skala, also CMYK druckte.\" \/>\n\t<meta name=\"robots\" content=\"max-image-preview:large\" \/>\n\t<meta name=\"author\" content=\"Matthias Betz\"\/>\n\t<meta name=\"google-site-verification\" content=\"TuXxyRwxcEg2-WfOaQ8vScWQh3-uBAnxXmY7g3GT90A\" \/>\n\t<link rel=\"canonical\" href=\"http:\/\/blog.proofs.de\/tr\/lexikon\/euroscala\/\" \/>\n\t<meta name=\"generator\" content=\"All in One SEO (AIOSEO) 5.0.1.1\" \/>\n\n\t\t<meta name=\"seobility\" content=\"593a8578143db71543f014978c690d47\">\n\t\t<meta property=\"og:locale\" content=\"tr_TR\" \/>\n\t\t<meta property=\"og:site_name\" content=\"Proof.de | Alles zu Proof, Farbmanagement, Grafik, Messtechnik &amp; Co.\" \/>\n\t\t<meta property=\"og:type\" content=\"article\" \/>\n\t\t<meta property=\"og:title\" content=\"Euroscala | Lexikon | proof.de\" \/>\n\t\t<meta property=\"og:description\" content=\"Wenn der Drucker fr\u00fcher von CMYK sprach, verwendete er den Begriff Euroscala um auszudr\u00fccken, da\u00df er mit europ\u00e4ischen Farben in Skala, also CMYK druckte.\" \/>\n\t\t<meta property=\"og:url\" content=\"http:\/\/blog.proofs.de\/tr\/lexikon\/euroscala\/\" \/>\n\t\t<meta property=\"og:image\" content=\"http:\/\/blog1.proofen.de\/wp-content\/uploads\/2020\/04\/proof_background.jpg\" \/>\n\t\t<meta property=\"article:published_time\" content=\"2015-06-28T23:53:10+00:00\" \/>\n\t\t<meta property=\"article:modified_time\" content=\"2024-06-19T23:17:24+00:00\" \/>\n\t\t<meta property=\"article:publisher\" content=\"https:\/\/www.facebook.com\/Proof.de\/\" \/>\n\t\t<meta name=\"twitter:card\" content=\"summary\" \/>\n\t\t<meta name=\"twitter:title\" content=\"Euroscala | Lexikon | proof.de\" \/>\n\t\t<meta name=\"twitter:description\" content=\"Wenn der Drucker fr\u00fcher von CMYK sprach, verwendete er den Begriff Euroscala um auszudr\u00fccken, da\u00df er mit europ\u00e4ischen Farben in Skala, also CMYK druckte.\" \/>\n\t\t<meta name=\"twitter:image\" content=\"https:\/\/blog1.proofen.de\/wp-content\/uploads\/2020\/04\/proof_background.jpg\" \/>\n\t\t<script type=\"application\/ld+json\" class=\"aioseo-schema\">\n\t\t\t{\"@context\":\"https:\\\/\\\/schema.org\",\"@graph\":[{\"@type\":\"BreadcrumbList\",\"@id\":\"http:\\\/\\\/blog.proofs.de\\\/tr\\\/lexikon\\\/euroscala\\\/#breadcrumblist\",\"itemListElement\":[{\"@type\":\"ListItem\",\"@id\":\"http:\\\/\\\/blog.proofs.de\\\/tr#listItem\",\"position\":1,\"name\":\"Home\",\"item\":\"http:\\\/\\\/blog.proofs.de\\\/tr\",\"nextItem\":{\"@type\":\"ListItem\",\"@id\":\"http:\\\/\\\/blog.proofs.de\\\/tr\\\/lexikon\\\/#listItem\",\"name\":\"Lexikon\"}},{\"@type\":\"ListItem\",\"@id\":\"http:\\\/\\\/blog.proofs.de\\\/tr\\\/lexikon\\\/#listItem\",\"position\":2,\"name\":\"Lexikon\",\"item\":\"http:\\\/\\\/blog.proofs.de\\\/tr\\\/lexikon\\\/\",\"nextItem\":{\"@type\":\"ListItem\",\"@id\":\"http:\\\/\\\/blog.proofs.de\\\/tr\\\/lexikon\\\/euroscala\\\/#listItem\",\"name\":\"Euroscala\"},\"previousItem\":{\"@type\":\"ListItem\",\"@id\":\"http:\\\/\\\/blog.proofs.de\\\/tr#listItem\",\"name\":\"Home\"}},{\"@type\":\"ListItem\",\"@id\":\"http:\\\/\\\/blog.proofs.de\\\/tr\\\/lexikon\\\/euroscala\\\/#listItem\",\"position\":3,\"name\":\"Euroscala\",\"previousItem\":{\"@type\":\"ListItem\",\"@id\":\"http:\\\/\\\/blog.proofs.de\\\/tr\\\/lexikon\\\/#listItem\",\"name\":\"Lexikon\"}}]},{\"@type\":\"Organization\",\"@id\":\"http:\\\/\\\/blog.proofs.de\\\/tr\\\/#organization\",\"name\":\"Proof GmbH\",\"description\":\"Farbverbindlicher Proof, Farbproof, Digitalproof und Online-Proof.\",\"url\":\"http:\\\/\\\/blog.proofs.de\\\/tr\\\/\",\"telephone\":\"+4970717952740\",\"logo\":{\"@type\":\"ImageObject\",\"url\":\"https:\\\/\\\/blog1.proofen.de\\\/wp-content\\\/uploads\\\/2019\\\/09\\\/logo_proof_rgb_mit_balken_250px.png\",\"@id\":\"http:\\\/\\\/blog.proofs.de\\\/tr\\\/lexikon\\\/euroscala\\\/#organizationLogo\"},\"image\":{\"@id\":\"http:\\\/\\\/blog.proofs.de\\\/tr\\\/lexikon\\\/euroscala\\\/#organizationLogo\"},\"sameAs\":[\"https:\\\/\\\/www.facebook.com\\\/Proof.de\\\/\",\"https:\\\/\\\/www.instagram.com\\\/proof.de\\\/\",\"https:\\\/\\\/www.tiktok.com\\\/@proof_de\",\"https:\\\/\\\/www.youtube.com\\\/channel\\\/UCk80fQVQ25wC9wu3SywB-Nw\",\"https:\\\/\\\/www.linkedin.com\\\/company\\\/proof-de\"]},{\"@type\":\"Person\",\"@id\":\"http:\\\/\\\/blog.proofs.de\\\/tr\\\/author\\\/mbetz\\\/#author\",\"url\":\"http:\\\/\\\/blog.proofs.de\\\/tr\\\/author\\\/mbetz\\\/\",\"name\":\"Matthias Betz\",\"image\":{\"@type\":\"ImageObject\",\"@id\":\"http:\\\/\\\/blog.proofs.de\\\/tr\\\/lexikon\\\/euroscala\\\/#authorImage\",\"url\":\"https:\\\/\\\/blog.proofs.de\\\/wp-content\\\/uploads\\\/2020\\\/10\\\/matthias-betz-e1603934518350-150x150.png\",\"width\":96,\"height\":96,\"caption\":\"Matthias Betz\"}},{\"@type\":\"WebPage\",\"@id\":\"http:\\\/\\\/blog.proofs.de\\\/tr\\\/lexikon\\\/euroscala\\\/#webpage\",\"url\":\"http:\\\/\\\/blog.proofs.de\\\/tr\\\/lexikon\\\/euroscala\\\/\",\"name\":\"Euroscala | Lexikon | proof.de\",\"description\":\"Wenn der Drucker fr\\u00fcher von CMYK sprach, verwendete er den Begriff Euroscala um auszudr\\u00fccken, da\\u00df er mit europ\\u00e4ischen Farben in Skala, also CMYK druckte.\",\"inLanguage\":\"tr-TR\",\"isPartOf\":{\"@id\":\"http:\\\/\\\/blog.proofs.de\\\/tr\\\/#website\"},\"breadcrumb\":{\"@id\":\"http:\\\/\\\/blog.proofs.de\\\/tr\\\/lexikon\\\/euroscala\\\/#breadcrumblist\"},\"author\":{\"@id\":\"http:\\\/\\\/blog.proofs.de\\\/tr\\\/author\\\/mbetz\\\/#author\"},\"creator\":{\"@id\":\"http:\\\/\\\/blog.proofs.de\\\/tr\\\/author\\\/mbetz\\\/#author\"},\"datePublished\":\"2015-06-29T01:53:10+02:00\",\"dateModified\":\"2024-06-20T01:17:24+02:00\"},{\"@type\":\"WebSite\",\"@id\":\"http:\\\/\\\/blog.proofs.de\\\/tr\\\/#website\",\"url\":\"http:\\\/\\\/blog.proofs.de\\\/tr\\\/\",\"name\":\"Proof.de\",\"description\":\"Farbverbindlicher Proof, Farbproof, Digitalproof und Online-Proof.\",\"inLanguage\":\"tr-TR\",\"publisher\":{\"@id\":\"http:\\\/\\\/blog.proofs.de\\\/tr\\\/#organization\"}}]}\n\t\t<\/script>\n\t\t<!-- All in One SEO -->\n\n","aioseo_head_json":{"title":"Euroscala | Lexicon | proof.de","description":"Matbaac\u0131lar eskiden CMYK'dan bahsederken, Avrupa renkleriyle, yani CMYK ile bask\u0131 yapt\u0131klar\u0131n\u0131 ifade etmek i\u00e7in Euroscale terimini kullan\u0131rlard\u0131.","canonical_url":"http:\/\/blog.proofs.de\/tr\/lexikon\/euroscala\/","robots":"max-image-preview:large","keywords":"","webmasterTools":{"google-site-verification":"TuXxyRwxcEg2-WfOaQ8vScWQh3-uBAnxXmY7g3GT90A","miscellaneous":"&lt;meta name=\"seobility\" content=\"593a8578143db71543f014978c690d47\"&gt;"},"schema":{"@context":"https:\/\/schema.org","@graph":[{"@type":"BreadcrumbList","@id":"http:\/\/blog.proofs.de\/tr\/lexikon\/euroscala\/#breadcrumblist","itemListElement":[{"@type":"ListItem","@id":"http:\/\/blog.proofs.de\/tr#listItem","position":1,"name":"Home","item":"http:\/\/blog.proofs.de\/tr","nextItem":{"@type":"ListItem","@id":"http:\/\/blog.proofs.de\/tr\/lexikon\/#listItem","name":"Lexikon"}},{"@type":"ListItem","@id":"http:\/\/blog.proofs.de\/tr\/lexikon\/#listItem","position":2,"name":"Lexikon","item":"http:\/\/blog.proofs.de\/tr\/lexikon\/","nextItem":{"@type":"ListItem","@id":"http:\/\/blog.proofs.de\/tr\/lexikon\/euroscala\/#listItem","name":"Euroscala"},"previousItem":{"@type":"ListItem","@id":"http:\/\/blog.proofs.de\/tr#listItem","name":"Home"}},{"@type":"ListItem","@id":"http:\/\/blog.proofs.de\/tr\/lexikon\/euroscala\/#listItem","position":3,"name":"Euroscala","previousItem":{"@type":"ListItem","@id":"http:\/\/blog.proofs.de\/tr\/lexikon\/#listItem","name":"Lexikon"}}]},{"@type":"Organization","@id":"http:\/\/blog.proofs.de\/tr\/#organization","name":"Proof GmbH","description":"Farbverbindlicher Proof, Farbproof, Digitalproof und Online-Proof.","url":"http:\/\/blog.proofs.de\/tr\/","telephone":"+4970717952740","logo":{"@type":"ImageObject","url":"https:\/\/blog1.proofen.de\/wp-content\/uploads\/2019\/09\/logo_proof_rgb_mit_balken_250px.png","@id":"http:\/\/blog.proofs.de\/tr\/lexikon\/euroscala\/#organizationLogo"},"image":{"@id":"http:\/\/blog.proofs.de\/tr\/lexikon\/euroscala\/#organizationLogo"},"sameAs":["https:\/\/www.facebook.com\/Proof.de\/","https:\/\/www.instagram.com\/proof.de\/","https:\/\/www.tiktok.com\/@proof_de","https:\/\/www.youtube.com\/channel\/UCk80fQVQ25wC9wu3SywB-Nw","https:\/\/www.linkedin.com\/company\/proof-de"]},{"@type":"Person","@id":"http:\/\/blog.proofs.de\/tr\/author\/mbetz\/#author","url":"http:\/\/blog.proofs.de\/tr\/author\/mbetz\/","name":"Matthias Betz","image":{"@type":"ImageObject","@id":"http:\/\/blog.proofs.de\/tr\/lexikon\/euroscala\/#authorImage","url":"https:\/\/blog.proofs.de\/wp-content\/uploads\/2020\/10\/matthias-betz-e1603934518350-150x150.png","width":96,"height":96,"caption":"Matthias Betz"}},{"@type":"WebPage","@id":"http:\/\/blog.proofs.de\/tr\/lexikon\/euroscala\/#webpage","url":"http:\/\/blog.proofs.de\/tr\/lexikon\/euroscala\/","name":"Euroscala | Lexikon | proof.de","description":"Wenn der Drucker fr\u00fcher von CMYK sprach, verwendete er den Begriff Euroscala um auszudr\u00fccken, da\u00df er mit europ\u00e4ischen Farben in Skala, also CMYK druckte.","inLanguage":"tr-TR","isPartOf":{"@id":"http:\/\/blog.proofs.de\/tr\/#website"},"breadcrumb":{"@id":"http:\/\/blog.proofs.de\/tr\/lexikon\/euroscala\/#breadcrumblist"},"author":{"@id":"http:\/\/blog.proofs.de\/tr\/author\/mbetz\/#author"},"creator":{"@id":"http:\/\/blog.proofs.de\/tr\/author\/mbetz\/#author"},"datePublished":"2015-06-29T01:53:10+02:00","dateModified":"2024-06-20T01:17:24+02:00"},{"@type":"WebSite","@id":"http:\/\/blog.proofs.de\/tr\/#website","url":"http:\/\/blog.proofs.de\/tr\/","name":"Proof.de","description":"Farbverbindlicher Proof, Farbproof, Digitalproof und Online-Proof.","inLanguage":"tr-TR","publisher":{"@id":"http:\/\/blog.proofs.de\/tr\/#organization"}}]},"og:locale":"tr_TR","og:site_name":"Proof.de | Alles zu Proof, Farbmanagement, Grafik, Messtechnik &amp; Co.","og:type":"article","og:title":"Euroscala | Lexikon | proof.de","og:description":"Wenn der Drucker fr\u00fcher von CMYK sprach, verwendete er den Begriff Euroscala um auszudr\u00fccken, da\u00df er mit europ\u00e4ischen Farben in Skala, also CMYK druckte.","og:url":"http:\/\/blog.proofs.de\/tr\/lexikon\/euroscala\/","og:image":"http:\/\/blog1.proofen.de\/wp-content\/uploads\/2020\/04\/proof_background.jpg","article:published_time":"2015-06-28T23:53:10+00:00","article:modified_time":"2024-06-19T23:17:24+00:00","article:publisher":"https:\/\/www.facebook.com\/Proof.de\/","twitter:card":"summary","twitter:title":"Euroscala | Lexikon | proof.de","twitter:description":"Wenn der Drucker fr\u00fcher von CMYK sprach, verwendete er den Begriff Euroscala um auszudr\u00fccken, da\u00df er mit europ\u00e4ischen Farben in Skala, also CMYK druckte.","twitter:image":"https:\/\/blog1.proofen.de\/wp-content\/uploads\/2020\/04\/proof_background.jpg"},"aioseo_meta_data":{"post_id":"1355","title":"#post_title | S\u00f6zl\u00fck | proof.de","description":"Matbaac\u0131lar eskiden CMYK'dan bahsederken, Avrupa renkleriyle, yani CMYK ile bask\u0131 yapt\u0131klar\u0131n\u0131 ifade etmek i\u00e7in Euroscale terimini kullan\u0131rlard\u0131.","keywords":null,"keyphrases":{"focus":{"keyphrase":"Euroscala","score":70,"analysis":{"keyphraseInTitle":{"score":9,"maxScore":9,"error":0},"keyphraseInDescription":{"score":9,"maxScore":9,"error":0},"keyphraseLength":{"score":9,"maxScore":9,"error":0,"length":1},"keyphraseInURL":{"score":5,"maxScore":5,"error":0},"keyphraseInIntroduction":{"score":3,"maxScore":9,"error":1},"keyphraseInSubHeadings":[],"keyphraseInImageAlt":[],"keywordDensity":{"score":0,"type":"low","maxScore":9,"error":1}}},"additional":[]},"primary_term":null,"canonical_url":null,"og_title":null,"og_description":null,"og_object_type":"default","og_image_type":"default","og_image_url":null,"og_image_width":null,"og_image_height":null,"og_image_custom_url":null,"og_image_custom_fields":null,"og_video":"","og_custom_url":null,"og_article_section":null,"og_article_tags":null,"twitter_use_og":false,"twitter_card":"default","twitter_image_type":"default","twitter_image_url":null,"twitter_image_custom_url":null,"twitter_image_custom_fields":null,"twitter_title":null,"twitter_description":null,"schema":{"blockGraphs":[],"customGraphs":[],"default":{"data":{"Article":[],"Course":[],"Dataset":[],"FAQPage":[],"Movie":[],"Person":[],"Product":[],"ProductReview":[],"Car":[],"Recipe":[],"Service":[],"SoftwareApplication":[],"WebPage":[]},"graphName":"WebPage","isEnabled":true},"graphs":[],"defaultGraph":"WebPage","defaultPostTypeGraph":""},"schema_type":"default","schema_type_options":"{\"article\":{\"articleType\":\"BlogPosting\"},\"course\":{\"name\":\"\",\"description\":\"\",\"provider\":\"\"},\"faq\":{\"pages\":[]},\"product\":{\"reviews\":[]},\"recipe\":{\"ingredients\":[],\"instructions\":[],\"keywords\":[]},\"software\":{\"reviews\":[],\"operatingSystems\":[]},\"webPage\":{\"webPageType\":\"WebPage\"}}","pillar_content":false,"robots_default":true,"robots_noindex":false,"robots_noarchive":false,"robots_nosnippet":false,"robots_nofollow":false,"robots_noimageindex":false,"robots_noodp":false,"robots_notranslate":false,"robots_max_snippet":"-1","robots_max_videopreview":"-1","robots_max_imagepreview":"large","priority":null,"frequency":"default","local_seo":null,"breadcrumb_settings":null,"limit_modified_date":false,"ai":null,"created":"2020-12-21 00:32:57","updated":"2025-06-04 13:53:05","seo_analyzer_scan_date":null,"focus_keyword":"Euroscala","additional_keywords":null,"truseo_locale":null},"_links":{"self":[{"href":"http:\/\/blog.proofs.de\/tr\/wp-json\/wp\/v2\/encyclopedia\/1355","targetHints":{"allow":["GET"]}}],"collection":[{"href":"http:\/\/blog.proofs.de\/tr\/wp-json\/wp\/v2\/encyclopedia"}],"about":[{"href":"http:\/\/blog.proofs.de\/tr\/wp-json\/wp\/v2\/types\/encyclopedia"}],"author":[{"embeddable":true,"href":"http:\/\/blog.proofs.de\/tr\/wp-json\/wp\/v2\/users\/2"}],"replies":[{"embeddable":true,"href":"http:\/\/blog.proofs.de\/tr\/wp-json\/wp\/v2\/comments?post=1355"}],"version-history":[{"count":3,"href":"http:\/\/blog.proofs.de\/tr\/wp-json\/wp\/v2\/encyclopedia\/1355\/revisions"}],"predecessor-version":[{"id":5750,"href":"http:\/\/blog.proofs.de\/tr\/wp-json\/wp\/v2\/encyclopedia\/1355\/revisions\/5750"}],"wp:attachment":[{"href":"http:\/\/blog.proofs.de\/tr\/wp-json\/wp\/v2\/media?parent=1355"}],"curies":[{"name":"wp","href":"https:\/\/api.w.org\/{rel}","templated":true}]}}