{"id":2911,"date":"2020-03-30T16:25:38","date_gmt":"2020-03-30T14:25:38","guid":{"rendered":"https:\/\/www.proof.de\/?post_type=encyclopedia&#038;p=2911"},"modified":"2023-07-12T02:10:21","modified_gmt":"2023-07-12T00:10:21","slug":"renk-ayrimi","status":"publish","type":"encyclopedia","link":"http:\/\/blog.proofs.de\/tr\/lexikon\/farbseparation\/","title":{"rendered":"Renk ayr\u0131m\u0131"},"content":{"rendered":"<div class=\"kk-star-ratings kksr-auto kksr-align-right kksr-valign-top\" data-payload='{\"align\":\"right\",\"id\":\"2911\",\"slug\":\"default\",\"valign\":\"top\",\"ignore\":\"\",\"reference\":\"auto\",\"class\":\"\",\"count\":\"0\",\"legendonly\":\"\",\"readonly\":\"\",\"score\":\"0\",\"starsonly\":\"\",\"best\":\"5\",\"gap\":\"5\",\"greet\":\"Jetzt bewerten\",\"legend\":\"0\\\/5 - (0 votes)\",\"size\":\"24\",\"title\":\"Farbseparation\",\"width\":\"0\",\"_legend\":\"{score}\\\/{best} - ({count} {votes})\",\"font_factor\":\"1.25\"}'>\n            \n<div class=\"kksr-stars\">\n    \n<div class=\"kksr-stars-inactive\">\n            <div class=\"kksr-star\" data-star=\"1\" style=\"padding-right: 5px\">\n            \n\n<div class=\"kksr-icon\" style=\"width: 24px; height: 24px;\"><\/div>\n        <\/div>\n            <div class=\"kksr-star\" data-star=\"2\" style=\"padding-right: 5px\">\n            \n\n<div class=\"kksr-icon\" style=\"width: 24px; height: 24px;\"><\/div>\n        <\/div>\n            <div class=\"kksr-star\" data-star=\"3\" style=\"padding-right: 5px\">\n            \n\n<div class=\"kksr-icon\" style=\"width: 24px; height: 24px;\"><\/div>\n        <\/div>\n            <div class=\"kksr-star\" data-star=\"4\" style=\"padding-right: 5px\">\n            \n\n<div class=\"kksr-icon\" style=\"width: 24px; height: 24px;\"><\/div>\n        <\/div>\n            <div class=\"kksr-star\" data-star=\"5\" style=\"padding-right: 5px\">\n            \n\n<div class=\"kksr-icon\" style=\"width: 24px; height: 24px;\"><\/div>\n        <\/div>\n    <\/div>\n    \n<div class=\"kksr-stars-active\" style=\"width: 0px;\">\n            <div class=\"kksr-star\" style=\"padding-right: 5px\">\n            \n\n<div class=\"kksr-icon\" style=\"width: 24px; height: 24px;\"><\/div>\n        <\/div>\n            <div class=\"kksr-star\" style=\"padding-right: 5px\">\n            \n\n<div class=\"kksr-icon\" style=\"width: 24px; height: 24px;\"><\/div>\n        <\/div>\n            <div class=\"kksr-star\" style=\"padding-right: 5px\">\n            \n\n<div class=\"kksr-icon\" style=\"width: 24px; height: 24px;\"><\/div>\n        <\/div>\n            <div class=\"kksr-star\" style=\"padding-right: 5px\">\n            \n\n<div class=\"kksr-icon\" style=\"width: 24px; height: 24px;\"><\/div>\n        <\/div>\n            <div class=\"kksr-star\" style=\"padding-right: 5px\">\n            \n\n<div class=\"kksr-icon\" style=\"width: 24px; height: 24px;\"><\/div>\n        <\/div>\n    <\/div>\n<\/div>\n                \n\n<div class=\"kksr-legend\" style=\"font-size: 19.2px;\">\n            <span class=\"kksr-muted\">\u015eimdi de\u011ferlendirin<\/span>\n    <\/div>\n    <\/div>\n<p>Renk ayr\u0131m\u0131nda, renkli bir dijital g\u00f6r\u00fcnt\u00fc renk bile\u015fenlerine g\u00f6re ayr\u0131 renk ayr\u0131mlar\u0131na ayr\u0131l\u0131r.<\/p>\n<p>D\u00f6rt renkli bask\u0131 i\u00e7in bu, yedi renkli bask\u0131da a\u015fa\u011f\u0131daki gibi her biri camg\u00f6be\u011fi (C), macenta (M), sar\u0131 (Y) ve siyah (K) i\u00e7in d\u00f6rt tek renkli g\u00f6r\u00fcnt\u00fcyle sonu\u00e7lan\u0131r <a href=\"http:\/\/blog.proofs.de\/tr\/lexikon\/fogra\/\" target=\"_self\" title=\"Merkezi M\u00fcnih&#039;te bulunan Fogra Forschungsgesellschaft Druck e.V..\" class=\"encyclopedia\">FOGRA<\/a>55 menek\u015fe, turuncu ve ye\u015fil renkleri de eklenmi\u015ftir.<\/p>\n<p class=\"translation-block\">Renk ayr\u0131m\u0131n\u0131n amac\u0131, bir g\u00f6r\u00fcnt\u00fcn\u00fcn renk bilgisini, bask\u0131 s\u00fcrecinde ayr\u0131 bask\u0131 plakalar\u0131 taraf\u0131ndan i\u015flenebilecek \u015fekilde b\u00f6lmektir. Her renk kanal\u0131 belirli bir rengi temsil eder ve bu rengi bask\u0131da yeniden \u00fcretecek bilgileri i\u00e7erir. G\u00fcn\u00fcm\u00fczde renk ayr\u0131m\u0131, g\u00f6r\u00fcnt\u00fcy\u00fc otomatik olarak renk kanallar\u0131na b\u00f6lmek i\u00e7in algoritmalara ve <a href=\"https:\/\/blog1.proofen.de\/es\/lexico\/perfil-de-color\/\" target=\"_self\" class=\"encyclopedia tooltipstered\">renk profillerine<\/a> dayal\u0131 yaz\u0131l\u0131mlar kullanmaktad\u0131r.<\/p>\n<p class=\"translation-block\">N\u00f6tr, gri bir alan\u0131n temsili, farkl\u0131 renk ay\u0131rma se\u00e7eneklerine bir \u00f6rnek te\u015fkil edebilir. 127\/127\/127 renk de\u011ferine sahip bir <a href=\"https:\/\/blog1.proofen.de\/es\/lexico\/rgb\/\" target=\"_self\" class=\"encyclopedia tooltipstered\">RGB<\/a> g\u00f6r\u00fcnt\u00fcs\u00fc veya 50% de\u011ferine sahip gri tonlamal\u0131 bir g\u00f6r\u00fcnt\u00fc - e\u011fer <a href=\"https:\/\/blog1.proofen.en\/es\/lexico\/cmyk\/\" target=\"_self\" class=\"encyclopedia tooltipstered\">CMYK<\/a> <a href=\"https:\/\/blog1.proofen.de\/es\/lexico\/isocoatedv2\/\" target=\"_self\" class=\"encyclopedia tooltipstered\">ISOCoatedV2<\/a> gibi - ya 0\/0\/0\/50 olur ya da 60\/50\/50\/0 olarak ayr\u0131l\u0131r. Her iki gri alan da ISOCoatedV2'de benzer olacakt\u0131r, ancak bask\u0131da tamamen farkl\u0131 avantajlar ve dezavantajlar sunacakt\u0131r.<\/p>\n<p class=\"translation-block\">Renk ayr\u0131m\u0131, bask\u0131 \u00f6ncesi a\u015famada \u00f6nemli bir ad\u0131md\u0131r \u00e7\u00fcnk\u00fc bask\u0131da sonraki renk \u00fcretimi i\u00e7in temel olu\u015fturur. Ayr\u0131\u015ft\u0131r\u0131lan renk kanallar\u0131 daha sonra bask\u0131 kal\u0131plar\u0131 \u00fcretmek veya bir rengi ya da g\u00f6r\u00fcnt\u00fcy\u00fc istenen <a href=\"https:\/\/blog1.proofen.de\/es\/lexico\/espectro-de-colores\/\" target=\"_self\" class=\"encyclopedia tooltipstered\">renk spektrumunda<\/a> yeniden \u00fcretmek amac\u0131yla bask\u0131 makinelerini kontrol etmek i\u00e7in kullan\u0131l\u0131r. Hassas renk ayr\u0131m\u0131, bask\u0131da tam renk \u00fcretimi sa\u011flayabilir.<\/p>\n<p>&nbsp;<\/p>","protected":false},"excerpt":{"rendered":"<p>Renk ayr\u0131m\u0131nda, renkli bir dijital g\u00f6r\u00fcnt\u00fc renk bile\u015fenlerine g\u00f6re ayr\u0131 renk ayr\u0131mlar\u0131na ayr\u0131l\u0131r.<\/p>","protected":false},"author":2,"featured_media":0,"comment_status":"open","ping_status":"open","template":"","meta":{"om_disable_all_campaigns":false,"inline_featured_image":false,"_monsterinsights_skip_tracking":false,"footnotes":""},"class_list":["post-2911","encyclopedia","type-encyclopedia","status-publish","hentry","no-featured-image-padding"],"aioseo_notices":[],"aioseo_head":"\n\t\t<!-- All in One SEO 5.0.1.1 - aioseo.com -->\n\t<meta name=\"description\" content=\"Bei der Farbsparation wird ein buntes digitales Bild entsprechend seiner Farbanteile in separate Farbausz\u00fcge zerlegt.\" \/>\n\t<meta name=\"robots\" content=\"max-image-preview:large\" \/>\n\t<meta name=\"author\" content=\"Matthias Betz\"\/>\n\t<meta name=\"google-site-verification\" content=\"TuXxyRwxcEg2-WfOaQ8vScWQh3-uBAnxXmY7g3GT90A\" \/>\n\t<link rel=\"canonical\" href=\"http:\/\/blog.proofs.de\/tr\/lexikon\/farbseparation\/\" \/>\n\t<meta name=\"generator\" content=\"All in One SEO (AIOSEO) 5.0.1.1\" \/>\n\n\t\t<meta name=\"seobility\" content=\"593a8578143db71543f014978c690d47\">\n\t\t<meta property=\"og:locale\" content=\"tr_TR\" \/>\n\t\t<meta property=\"og:site_name\" content=\"Proof.de | Alles zu Proof, Farbmanagement, Grafik, Messtechnik &amp; Co.\" \/>\n\t\t<meta property=\"og:type\" content=\"article\" \/>\n\t\t<meta property=\"og:title\" content=\"Farbseparation | Lexikon | proof.de\" \/>\n\t\t<meta property=\"og:description\" content=\"Bei der Farbsparation wird ein buntes digitales Bild entsprechend seiner Farbanteile in separate Farbausz\u00fcge zerlegt.\" \/>\n\t\t<meta property=\"og:url\" content=\"http:\/\/blog.proofs.de\/tr\/lexikon\/farbseparation\/\" \/>\n\t\t<meta property=\"og:image\" content=\"http:\/\/blog1.proofen.de\/wp-content\/uploads\/2020\/04\/proof_background.jpg\" \/>\n\t\t<meta property=\"article:published_time\" content=\"2020-03-30T14:25:38+00:00\" \/>\n\t\t<meta property=\"article:modified_time\" content=\"2023-07-12T00:10:21+00:00\" \/>\n\t\t<meta property=\"article:publisher\" content=\"https:\/\/www.facebook.com\/Proof.de\/\" \/>\n\t\t<meta name=\"twitter:card\" content=\"summary\" \/>\n\t\t<meta name=\"twitter:title\" content=\"Farbseparation | Lexikon | proof.de\" \/>\n\t\t<meta name=\"twitter:description\" content=\"Bei der Farbsparation wird ein buntes digitales Bild entsprechend seiner Farbanteile in separate Farbausz\u00fcge zerlegt.\" \/>\n\t\t<meta name=\"twitter:image\" content=\"https:\/\/blog1.proofen.de\/wp-content\/uploads\/2020\/04\/proof_background.jpg\" \/>\n\t\t<script type=\"application\/ld+json\" class=\"aioseo-schema\">\n\t\t\t{\"@context\":\"https:\\\/\\\/schema.org\",\"@graph\":[{\"@type\":\"BreadcrumbList\",\"@id\":\"http:\\\/\\\/blog.proofs.de\\\/tr\\\/lexikon\\\/farbseparation\\\/#breadcrumblist\",\"itemListElement\":[{\"@type\":\"ListItem\",\"@id\":\"http:\\\/\\\/blog.proofs.de\\\/tr#listItem\",\"position\":1,\"name\":\"Home\",\"item\":\"http:\\\/\\\/blog.proofs.de\\\/tr\",\"nextItem\":{\"@type\":\"ListItem\",\"@id\":\"http:\\\/\\\/blog.proofs.de\\\/tr\\\/lexikon\\\/#listItem\",\"name\":\"Lexikon\"}},{\"@type\":\"ListItem\",\"@id\":\"http:\\\/\\\/blog.proofs.de\\\/tr\\\/lexikon\\\/#listItem\",\"position\":2,\"name\":\"Lexikon\",\"item\":\"http:\\\/\\\/blog.proofs.de\\\/tr\\\/lexikon\\\/\",\"nextItem\":{\"@type\":\"ListItem\",\"@id\":\"http:\\\/\\\/blog.proofs.de\\\/tr\\\/lexikon\\\/farbseparation\\\/#listItem\",\"name\":\"Farbseparation\"},\"previousItem\":{\"@type\":\"ListItem\",\"@id\":\"http:\\\/\\\/blog.proofs.de\\\/tr#listItem\",\"name\":\"Home\"}},{\"@type\":\"ListItem\",\"@id\":\"http:\\\/\\\/blog.proofs.de\\\/tr\\\/lexikon\\\/farbseparation\\\/#listItem\",\"position\":3,\"name\":\"Farbseparation\",\"previousItem\":{\"@type\":\"ListItem\",\"@id\":\"http:\\\/\\\/blog.proofs.de\\\/tr\\\/lexikon\\\/#listItem\",\"name\":\"Lexikon\"}}]},{\"@type\":\"Organization\",\"@id\":\"http:\\\/\\\/blog.proofs.de\\\/tr\\\/#organization\",\"name\":\"Proof GmbH\",\"description\":\"Farbverbindlicher Proof, Farbproof, Digitalproof und Online-Proof.\",\"url\":\"http:\\\/\\\/blog.proofs.de\\\/tr\\\/\",\"telephone\":\"+4970717952740\",\"logo\":{\"@type\":\"ImageObject\",\"url\":\"https:\\\/\\\/blog1.proofen.de\\\/wp-content\\\/uploads\\\/2019\\\/09\\\/logo_proof_rgb_mit_balken_250px.png\",\"@id\":\"http:\\\/\\\/blog.proofs.de\\\/tr\\\/lexikon\\\/farbseparation\\\/#organizationLogo\"},\"image\":{\"@id\":\"http:\\\/\\\/blog.proofs.de\\\/tr\\\/lexikon\\\/farbseparation\\\/#organizationLogo\"},\"sameAs\":[\"https:\\\/\\\/www.facebook.com\\\/Proof.de\\\/\",\"https:\\\/\\\/www.instagram.com\\\/proof.de\\\/\",\"https:\\\/\\\/www.tiktok.com\\\/@proof_de\",\"https:\\\/\\\/www.youtube.com\\\/channel\\\/UCk80fQVQ25wC9wu3SywB-Nw\",\"https:\\\/\\\/www.linkedin.com\\\/company\\\/proof-de\"]},{\"@type\":\"Person\",\"@id\":\"http:\\\/\\\/blog.proofs.de\\\/tr\\\/author\\\/mbetz\\\/#author\",\"url\":\"http:\\\/\\\/blog.proofs.de\\\/tr\\\/author\\\/mbetz\\\/\",\"name\":\"Matthias Betz\",\"image\":{\"@type\":\"ImageObject\",\"@id\":\"http:\\\/\\\/blog.proofs.de\\\/tr\\\/lexikon\\\/farbseparation\\\/#authorImage\",\"url\":\"https:\\\/\\\/blog.proofs.de\\\/wp-content\\\/uploads\\\/2020\\\/10\\\/matthias-betz-e1603934518350-150x150.png\",\"width\":96,\"height\":96,\"caption\":\"Matthias Betz\"}},{\"@type\":\"WebPage\",\"@id\":\"http:\\\/\\\/blog.proofs.de\\\/tr\\\/lexikon\\\/farbseparation\\\/#webpage\",\"url\":\"http:\\\/\\\/blog.proofs.de\\\/tr\\\/lexikon\\\/farbseparation\\\/\",\"name\":\"Farbseparation | Lexikon | proof.de\",\"description\":\"Bei der Farbsparation wird ein buntes digitales Bild entsprechend seiner Farbanteile in separate Farbausz\\u00fcge zerlegt.\",\"inLanguage\":\"tr-TR\",\"isPartOf\":{\"@id\":\"http:\\\/\\\/blog.proofs.de\\\/tr\\\/#website\"},\"breadcrumb\":{\"@id\":\"http:\\\/\\\/blog.proofs.de\\\/tr\\\/lexikon\\\/farbseparation\\\/#breadcrumblist\"},\"author\":{\"@id\":\"http:\\\/\\\/blog.proofs.de\\\/tr\\\/author\\\/mbetz\\\/#author\"},\"creator\":{\"@id\":\"http:\\\/\\\/blog.proofs.de\\\/tr\\\/author\\\/mbetz\\\/#author\"},\"datePublished\":\"2020-03-30T16:25:38+02:00\",\"dateModified\":\"2023-07-12T02:10:21+02:00\"},{\"@type\":\"WebSite\",\"@id\":\"http:\\\/\\\/blog.proofs.de\\\/tr\\\/#website\",\"url\":\"http:\\\/\\\/blog.proofs.de\\\/tr\\\/\",\"name\":\"Proof.de\",\"description\":\"Farbverbindlicher Proof, Farbproof, Digitalproof und Online-Proof.\",\"inLanguage\":\"tr-TR\",\"publisher\":{\"@id\":\"http:\\\/\\\/blog.proofs.de\\\/tr\\\/#organization\"}}]}\n\t\t<\/script>\n\t\t<!-- All in One SEO -->\n\n","aioseo_head_json":{"title":"Renk ayr\u0131m\u0131 | Lexicon | proof.de","description":"Renk ayr\u0131m\u0131nda, renkli bir dijital g\u00f6r\u00fcnt\u00fc renk bile\u015fenlerine g\u00f6re ayr\u0131 renk ayr\u0131mlar\u0131na ayr\u0131l\u0131r.","canonical_url":"http:\/\/blog.proofs.de\/tr\/lexikon\/farbseparation\/","robots":"max-image-preview:large","keywords":"","webmasterTools":{"google-site-verification":"TuXxyRwxcEg2-WfOaQ8vScWQh3-uBAnxXmY7g3GT90A","miscellaneous":"&lt;meta name=\"seobility\" content=\"593a8578143db71543f014978c690d47\"&gt;"},"schema":{"@context":"https:\/\/schema.org","@graph":[{"@type":"BreadcrumbList","@id":"http:\/\/blog.proofs.de\/tr\/lexikon\/farbseparation\/#breadcrumblist","itemListElement":[{"@type":"ListItem","@id":"http:\/\/blog.proofs.de\/tr#listItem","position":1,"name":"Home","item":"http:\/\/blog.proofs.de\/tr","nextItem":{"@type":"ListItem","@id":"http:\/\/blog.proofs.de\/tr\/lexikon\/#listItem","name":"Lexikon"}},{"@type":"ListItem","@id":"http:\/\/blog.proofs.de\/tr\/lexikon\/#listItem","position":2,"name":"Lexikon","item":"http:\/\/blog.proofs.de\/tr\/lexikon\/","nextItem":{"@type":"ListItem","@id":"http:\/\/blog.proofs.de\/tr\/lexikon\/farbseparation\/#listItem","name":"Farbseparation"},"previousItem":{"@type":"ListItem","@id":"http:\/\/blog.proofs.de\/tr#listItem","name":"Home"}},{"@type":"ListItem","@id":"http:\/\/blog.proofs.de\/tr\/lexikon\/farbseparation\/#listItem","position":3,"name":"Farbseparation","previousItem":{"@type":"ListItem","@id":"http:\/\/blog.proofs.de\/tr\/lexikon\/#listItem","name":"Lexikon"}}]},{"@type":"Organization","@id":"http:\/\/blog.proofs.de\/tr\/#organization","name":"Proof GmbH","description":"Farbverbindlicher Proof, Farbproof, Digitalproof und Online-Proof.","url":"http:\/\/blog.proofs.de\/tr\/","telephone":"+4970717952740","logo":{"@type":"ImageObject","url":"https:\/\/blog1.proofen.de\/wp-content\/uploads\/2019\/09\/logo_proof_rgb_mit_balken_250px.png","@id":"http:\/\/blog.proofs.de\/tr\/lexikon\/farbseparation\/#organizationLogo"},"image":{"@id":"http:\/\/blog.proofs.de\/tr\/lexikon\/farbseparation\/#organizationLogo"},"sameAs":["https:\/\/www.facebook.com\/Proof.de\/","https:\/\/www.instagram.com\/proof.de\/","https:\/\/www.tiktok.com\/@proof_de","https:\/\/www.youtube.com\/channel\/UCk80fQVQ25wC9wu3SywB-Nw","https:\/\/www.linkedin.com\/company\/proof-de"]},{"@type":"Person","@id":"http:\/\/blog.proofs.de\/tr\/author\/mbetz\/#author","url":"http:\/\/blog.proofs.de\/tr\/author\/mbetz\/","name":"Matthias Betz","image":{"@type":"ImageObject","@id":"http:\/\/blog.proofs.de\/tr\/lexikon\/farbseparation\/#authorImage","url":"https:\/\/blog.proofs.de\/wp-content\/uploads\/2020\/10\/matthias-betz-e1603934518350-150x150.png","width":96,"height":96,"caption":"Matthias Betz"}},{"@type":"WebPage","@id":"http:\/\/blog.proofs.de\/tr\/lexikon\/farbseparation\/#webpage","url":"http:\/\/blog.proofs.de\/tr\/lexikon\/farbseparation\/","name":"Farbseparation | Lexikon | proof.de","description":"Bei der Farbsparation wird ein buntes digitales Bild entsprechend seiner Farbanteile in separate Farbausz\u00fcge zerlegt.","inLanguage":"tr-TR","isPartOf":{"@id":"http:\/\/blog.proofs.de\/tr\/#website"},"breadcrumb":{"@id":"http:\/\/blog.proofs.de\/tr\/lexikon\/farbseparation\/#breadcrumblist"},"author":{"@id":"http:\/\/blog.proofs.de\/tr\/author\/mbetz\/#author"},"creator":{"@id":"http:\/\/blog.proofs.de\/tr\/author\/mbetz\/#author"},"datePublished":"2020-03-30T16:25:38+02:00","dateModified":"2023-07-12T02:10:21+02:00"},{"@type":"WebSite","@id":"http:\/\/blog.proofs.de\/tr\/#website","url":"http:\/\/blog.proofs.de\/tr\/","name":"Proof.de","description":"Farbverbindlicher Proof, Farbproof, Digitalproof und Online-Proof.","inLanguage":"tr-TR","publisher":{"@id":"http:\/\/blog.proofs.de\/tr\/#organization"}}]},"og:locale":"tr_TR","og:site_name":"Proof.de | Alles zu Proof, Farbmanagement, Grafik, Messtechnik &amp; Co.","og:type":"article","og:title":"Farbseparation | Lexikon | proof.de","og:description":"Bei der Farbsparation wird ein buntes digitales Bild entsprechend seiner Farbanteile in separate Farbausz\u00fcge zerlegt.","og:url":"http:\/\/blog.proofs.de\/tr\/lexikon\/farbseparation\/","og:image":"http:\/\/blog1.proofen.de\/wp-content\/uploads\/2020\/04\/proof_background.jpg","article:published_time":"2020-03-30T14:25:38+00:00","article:modified_time":"2023-07-12T00:10:21+00:00","article:publisher":"https:\/\/www.facebook.com\/Proof.de\/","twitter:card":"summary","twitter:title":"Farbseparation | Lexikon | proof.de","twitter:description":"Bei der Farbsparation wird ein buntes digitales Bild entsprechend seiner Farbanteile in separate Farbausz\u00fcge zerlegt.","twitter:image":"https:\/\/blog1.proofen.de\/wp-content\/uploads\/2020\/04\/proof_background.jpg"},"aioseo_meta_data":{"post_id":"2911","title":"#post_title | S\u00f6zl\u00fck | proof.de","description":"Renk ayr\u0131m\u0131nda, renkli bir dijital g\u00f6r\u00fcnt\u00fc renk bile\u015fenlerine g\u00f6re ayr\u0131 renk ayr\u0131mlar\u0131na ayr\u0131l\u0131r.","keywords":[],"keyphrases":{"focus":{"keyphrase":"Farbseparation","score":71,"analysis":{"keyphraseInTitle":{"score":9,"maxScore":9,"error":0},"keyphraseInDescription":{"score":3,"maxScore":9,"error":1},"keyphraseLength":{"score":9,"maxScore":9,"error":0,"length":1},"keyphraseInURL":{"score":5,"maxScore":5,"error":0},"keyphraseInIntroduction":{"score":3,"maxScore":9,"error":1},"keyphraseInSubHeadings":[],"keyphraseInImageAlt":[]}},"additional":[]},"primary_term":null,"canonical_url":null,"og_title":null,"og_description":null,"og_object_type":"default","og_image_type":"default","og_image_url":null,"og_image_width":null,"og_image_height":null,"og_image_custom_url":null,"og_image_custom_fields":null,"og_video":"","og_custom_url":null,"og_article_section":null,"og_article_tags":[],"twitter_use_og":false,"twitter_card":"default","twitter_image_type":"default","twitter_image_url":null,"twitter_image_custom_url":null,"twitter_image_custom_fields":null,"twitter_title":null,"twitter_description":null,"schema":{"blockGraphs":[],"customGraphs":[],"default":{"data":{"Article":[],"Course":[],"Dataset":[],"FAQPage":[],"Movie":[],"Person":[],"Product":[],"ProductReview":[],"Car":[],"Recipe":[],"Service":[],"SoftwareApplication":[],"WebPage":[]},"graphName":"WebPage","isEnabled":true},"graphs":[],"defaultGraph":"WebPage","defaultPostTypeGraph":""},"schema_type":"default","schema_type_options":"{\"article\":{\"articleType\":\"BlogPosting\"},\"course\":{\"name\":\"\",\"description\":\"\",\"provider\":\"\"},\"faq\":{\"pages\":[]},\"product\":{\"reviews\":[]},\"recipe\":{\"ingredients\":[],\"instructions\":[],\"keywords\":[]},\"software\":{\"reviews\":[],\"operatingSystems\":[]},\"webPage\":{\"webPageType\":\"WebPage\"}}","pillar_content":false,"robots_default":true,"robots_noindex":false,"robots_noarchive":false,"robots_nosnippet":false,"robots_nofollow":false,"robots_noimageindex":false,"robots_noodp":false,"robots_notranslate":false,"robots_max_snippet":"-1","robots_max_videopreview":"-1","robots_max_imagepreview":"large","priority":null,"frequency":"default","local_seo":null,"breadcrumb_settings":null,"limit_modified_date":false,"ai":null,"created":"2020-12-21 00:32:57","updated":"2025-06-04 13:57:39","seo_analyzer_scan_date":null,"focus_keyword":"Farbseparation","additional_keywords":null,"truseo_locale":null},"_links":{"self":[{"href":"http:\/\/blog.proofs.de\/tr\/wp-json\/wp\/v2\/encyclopedia\/2911","targetHints":{"allow":["GET"]}}],"collection":[{"href":"http:\/\/blog.proofs.de\/tr\/wp-json\/wp\/v2\/encyclopedia"}],"about":[{"href":"http:\/\/blog.proofs.de\/tr\/wp-json\/wp\/v2\/types\/encyclopedia"}],"author":[{"embeddable":true,"href":"http:\/\/blog.proofs.de\/tr\/wp-json\/wp\/v2\/users\/2"}],"replies":[{"embeddable":true,"href":"http:\/\/blog.proofs.de\/tr\/wp-json\/wp\/v2\/comments?post=2911"}],"version-history":[{"count":5,"href":"http:\/\/blog.proofs.de\/tr\/wp-json\/wp\/v2\/encyclopedia\/2911\/revisions"}],"predecessor-version":[{"id":5352,"href":"http:\/\/blog.proofs.de\/tr\/wp-json\/wp\/v2\/encyclopedia\/2911\/revisions\/5352"}],"wp:attachment":[{"href":"http:\/\/blog.proofs.de\/tr\/wp-json\/wp\/v2\/media?parent=2911"}],"curies":[{"name":"wp","href":"https:\/\/api.w.org\/{rel}","templated":true}]}}