{"id":4305,"date":"2021-05-14T15:53:08","date_gmt":"2021-05-14T13:53:08","guid":{"rendered":"https:\/\/www.proof.de\/?post_type=encyclopedia&#038;p=4305"},"modified":"2023-07-17T10:39:48","modified_gmt":"2023-07-17T08:39:48","slug":"bilyali-kafa-oelcuem-cihazi","status":"publish","type":"encyclopedia","link":"http:\/\/blog.proofs.de\/tr\/lexikon\/kugelkopfmessgeraet\/","title":{"rendered":"Bilyal\u0131 kafa \u00f6l\u00e7\u00fcm cihaz\u0131"},"content":{"rendered":"<div class=\"kk-star-ratings kksr-auto kksr-align-right kksr-valign-top\" data-payload='{\"align\":\"right\",\"id\":\"4305\",\"slug\":\"default\",\"valign\":\"top\",\"ignore\":\"\",\"reference\":\"auto\",\"class\":\"\",\"count\":\"0\",\"legendonly\":\"\",\"readonly\":\"\",\"score\":\"0\",\"starsonly\":\"\",\"best\":\"5\",\"gap\":\"5\",\"greet\":\"Jetzt bewerten\",\"legend\":\"0\\\/5 - (0 votes)\",\"size\":\"24\",\"title\":\"Kugelkopfmessger&auml;t\",\"width\":\"0\",\"_legend\":\"{score}\\\/{best} - ({count} {votes})\",\"font_factor\":\"1.25\"}'>\n            \n<div class=\"kksr-stars\">\n    \n<div class=\"kksr-stars-inactive\">\n            <div class=\"kksr-star\" data-star=\"1\" style=\"padding-right: 5px\">\n            \n\n<div class=\"kksr-icon\" style=\"width: 24px; height: 24px;\"><\/div>\n        <\/div>\n            <div class=\"kksr-star\" data-star=\"2\" style=\"padding-right: 5px\">\n            \n\n<div class=\"kksr-icon\" style=\"width: 24px; height: 24px;\"><\/div>\n        <\/div>\n            <div class=\"kksr-star\" data-star=\"3\" style=\"padding-right: 5px\">\n            \n\n<div class=\"kksr-icon\" style=\"width: 24px; height: 24px;\"><\/div>\n        <\/div>\n            <div class=\"kksr-star\" data-star=\"4\" style=\"padding-right: 5px\">\n            \n\n<div class=\"kksr-icon\" style=\"width: 24px; height: 24px;\"><\/div>\n        <\/div>\n            <div class=\"kksr-star\" data-star=\"5\" style=\"padding-right: 5px\">\n            \n\n<div class=\"kksr-icon\" style=\"width: 24px; height: 24px;\"><\/div>\n        <\/div>\n    <\/div>\n    \n<div class=\"kksr-stars-active\" style=\"width: 0px;\">\n            <div class=\"kksr-star\" style=\"padding-right: 5px\">\n            \n\n<div class=\"kksr-icon\" style=\"width: 24px; height: 24px;\"><\/div>\n        <\/div>\n            <div class=\"kksr-star\" style=\"padding-right: 5px\">\n            \n\n<div class=\"kksr-icon\" style=\"width: 24px; height: 24px;\"><\/div>\n        <\/div>\n            <div class=\"kksr-star\" style=\"padding-right: 5px\">\n            \n\n<div class=\"kksr-icon\" style=\"width: 24px; height: 24px;\"><\/div>\n        <\/div>\n            <div class=\"kksr-star\" style=\"padding-right: 5px\">\n            \n\n<div class=\"kksr-icon\" style=\"width: 24px; height: 24px;\"><\/div>\n        <\/div>\n            <div class=\"kksr-star\" style=\"padding-right: 5px\">\n            \n\n<div class=\"kksr-icon\" style=\"width: 24px; height: 24px;\"><\/div>\n        <\/div>\n    <\/div>\n<\/div>\n                \n\n<div class=\"kksr-legend\" style=\"font-size: 19.2px;\">\n            <span class=\"kksr-muted\">\u015eimdi de\u011ferlendirin<\/span>\n    <\/div>\n    <\/div>\n<p>Top kafa<a href=\"http:\/\/blog.proofs.de\/tr\/lexikon\/spektralphotometer\/\" target=\"_self\" title=\"Spektrofotometreler, her rengi \u00f6l\u00e7ebilen ve hassas bir \u015fekilde tan\u0131mlayabilen y\u00fcksek kaliteli renk \u00f6l\u00e7\u00fcm cihazlar\u0131d\u0131r. \u00d6l\u00e7\u00fcm cihaz\u0131 bunu, \u00f6l\u00e7\u00fcm y\u00fczeyini t\u00fcm g\u00f6r\u00fcn\u00fcr \u0131\u015f\u0131k spektrumuyla ayd\u0131nlatarak ger\u00e7ekle\u015ftirir. Belirli dalga boylar\u0131n\u0131n yans\u0131tma de\u011ferleri birlikte \u00f6l\u00e7\u00fclen de\u011feri olu\u015fturur ve bu de\u011fer genellikle Lab (M0 ile M2 aras\u0131nda serbest\u00e7e se\u00e7ilebilen \u00f6l\u00e7\u00fcm modu) olarak verilir. Ancak spektral \u00f6l\u00e7\u00fcm de\u011ferleri do\u011frudan da kaydedilebilir. Y\u00fcksek kaliteli prova yaz\u0131c\u0131lar\u0131, bask\u0131y\u0131 do\u011frudan do\u011frulayabilmek i\u00e7in kendi spektrofotometrelerine sahiptir.\" class=\"encyclopedia\">Spektrofotometre<\/a> bilyal\u0131 kafa \u00f6l\u00e7\u00fcm cihaz\u0131 gibi&nbsp;<a href=\"https:\/\/www5.konicaminolta.eu\/de\/messgeraete\/produkte\/farbmessung\/spektralphotometer-portabel\/cm-26dg-series\/einfuehrung.html\" target=\"_blank\" rel=\"noopener\">KonicaMinolta CM-26d <\/a>bir s\u0131n\u0131f\u0131d\u0131r. <a href=\"http:\/\/blog.proofs.de\/tr\/lexikon\/farbmessgeraet\/\" target=\"_self\" title=\"Bir rengin renk konumunu \u00f6l\u00e7en cihazlar, mevcut bir rengin renk de\u011ferlerinin belirlenmesine yard\u0131mc\u0131 olur.\" class=\"encyclopedia\">Renk\u00f6l\u00e7er<\/a>d:8\u00b0 bilyeli kafa geometrisi ile \u00f6l\u00e7\u00fcm moduna getirin. <a href=\"http:\/\/blog.proofs.de\/tr\/lexikon\/sci\/\" target=\"_self\" title='SCI veya SPIN - &quot;Spek\u00fcler Bile\u015fen Dahil&quot; anlam\u0131na gelir, &quot;parlakl\u0131k bile\u015feninin&quot; de \u00f6l\u00e7\u00fcld\u00fc\u011f\u00fc renklerin bilye noktas\u0131 \u00f6l\u00e7\u00fcm\u00fcnde bir \u00f6l\u00e7\u00fcm ko\u015fuludur.' class=\"encyclopedia\">SCI<\/a> - \"Spek\u00fcler Bile\u015fen Dahil\" yan\u0131 s\u0131ra <a href=\"http:\/\/blog.proofs.de\/tr\/lexikon\/sce\/\" target=\"_self\" title='SCE - bazen SPEX olarak da adland\u0131r\u0131l\u0131r - renklerin k\u00fcresel kafa spektral \u00f6l\u00e7\u00fcm\u00fc i\u00e7in bir \u00f6l\u00e7\u00fcm ko\u015fulu olan &quot;Specular Component Excluded&quot; anlam\u0131na gelir.' class=\"encyclopedia\">SCE<\/a> - \u201eSpek\u00fcler Bile\u015fen Hari\u00e7\u201c \u00f6l\u00e7\u00fcm\u00fc yapabilir. X-Rite i1 Pro2 gibi 45:0\u00b0 \u00f6l\u00e7\u00fcm cihazlar\u0131n\u0131n aksine, bu \u00f6l\u00e7\u00fcm cihazlar\u0131 a\u015fa\u011f\u0131daki gibi bir \u00f6l\u00e7\u00fcm yapabilir <a href=\"http:\/\/blog.proofs.de\/tr\/lexikon\/glanz\/\" target=\"_self\" title=\"Parlakl\u0131k, bir y\u00fczeyin \u0131\u015f\u0131\u011f\u0131 y\u00f6nsel olarak yans\u0131tma kalitesini tan\u0131mlar. E\u011fer \u0131\u015f\u0131k bir ka\u011f\u0131d\u0131n \u00fczerine 75 derecelik bir a\u00e7\u0131yla d\u00fc\u015ferse, \u00e7ok mat kaplanmam\u0131\u015f bir ka\u011f\u0131t \u0131\u015f\u0131\u011f\u0131 y\u00f6nl\u00fc olarak de\u011fil, \u00e7ok da\u011f\u0131n\u0131k bir \u015fekilde yans\u0131t\u0131rken, \u00e7ok parlak bir ka\u011f\u0131t 75 derecelik a\u00e7\u0131n\u0131n tersine \u0131\u015f\u0131\u011f\u0131 y\u00f6nl\u00fc olarak, da\u011f\u0131n\u0131k olarak yans\u0131taca\u011f\u0131ndan \u00e7ok daha fazla yans\u0131tacakt\u0131r. Bu...\" class=\"encyclopedia\">Glamour<\/a>bile\u015feni, 45 derecelik teknoloji ile m\u00fcmk\u00fcn de\u011fildir.<\/p>\n<p><a href=\"https:\/\/blog1.proofen.de\/wp-content\/uploads\/2021\/04\/proof_de_Specular_Component_Kugelkopf-Messung.png\"><img loading=\"lazy\" decoding=\"async\" class=\"size-large wp-image-4261 alignnone\" src=\"https:\/\/blog1.proofen.de\/wp-content\/uploads\/2021\/04\/proof_de_Specular_Component_Kugelkopf-Messung-1024x798.png\" alt=\"Spek\u00fcler Bile\u015fen bilyal\u0131 kafa \u00f6l\u00e7\u00fcm\u00fc SCI \/ SPIN ve SCE \/ SPEX a\u00e7\u0131klanm\u0131\u015ft\u0131r\" width=\"800\" height=\"623\" srcset=\"https:\/\/blog.proofs.de\/wp-content\/uploads\/2021\/04\/proof_de_Specular_Component_Kugelkopf-Messung-1024x798.png 1024w, https:\/\/blog.proofs.de\/wp-content\/uploads\/2021\/04\/proof_de_Specular_Component_Kugelkopf-Messung-300x234.png 300w, https:\/\/blog.proofs.de\/wp-content\/uploads\/2021\/04\/proof_de_Specular_Component_Kugelkopf-Messung-768x599.png 768w, https:\/\/blog.proofs.de\/wp-content\/uploads\/2021\/04\/proof_de_Specular_Component_Kugelkopf-Messung-1536x1197.png 1536w, https:\/\/blog.proofs.de\/wp-content\/uploads\/2021\/04\/proof_de_Specular_Component_Kugelkopf-Messung.png 1595w\" sizes=\"auto, (max-width: 800px) 100vw, 800px\"><\/a><\/p>\n<p><a href=\"https:\/\/blog1.proofen.de\/kugelkopfmessgeraete-und-specular-component-erklaert\/\">Spek\u00fcler bile\u015fen ve bilyal\u0131 kafa \u00f6l\u00e7\u00fcm cihazlar\u0131 hakk\u0131nda daha fazla bilgiyi proof.de'deki bu makalede bulabilirsiniz<\/a><\/p>","protected":false},"excerpt":{"rendered":"<p>KonicaMinolta CM-26d gibi k\u00fcresel kafal\u0131 spektrofotometreler, SCI - \"Spek\u00fcler Bile\u015fen Dahil\" ve SCE - \"Spek\u00fcler Bile\u015fen Hari\u00e7\" \u00f6l\u00e7\u00fcm modunda d:8\u00b0 k\u00fcresel kafa geometrisi ile \u00f6l\u00e7\u00fcm yapabilen bir renk \u00f6l\u00e7\u00fcm cihaz\u0131 s\u0131n\u0131f\u0131d\u0131r.<\/p>","protected":false},"author":2,"featured_media":0,"comment_status":"open","ping_status":"open","template":"","meta":{"om_disable_all_campaigns":false,"inline_featured_image":false,"_monsterinsights_skip_tracking":false,"footnotes":""},"class_list":["post-4305","encyclopedia","type-encyclopedia","status-publish","hentry","no-featured-image-padding"],"aioseo_notices":[],"aioseo_head":"\n\t\t<!-- All in One SEO 5.0.1.1 - aioseo.com -->\n\t<meta name=\"description\" content=\"Ein Kugelkopfmessger\u00e4t ist ein Farbmessger\u00e4t, das mit einer d:8\u00b0 Kugelkopf-Geometrie Farbe mit und ohne \u201eSpecular Component\u201c, also Glanzkomponente messen kann.\" \/>\n\t<meta name=\"robots\" content=\"max-image-preview:large\" \/>\n\t<meta name=\"author\" content=\"Matthias Betz\"\/>\n\t<meta name=\"google-site-verification\" content=\"TuXxyRwxcEg2-WfOaQ8vScWQh3-uBAnxXmY7g3GT90A\" \/>\n\t<link rel=\"canonical\" href=\"http:\/\/blog.proofs.de\/tr\/lexikon\/kugelkopfmessgeraet\/\" \/>\n\t<meta name=\"generator\" content=\"All in One SEO (AIOSEO) 5.0.1.1\" \/>\n\n\t\t<meta name=\"seobility\" content=\"593a8578143db71543f014978c690d47\">\n\t\t<meta property=\"og:locale\" content=\"tr_TR\" \/>\n\t\t<meta property=\"og:site_name\" content=\"Proof.de | Alles zu Proof, Farbmanagement, Grafik, Messtechnik &amp; Co.\" \/>\n\t\t<meta property=\"og:type\" content=\"article\" \/>\n\t\t<meta property=\"og:title\" content=\"Kugelkopfmessger\u00e4t | Lexikon | proof.de\" \/>\n\t\t<meta property=\"og:description\" content=\"Ein Kugelkopfmessger\u00e4t ist ein Farbmessger\u00e4t, das mit einer d:8\u00b0 Kugelkopf-Geometrie Farbe mit und ohne \u201eSpecular Component\u201c, also Glanzkomponente messen kann.\" \/>\n\t\t<meta property=\"og:url\" content=\"http:\/\/blog.proofs.de\/tr\/lexikon\/kugelkopfmessgeraet\/\" \/>\n\t\t<meta property=\"og:image\" content=\"http:\/\/blog1.proofen.de\/wp-content\/uploads\/2020\/04\/proof_background.jpg\" \/>\n\t\t<meta property=\"article:published_time\" content=\"2021-05-14T13:53:08+00:00\" \/>\n\t\t<meta property=\"article:modified_time\" content=\"2023-07-17T08:39:48+00:00\" \/>\n\t\t<meta property=\"article:publisher\" content=\"https:\/\/www.facebook.com\/Proof.de\/\" \/>\n\t\t<meta name=\"twitter:card\" content=\"summary\" \/>\n\t\t<meta name=\"twitter:title\" content=\"Kugelkopfmessger\u00e4t | Lexikon | proof.de\" \/>\n\t\t<meta name=\"twitter:description\" content=\"Ein Kugelkopfmessger\u00e4t ist ein Farbmessger\u00e4t, das mit einer d:8\u00b0 Kugelkopf-Geometrie Farbe mit und ohne \u201eSpecular Component\u201c, also Glanzkomponente messen kann.\" \/>\n\t\t<meta name=\"twitter:image\" content=\"https:\/\/blog1.proofen.de\/wp-content\/uploads\/2020\/04\/proof_background.jpg\" \/>\n\t\t<script type=\"application\/ld+json\" class=\"aioseo-schema\">\n\t\t\t{\"@context\":\"https:\\\/\\\/schema.org\",\"@graph\":[{\"@type\":\"BreadcrumbList\",\"@id\":\"http:\\\/\\\/blog.proofs.de\\\/tr\\\/lexikon\\\/kugelkopfmessgeraet\\\/#breadcrumblist\",\"itemListElement\":[{\"@type\":\"ListItem\",\"@id\":\"http:\\\/\\\/blog.proofs.de\\\/tr#listItem\",\"position\":1,\"name\":\"Home\",\"item\":\"http:\\\/\\\/blog.proofs.de\\\/tr\",\"nextItem\":{\"@type\":\"ListItem\",\"@id\":\"http:\\\/\\\/blog.proofs.de\\\/tr\\\/lexikon\\\/#listItem\",\"name\":\"Lexikon\"}},{\"@type\":\"ListItem\",\"@id\":\"http:\\\/\\\/blog.proofs.de\\\/tr\\\/lexikon\\\/#listItem\",\"position\":2,\"name\":\"Lexikon\",\"item\":\"http:\\\/\\\/blog.proofs.de\\\/tr\\\/lexikon\\\/\",\"nextItem\":{\"@type\":\"ListItem\",\"@id\":\"http:\\\/\\\/blog.proofs.de\\\/tr\\\/lexikon\\\/kugelkopfmessgeraet\\\/#listItem\",\"name\":\"Kugelkopfmessger\\u00e4t\"},\"previousItem\":{\"@type\":\"ListItem\",\"@id\":\"http:\\\/\\\/blog.proofs.de\\\/tr#listItem\",\"name\":\"Home\"}},{\"@type\":\"ListItem\",\"@id\":\"http:\\\/\\\/blog.proofs.de\\\/tr\\\/lexikon\\\/kugelkopfmessgeraet\\\/#listItem\",\"position\":3,\"name\":\"Kugelkopfmessger\\u00e4t\",\"previousItem\":{\"@type\":\"ListItem\",\"@id\":\"http:\\\/\\\/blog.proofs.de\\\/tr\\\/lexikon\\\/#listItem\",\"name\":\"Lexikon\"}}]},{\"@type\":\"Organization\",\"@id\":\"http:\\\/\\\/blog.proofs.de\\\/tr\\\/#organization\",\"name\":\"Proof GmbH\",\"description\":\"Farbverbindlicher Proof, Farbproof, Digitalproof und Online-Proof.\",\"url\":\"http:\\\/\\\/blog.proofs.de\\\/tr\\\/\",\"telephone\":\"+4970717952740\",\"logo\":{\"@type\":\"ImageObject\",\"url\":\"https:\\\/\\\/blog1.proofen.de\\\/wp-content\\\/uploads\\\/2019\\\/09\\\/logo_proof_rgb_mit_balken_250px.png\",\"@id\":\"http:\\\/\\\/blog.proofs.de\\\/tr\\\/lexikon\\\/kugelkopfmessgeraet\\\/#organizationLogo\"},\"image\":{\"@id\":\"http:\\\/\\\/blog.proofs.de\\\/tr\\\/lexikon\\\/kugelkopfmessgeraet\\\/#organizationLogo\"},\"sameAs\":[\"https:\\\/\\\/www.facebook.com\\\/Proof.de\\\/\",\"https:\\\/\\\/www.instagram.com\\\/proof.de\\\/\",\"https:\\\/\\\/www.tiktok.com\\\/@proof_de\",\"https:\\\/\\\/www.youtube.com\\\/channel\\\/UCk80fQVQ25wC9wu3SywB-Nw\",\"https:\\\/\\\/www.linkedin.com\\\/company\\\/proof-de\"]},{\"@type\":\"Person\",\"@id\":\"http:\\\/\\\/blog.proofs.de\\\/tr\\\/author\\\/mbetz\\\/#author\",\"url\":\"http:\\\/\\\/blog.proofs.de\\\/tr\\\/author\\\/mbetz\\\/\",\"name\":\"Matthias Betz\",\"image\":{\"@type\":\"ImageObject\",\"@id\":\"http:\\\/\\\/blog.proofs.de\\\/tr\\\/lexikon\\\/kugelkopfmessgeraet\\\/#authorImage\",\"url\":\"https:\\\/\\\/blog.proofs.de\\\/wp-content\\\/uploads\\\/2020\\\/10\\\/matthias-betz-e1603934518350-150x150.png\",\"width\":96,\"height\":96,\"caption\":\"Matthias Betz\"}},{\"@type\":\"WebPage\",\"@id\":\"http:\\\/\\\/blog.proofs.de\\\/tr\\\/lexikon\\\/kugelkopfmessgeraet\\\/#webpage\",\"url\":\"http:\\\/\\\/blog.proofs.de\\\/tr\\\/lexikon\\\/kugelkopfmessgeraet\\\/\",\"name\":\"Kugelkopfmessger\\u00e4t | Lexikon | proof.de\",\"description\":\"Ein Kugelkopfmessger\\u00e4t ist ein Farbmessger\\u00e4t, das mit einer d:8\\u00b0 Kugelkopf-Geometrie Farbe mit und ohne \\u201eSpecular Component\\u201c, also Glanzkomponente messen kann.\",\"inLanguage\":\"tr-TR\",\"isPartOf\":{\"@id\":\"http:\\\/\\\/blog.proofs.de\\\/tr\\\/#website\"},\"breadcrumb\":{\"@id\":\"http:\\\/\\\/blog.proofs.de\\\/tr\\\/lexikon\\\/kugelkopfmessgeraet\\\/#breadcrumblist\"},\"author\":{\"@id\":\"http:\\\/\\\/blog.proofs.de\\\/tr\\\/author\\\/mbetz\\\/#author\"},\"creator\":{\"@id\":\"http:\\\/\\\/blog.proofs.de\\\/tr\\\/author\\\/mbetz\\\/#author\"},\"datePublished\":\"2021-05-14T15:53:08+02:00\",\"dateModified\":\"2023-07-17T10:39:48+02:00\"},{\"@type\":\"WebSite\",\"@id\":\"http:\\\/\\\/blog.proofs.de\\\/tr\\\/#website\",\"url\":\"http:\\\/\\\/blog.proofs.de\\\/tr\\\/\",\"name\":\"Proof.de\",\"description\":\"Farbverbindlicher Proof, Farbproof, Digitalproof und Online-Proof.\",\"inLanguage\":\"tr-TR\",\"publisher\":{\"@id\":\"http:\\\/\\\/blog.proofs.de\\\/tr\\\/#organization\"}}]}\n\t\t<\/script>\n\t\t<!-- All in One SEO -->\n\n","aioseo_head_json":{"title":"Bilyal\u0131 kafa \u00f6l\u00e7\u00fcm cihaz\u0131 | Lexicon | proof.de","description":"K\u00fcresel kafa \u00f6l\u00e7\u00fcm cihaz\u0131, d:8\u00b0 k\u00fcresel kafa geometrisi kullanarak \u201espek\u00fcler bile\u015fen\u201c i\u00e7eren ve i\u00e7ermeyen renk \u00f6l\u00e7\u00fcm\u00fc yapabilen bir renk \u00f6l\u00e7\u00fcm cihaz\u0131d\u0131r.","canonical_url":"http:\/\/blog.proofs.de\/tr\/lexikon\/kugelkopfmessgeraet\/","robots":"max-image-preview:large","keywords":"","webmasterTools":{"google-site-verification":"TuXxyRwxcEg2-WfOaQ8vScWQh3-uBAnxXmY7g3GT90A","miscellaneous":"&lt;meta name=\"seobility\" content=\"593a8578143db71543f014978c690d47\"&gt;"},"schema":{"@context":"https:\/\/schema.org","@graph":[{"@type":"BreadcrumbList","@id":"http:\/\/blog.proofs.de\/tr\/lexikon\/kugelkopfmessgeraet\/#breadcrumblist","itemListElement":[{"@type":"ListItem","@id":"http:\/\/blog.proofs.de\/tr#listItem","position":1,"name":"Home","item":"http:\/\/blog.proofs.de\/tr","nextItem":{"@type":"ListItem","@id":"http:\/\/blog.proofs.de\/tr\/lexikon\/#listItem","name":"Lexikon"}},{"@type":"ListItem","@id":"http:\/\/blog.proofs.de\/tr\/lexikon\/#listItem","position":2,"name":"Lexikon","item":"http:\/\/blog.proofs.de\/tr\/lexikon\/","nextItem":{"@type":"ListItem","@id":"http:\/\/blog.proofs.de\/tr\/lexikon\/kugelkopfmessgeraet\/#listItem","name":"Kugelkopfmessger\u00e4t"},"previousItem":{"@type":"ListItem","@id":"http:\/\/blog.proofs.de\/tr#listItem","name":"Home"}},{"@type":"ListItem","@id":"http:\/\/blog.proofs.de\/tr\/lexikon\/kugelkopfmessgeraet\/#listItem","position":3,"name":"Kugelkopfmessger\u00e4t","previousItem":{"@type":"ListItem","@id":"http:\/\/blog.proofs.de\/tr\/lexikon\/#listItem","name":"Lexikon"}}]},{"@type":"Organization","@id":"http:\/\/blog.proofs.de\/tr\/#organization","name":"Proof GmbH","description":"Farbverbindlicher Proof, Farbproof, Digitalproof und Online-Proof.","url":"http:\/\/blog.proofs.de\/tr\/","telephone":"+4970717952740","logo":{"@type":"ImageObject","url":"https:\/\/blog1.proofen.de\/wp-content\/uploads\/2019\/09\/logo_proof_rgb_mit_balken_250px.png","@id":"http:\/\/blog.proofs.de\/tr\/lexikon\/kugelkopfmessgeraet\/#organizationLogo"},"image":{"@id":"http:\/\/blog.proofs.de\/tr\/lexikon\/kugelkopfmessgeraet\/#organizationLogo"},"sameAs":["https:\/\/www.facebook.com\/Proof.de\/","https:\/\/www.instagram.com\/proof.de\/","https:\/\/www.tiktok.com\/@proof_de","https:\/\/www.youtube.com\/channel\/UCk80fQVQ25wC9wu3SywB-Nw","https:\/\/www.linkedin.com\/company\/proof-de"]},{"@type":"Person","@id":"http:\/\/blog.proofs.de\/tr\/author\/mbetz\/#author","url":"http:\/\/blog.proofs.de\/tr\/author\/mbetz\/","name":"Matthias Betz","image":{"@type":"ImageObject","@id":"http:\/\/blog.proofs.de\/tr\/lexikon\/kugelkopfmessgeraet\/#authorImage","url":"https:\/\/blog.proofs.de\/wp-content\/uploads\/2020\/10\/matthias-betz-e1603934518350-150x150.png","width":96,"height":96,"caption":"Matthias Betz"}},{"@type":"WebPage","@id":"http:\/\/blog.proofs.de\/tr\/lexikon\/kugelkopfmessgeraet\/#webpage","url":"http:\/\/blog.proofs.de\/tr\/lexikon\/kugelkopfmessgeraet\/","name":"Kugelkopfmessger\u00e4t | Lexikon | proof.de","description":"Ein Kugelkopfmessger\u00e4t ist ein Farbmessger\u00e4t, das mit einer d:8\u00b0 Kugelkopf-Geometrie Farbe mit und ohne \u201eSpecular Component\u201c, also Glanzkomponente messen kann.","inLanguage":"tr-TR","isPartOf":{"@id":"http:\/\/blog.proofs.de\/tr\/#website"},"breadcrumb":{"@id":"http:\/\/blog.proofs.de\/tr\/lexikon\/kugelkopfmessgeraet\/#breadcrumblist"},"author":{"@id":"http:\/\/blog.proofs.de\/tr\/author\/mbetz\/#author"},"creator":{"@id":"http:\/\/blog.proofs.de\/tr\/author\/mbetz\/#author"},"datePublished":"2021-05-14T15:53:08+02:00","dateModified":"2023-07-17T10:39:48+02:00"},{"@type":"WebSite","@id":"http:\/\/blog.proofs.de\/tr\/#website","url":"http:\/\/blog.proofs.de\/tr\/","name":"Proof.de","description":"Farbverbindlicher Proof, Farbproof, Digitalproof und Online-Proof.","inLanguage":"tr-TR","publisher":{"@id":"http:\/\/blog.proofs.de\/tr\/#organization"}}]},"og:locale":"tr_TR","og:site_name":"Proof.de | Alles zu Proof, Farbmanagement, Grafik, Messtechnik &amp; Co.","og:type":"article","og:title":"Kugelkopfmessger\u00e4t | Lexikon | proof.de","og:description":"Ein Kugelkopfmessger\u00e4t ist ein Farbmessger\u00e4t, das mit einer d:8\u00b0 Kugelkopf-Geometrie Farbe mit und ohne \u201eSpecular Component\u201c, also Glanzkomponente messen kann.","og:url":"http:\/\/blog.proofs.de\/tr\/lexikon\/kugelkopfmessgeraet\/","og:image":"http:\/\/blog1.proofen.de\/wp-content\/uploads\/2020\/04\/proof_background.jpg","article:published_time":"2021-05-14T13:53:08+00:00","article:modified_time":"2023-07-17T08:39:48+00:00","article:publisher":"https:\/\/www.facebook.com\/Proof.de\/","twitter:card":"summary","twitter:title":"Kugelkopfmessger\u00e4t | Lexikon | proof.de","twitter:description":"Ein Kugelkopfmessger\u00e4t ist ein Farbmessger\u00e4t, das mit einer d:8\u00b0 Kugelkopf-Geometrie Farbe mit und ohne \u201eSpecular Component\u201c, also Glanzkomponente messen kann.","twitter:image":"https:\/\/blog1.proofen.de\/wp-content\/uploads\/2020\/04\/proof_background.jpg"},"aioseo_meta_data":{"post_id":"4305","title":"#post_title | S\u00f6zl\u00fck | proof.de","description":"K\u00fcresel kafa \u00f6l\u00e7\u00fcm cihaz\u0131, d:8\u00b0 k\u00fcresel kafa geometrisi kullanarak \u201espek\u00fcler bile\u015fen\u201c i\u00e7eren ve i\u00e7ermeyen renk \u00f6l\u00e7\u00fcm\u00fc yapabilen bir renk \u00f6l\u00e7\u00fcm cihaz\u0131d\u0131r.","keywords":[],"keyphrases":{"focus":{"keyphrase":"Kugelkopfmessger\u00e4t","score":80,"analysis":{"keyphraseInTitle":{"score":9,"maxScore":9,"error":0},"keyphraseInDescription":{"score":9,"maxScore":9,"error":0},"keyphraseLength":{"score":9,"maxScore":9,"error":0,"length":1},"keyphraseInURL":{"score":1,"maxScore":5,"error":1},"keyphraseInIntroduction":{"score":9,"maxScore":9,"error":0},"keyphraseInSubHeadings":[],"keyphraseInImageAlt":{"score":3,"maxScore":9,"error":1}}},"additional":[]},"primary_term":null,"canonical_url":null,"og_title":null,"og_description":null,"og_object_type":"default","og_image_type":"default","og_image_url":null,"og_image_width":null,"og_image_height":null,"og_image_custom_url":null,"og_image_custom_fields":null,"og_video":"","og_custom_url":null,"og_article_section":null,"og_article_tags":[],"twitter_use_og":false,"twitter_card":"default","twitter_image_type":"default","twitter_image_url":null,"twitter_image_custom_url":null,"twitter_image_custom_fields":null,"twitter_title":null,"twitter_description":null,"schema":{"blockGraphs":[],"customGraphs":[],"default":{"data":{"Article":[],"Course":[],"Dataset":[],"FAQPage":[],"Movie":[],"Person":[],"Product":[],"ProductReview":[],"Car":[],"Recipe":[],"Service":[],"SoftwareApplication":[],"WebPage":[]},"graphName":"WebPage","isEnabled":true},"graphs":[],"defaultGraph":"WebPage","defaultPostTypeGraph":""},"schema_type":"default","schema_type_options":"{\"article\":{\"articleType\":\"BlogPosting\"},\"course\":{\"name\":\"\",\"description\":\"\",\"provider\":\"\"},\"faq\":{\"pages\":[]},\"product\":{\"reviews\":[]},\"recipe\":{\"ingredients\":[],\"instructions\":[],\"keywords\":[]},\"software\":{\"reviews\":[],\"operatingSystems\":[]},\"webPage\":{\"webPageType\":\"WebPage\"}}","pillar_content":false,"robots_default":true,"robots_noindex":false,"robots_noarchive":false,"robots_nosnippet":false,"robots_nofollow":false,"robots_noimageindex":false,"robots_noodp":false,"robots_notranslate":false,"robots_max_snippet":"-1","robots_max_videopreview":"-1","robots_max_imagepreview":"large","priority":null,"frequency":"default","local_seo":null,"breadcrumb_settings":null,"limit_modified_date":false,"ai":null,"created":"2021-05-14 13:43:05","updated":"2025-06-04 14:02:45","seo_analyzer_scan_date":null,"focus_keyword":"Kugelkopfmessger\u00e4t","additional_keywords":null,"truseo_locale":null},"_links":{"self":[{"href":"http:\/\/blog.proofs.de\/tr\/wp-json\/wp\/v2\/encyclopedia\/4305","targetHints":{"allow":["GET"]}}],"collection":[{"href":"http:\/\/blog.proofs.de\/tr\/wp-json\/wp\/v2\/encyclopedia"}],"about":[{"href":"http:\/\/blog.proofs.de\/tr\/wp-json\/wp\/v2\/types\/encyclopedia"}],"author":[{"embeddable":true,"href":"http:\/\/blog.proofs.de\/tr\/wp-json\/wp\/v2\/users\/2"}],"replies":[{"embeddable":true,"href":"http:\/\/blog.proofs.de\/tr\/wp-json\/wp\/v2\/comments?post=4305"}],"version-history":[{"count":2,"href":"http:\/\/blog.proofs.de\/tr\/wp-json\/wp\/v2\/encyclopedia\/4305\/revisions"}],"predecessor-version":[{"id":5426,"href":"http:\/\/blog.proofs.de\/tr\/wp-json\/wp\/v2\/encyclopedia\/4305\/revisions\/5426"}],"wp:attachment":[{"href":"http:\/\/blog.proofs.de\/tr\/wp-json\/wp\/v2\/media?parent=4305"}],"curies":[{"name":"wp","href":"https:\/\/api.w.org\/{rel}","templated":true}]}}