{"id":5347,"date":"2023-07-12T01:45:43","date_gmt":"2023-07-11T23:45:43","guid":{"rendered":"https:\/\/www.proof.de\/?post_type=encyclopedia&#038;p=5347"},"modified":"2023-07-12T01:45:43","modified_gmt":"2023-07-11T23:45:43","slug":"medialni-klin","status":"publish","type":"encyclopedia","link":"https:\/\/blog.proofs.de\/cs\/lexikon\/medienkeil\/","title":{"rendered":"Medi\u00e1ln\u00ed kl\u00edn"},"content":{"rendered":"<div class=\"kk-star-ratings kksr-auto kksr-align-right kksr-valign-top\" data-payload='{\"align\":\"right\",\"id\":\"5347\",\"slug\":\"default\",\"valign\":\"top\",\"ignore\":\"\",\"reference\":\"auto\",\"class\":\"\",\"count\":\"0\",\"legendonly\":\"\",\"readonly\":\"\",\"score\":\"0\",\"starsonly\":\"\",\"best\":\"5\",\"gap\":\"5\",\"greet\":\"Jetzt bewerten\",\"legend\":\"0\\\/5 - (0 votes)\",\"size\":\"24\",\"title\":\"Medienkeil\",\"width\":\"0\",\"_legend\":\"{score}\\\/{best} - ({count} {votes})\",\"font_factor\":\"1.25\"}'>\n            \n<div class=\"kksr-stars\">\n    \n<div class=\"kksr-stars-inactive\">\n            <div class=\"kksr-star\" data-star=\"1\" style=\"padding-right: 5px\">\n            \n\n<div class=\"kksr-icon\" style=\"width: 24px; height: 24px;\"><\/div>\n        <\/div>\n            <div class=\"kksr-star\" data-star=\"2\" style=\"padding-right: 5px\">\n            \n\n<div class=\"kksr-icon\" style=\"width: 24px; height: 24px;\"><\/div>\n        <\/div>\n            <div class=\"kksr-star\" data-star=\"3\" style=\"padding-right: 5px\">\n            \n\n<div class=\"kksr-icon\" style=\"width: 24px; height: 24px;\"><\/div>\n        <\/div>\n            <div class=\"kksr-star\" data-star=\"4\" style=\"padding-right: 5px\">\n            \n\n<div class=\"kksr-icon\" style=\"width: 24px; height: 24px;\"><\/div>\n        <\/div>\n            <div class=\"kksr-star\" data-star=\"5\" style=\"padding-right: 5px\">\n            \n\n<div class=\"kksr-icon\" style=\"width: 24px; height: 24px;\"><\/div>\n        <\/div>\n    <\/div>\n    \n<div class=\"kksr-stars-active\" style=\"width: 0px;\">\n            <div class=\"kksr-star\" style=\"padding-right: 5px\">\n            \n\n<div class=\"kksr-icon\" style=\"width: 24px; height: 24px;\"><\/div>\n        <\/div>\n            <div class=\"kksr-star\" style=\"padding-right: 5px\">\n            \n\n<div class=\"kksr-icon\" style=\"width: 24px; height: 24px;\"><\/div>\n        <\/div>\n            <div class=\"kksr-star\" style=\"padding-right: 5px\">\n            \n\n<div class=\"kksr-icon\" style=\"width: 24px; height: 24px;\"><\/div>\n        <\/div>\n            <div class=\"kksr-star\" style=\"padding-right: 5px\">\n            \n\n<div class=\"kksr-icon\" style=\"width: 24px; height: 24px;\"><\/div>\n        <\/div>\n            <div class=\"kksr-star\" style=\"padding-right: 5px\">\n            \n\n<div class=\"kksr-icon\" style=\"width: 24px; height: 24px;\"><\/div>\n        <\/div>\n    <\/div>\n<\/div>\n                \n\n<div class=\"kksr-legend\" style=\"font-size: 19.2px;\">\n            <span class=\"kksr-muted\">Hodnotit nyn\u00ed<\/span>\n    <\/div>\n    <\/div>\n<p>Medi\u00e1ln\u00ed kl\u00edn je standardizovan\u00fd zku\u0161ebn\u00ed obrazec pou\u017e\u00edvan\u00fd v tiska\u0159sk\u00e9m pr\u016fmyslu a v oblasti <a href=\"https:\/\/blog.proofs.de\/cs\/lexikon\/farbmanagement\/\" target=\"_self\" title=\"C\u00edlem spr\u00e1vy barev je zajistit co nejpodobn\u011bj\u0161\u00ed reprodukci barev na r\u016fzn\u00fdch za\u0159\u00edzen\u00edch, jako jsou fotoapar\u00e1ty, skenery, monitory, laserov\u00e9, inkoustov\u00e9 a ofsetov\u00e9 tisk\u00e1rny a mnoho dal\u0161\u00edch.\" class=\"encyclopedia\">Spr\u00e1va barev<\/a> se pou\u017e\u00edv\u00e1. Medi\u00e1ln\u00ed kl\u00edn se skl\u00e1d\u00e1 z \u0159ady barevn\u00fdch pol\u00ed\u010dek se zn\u00e1m\u00fdmi hodnotami barev a intenzitami barev. Pou\u017e\u00edv\u00e1 se ke kontrole p\u0159esnosti barev a reprodukce barev v\u00fdtisk\u016f, zejm\u00e9na p\u0159i kalibraci syst\u00e9m\u016f spr\u00e1vy barev.<\/p>\n<p>Kl\u00edn m\u00e9dia obsahuje \u0159adu barevn\u00fdch pol\u00ed\u010dek s r\u016fzn\u00fdmi barvami, v\u010detn\u011b z\u00e1kladn\u00edch barev (azurov\u00e1, purpurov\u00e1, \u017elut\u00e1) a tak\u00e9 \u010dern\u00fdch pol\u00ed\u010dek a pol\u00ed\u010dek ve stupn\u00edch \u0161edi. Pro modern\u00ed, <a href=\"https:\/\/blog.proofs.de\/cs\/lexikon\/rgb\/\" target=\"_self\" title=\"RGB je zkratka pro \u010dervenou, zelenou a modrou barvu. Na t\u011bchto barv\u00e1ch je zalo\u017eeno lidsk\u00e9 barevn\u00e9 vid\u011bn\u00ed.\" class=\"encyclopedia\">RGB<\/a> zalo\u017een\u00e9 na tiskov\u00fdch standardech, jako jsou <a href=\"https:\/\/blog.proofs.de\/cs\/lexikon\/fogra\/\" target=\"_self\" title=\"Fogra Forschungsgesellschaft Druck e.V. se s\u00eddlem v Mnichov\u011b.\" class=\"encyclopedia\">FOGRA<\/a>58 Textile-RGB kl\u00edn m\u00e9dia se m\u016f\u017ee skl\u00e1dat tak\u00e9 z r\u016fzn\u00fdch pol\u00ed RGB, v p\u0159\u00edpad\u011b kl\u00ednu m\u00e9dia pro v\u00edcebarevn\u00fd tisk, jako je sedmibarevn\u00fd tisk podle FOGRA55 , se kl\u00edn m\u00e9dia m\u016f\u017ee skl\u00e1dat tak\u00e9 z 5 a\u017e 8 nebo v\u00edce barev. Takov\u00e9 medi\u00e1ln\u00ed kl\u00edny jsou v\u0161ak st\u00e1le sp\u00ed\u0161e v\u00fdjimkou ne\u017e pravidlem, <a href=\"https:\/\/blog.proofs.de\/cs\/lexikon\/cmyk\/\" target=\"_self\" title='CMYK je zkratka pro \u010dty\u0159i tiskov\u00e9 barvy azurovou, purpurovou, \u017elutou (yellow) a &quot;kl\u00ed\u010d&quot; (black nebo black portion).' class=\"encyclopedia\">CMYK<\/a> Medi\u00e1ln\u00ed kl\u00edny jako nap\u0159. <a href=\"https:\/\/blog.proofs.de\/cs\/lexikon\/ugra-fogra-medienkeil-cmyk-3-0\/\" target=\"_self\" title=\"UGRA\/Fogra Media Wedge CMYK 3.0 je v polygrafick\u00e9m pr\u016fmyslu \u0161iroce pou\u017e\u00edv\u00e1n, proto\u017ee se jedn\u00e1 o standardizovan\u00fd a uzn\u00e1van\u00fd testovac\u00ed formul\u00e1\u0159 pro kalibraci barev a m\u011b\u0159en\u00ed barev. Media Wedge CMYK 3.0 vyvinuly UGRA (\u0160v\u00fdcarsk\u00fd grafick\u00fd v\u00fdzkumn\u00fd institut) a Fogra (Forschungsgesellschaft Druck e.V.) a vych\u00e1z\u00ed z norem a standard\u016f, jako je nap\u0159\u00edklad \u0159ada ISO 12647. Nab\u00edz\u00ed...\" class=\"encyclopedia\">UGRA\/Fogra Media Wedge CMYK 3.0<\/a> jsou v praxi nejb\u011b\u017en\u011bj\u0161\u00ed medi\u00e1ln\u00ed kl\u00edny.<\/p>\n<p>Ka\u017ed\u00e9 pole m\u00e1 d<a href=\"https:\/\/blog.proofs.de\/cs\/lexikon\/efi\/\" target=\"_self\" title=\"Electronics For Imaging Inc., zkr\u00e1cen\u011b EFI, je americk\u00e1 spole\u010dnost a v\u00fdrobce jednoho z p\u0159edn\u00edch sv\u011btov\u00fdch n\u00e1tiskov\u00fdch syst\u00e9m\u016f: EFI Colorproof XF, od roku 2013: Fiery XF. EFI je dodavatelem \u0159e\u0161en\u00ed pro velk\u00e9 tiskov\u00e9 syst\u00e9my, RIPy a \u0159e\u0161en\u00ed pro spr\u00e1vu barev, jako je nap\u0159\u00edklad proofing.\" class=\"encyclopedia\">efi<\/a>a definovanou hustotou nebo intenzitou. Tyto hodnoty jsou p\u0159esn\u011b zn\u00e1m\u00e9, li\u0161\u00ed se pro v\u0161echny testovan\u00e9 medi\u00e1ln\u00ed kl\u00edny. <a href=\"https:\/\/blog.proofs.de\/cs\/lexikon\/proofs\/\" target=\"_self\" title=\"V polygrafick\u00e9m odv\u011btv\u00ed se zku\u0161ebn\u00edmi v\u00fdtisky (nebo zku\u0161ebn\u00edmi v\u00fdtisky) rozum\u00ed barevn\u011b v\u00e1zan\u00e1 a pr\u00e1vn\u011b z\u00e1vazn\u00e1 simulace v\u00fdsledku tisku pro kontroln\u00ed \u00fa\u010dely. Norma odpov\u011bdn\u00e1 za n\u00e1tisky je ISO 12647-7:2016, tj. aktu\u00e1ln\u00ed revize z roku 2016.\" class=\"encyclopedia\">D\u016fkazy<\/a>a slou\u017e\u00ed jako reference pro porovn\u00e1n\u00ed s vyti\u0161t\u011bn\u00fdm v\u00fdsledkem.<\/p>\n<p>Pokud je pou\u017eit medi\u00e1ln\u00ed kl\u00edn, vytiskne se spole\u010dn\u011b s tiskovou \u00falohou, tj. v\u011bt\u0161inou ve form\u00e1tu PDF. N\u00e1sledn\u011b je vyti\u0161t\u011bn\u00fd kl\u00edn m\u00e9dia vyti\u0161t\u011bn s <a href=\"https:\/\/blog.proofs.de\/cs\/lexikon\/farbmessgeraet\/\" target=\"_self\" title=\"Za\u0159\u00edzen\u00ed pro m\u011b\u0159en\u00ed sou\u0159adnic chromati\u010dnosti barvy pom\u00e1h\u00e1 ur\u010dit barevn\u00e9 hodnoty st\u00e1vaj\u00edc\u00ed barvy.\" class=\"encyclopedia\">Kolorimetr<\/a>nap\u0159. a <a href=\"https:\/\/blog.proofs.de\/cs\/lexikon\/spektralphotometer\/\" target=\"_self\" title=\"Spektrofotometry jsou vysoce kvalitn\u00ed p\u0159\u00edstroje pro m\u011b\u0159en\u00ed barev, kter\u00e9 dok\u00e1\u017e\u00ed zm\u011b\u0159it a p\u0159esn\u011b popsat jakoukoli barvu. M\u011b\u0159ic\u00ed p\u0159\u00edstroj toho dosahuje t\u00edm, \u017ee osv\u011btluje m\u011b\u0159ic\u00ed plochu cel\u00fdm spektrem viditeln\u00e9ho sv\u011btla. Hodnoty odrazivosti ur\u010dit\u00fdch vlnov\u00fdch d\u00e9lek dohromady d\u00e1vaj\u00ed nam\u011b\u0159enou hodnotu, kter\u00e1 je \u010dasto vyvedena v programu Lab (re\u017eim m\u011b\u0159en\u00ed voln\u011b voliteln\u00fd od M0 do M2). Spektr\u00e1ln\u00ed nam\u011b\u0159en\u00e9 hodnoty lze v\u0161ak tak\u00e9 p\u0159\u00edmo ulo\u017eit. Vysoce kvalitn\u00ed zku\u0161ebn\u00ed tisk\u00e1rny maj\u00ed vlastn\u00ed spektrofotometry pro p\u0159\u00edm\u00e9 ov\u011b\u0159en\u00ed tisku.\" class=\"encyclopedia\">Spektrofotometr<\/a>, kalibrovan\u00e9. Nam\u011b\u0159en\u00e9 hodnoty barev se pak porovn\u00e1vaj\u00ed se zn\u00e1m\u00fdmi referen\u010dn\u00edmi hodnotami medi\u00e1ln\u00edho kl\u00ednu, aby bylo mo\u017en\u00e9 posoudit p\u0159esnost reprodukce barev a v p\u0159\u00edpad\u011b pot\u0159eby prov\u00e9st \u00fapravy v \u0159\u00edzen\u00ed barev.<\/p>\n<p>Medi\u00e1ln\u00ed kl\u00edn je d\u016fle\u017eit\u00fdm n\u00e1strojem, kter\u00fd zaji\u0161\u0165uje barevnou spr\u00e1vnost a konzistenci vyti\u0161t\u011bn\u00fdch produkt\u016f. Zejm\u00e9na v <a href=\"https:\/\/blog.proofs.de\/cs\/lexikon\/proof\/\" target=\"_self\" title=\"Kontroln\u00ed n\u00e1tisk (spr\u00e1vn\u011b: smluvn\u00ed n\u00e1tisk) je certifikovan\u00e9 kontroln\u00ed za\u0159\u00edzen\u00ed podle normy ISO 12647-7 pro grafick\u00fd pr\u016fmysl. Kontroln\u00ed n\u00e1tisk simuluje barevnost ofsetov\u00e9ho nebo hlubotiskov\u00e9ho tisku barevn\u011b a pr\u00e1vn\u011b z\u00e1vazn\u00fdm zp\u016fsobem v r\u00e1mci \u00fazk\u00fdch toleranc\u00ed normy ISO.\" class=\"encyclopedia\">D\u016fkaz<\/a> m\u00e9dia se pou\u017e\u00edv\u00e1 k zaji\u0161t\u011bn\u00ed toho, aby v\u00fdsledek tisku odpov\u00eddal barevn\u00fdm specifikac\u00edm p\u0159ed zah\u00e1jen\u00edm vlastn\u00ed tiskov\u00e9 produkce.<\/p>","protected":false},"excerpt":{"rendered":"<p>Medi\u00e1ln\u00ed kl\u00edn je standardizovan\u00fd zku\u0161ebn\u00ed obrazec pou\u017e\u00edvan\u00fd v tiska\u0159sk\u00e9m pr\u016fmyslu a p\u0159i spr\u00e1v\u011b barev. Medi\u00e1ln\u00ed kl\u00edn se skl\u00e1d\u00e1 z \u0159ady barevn\u00fdch pol\u00ed\u010dek se zn\u00e1m\u00fdmi hodnotami barev a intenzitami barev. Pou\u017e\u00edv\u00e1 se ke kontrole p\u0159esnosti barev a reprodukce barev v\u00fdtisk\u016f, zejm\u00e9na p\u0159i kalibraci syst\u00e9m\u016f spr\u00e1vy barev. Medi\u00e1ln\u00ed kl\u00edn obsahuje \u0159adu barevn\u00fdch pol\u00ed\u010dek s r\u016fzn\u00fdmi barvami, v\u010detn\u011b z\u00e1kladn\u00edch barev (azurov\u00e1, purpurov\u00e1, \u017elut\u00e1), a tak\u00e9 \u010dern\u00e1 pol\u00ed\u010dka a pol\u00ed\u010dka s odst\u00edny \u0161edi. U modern\u00edch tiskov\u00fdch standard\u016f zalo\u017een\u00fdch na RGB, jako je FOGRA58 Textile-RGB, se kl\u00edn m\u00e9dia m\u016f\u017ee skl\u00e1dat tak\u00e9 z r\u016fzn\u00fdch pol\u00ed RGB; v p\u0159\u00edpad\u011b kl\u00ednu m\u00e9dia pro v\u00edcebarevn\u00fd tisk, jako je ... <\/p>\n<p class=\"read-more-container\"><a title=\"Medi\u00e1ln\u00ed kl\u00edn\" class=\"read-more button\" href=\"https:\/\/blog.proofs.de\/cs\/lexikon\/medienkeil\/#more-5347\" aria-label=\"\u010c\u00edst v\u00edce o medi\u00e1ln\u00edm kl\u00ednu\">P\u0159e\u010dt\u011bte si v\u00edce<\/a><\/p>","protected":false},"author":2,"featured_media":0,"comment_status":"open","ping_status":"open","template":"","meta":{"om_disable_all_campaigns":false,"inline_featured_image":false,"_monsterinsights_skip_tracking":false,"footnotes":""},"class_list":["post-5347","encyclopedia","type-encyclopedia","status-publish","hentry","no-featured-image-padding"],"aioseo_notices":[],"aioseo_head":"\n\t\t<!-- All in One SEO 5.0.1.1 - aioseo.com -->\n\t<meta name=\"description\" content=\"Ein Medienkeil ist ein Testmuster, das in der Druckindustrie und im Farbmanagement verwendet wird und besteht aus Farbfeldern mit definierten Farbwerten.\" \/>\n\t<meta name=\"robots\" content=\"max-image-preview:large\" \/>\n\t<meta name=\"author\" content=\"Matthias Betz\"\/>\n\t<meta name=\"google-site-verification\" content=\"TuXxyRwxcEg2-WfOaQ8vScWQh3-uBAnxXmY7g3GT90A\" \/>\n\t<link rel=\"canonical\" href=\"https:\/\/blog.proofs.de\/cs\/lexikon\/medienkeil\/\" \/>\n\t<meta name=\"generator\" content=\"All in One SEO (AIOSEO) 5.0.1.1\" \/>\n\n\t\t<meta name=\"seobility\" content=\"593a8578143db71543f014978c690d47\">\n\t\t<meta property=\"og:locale\" content=\"cs_CZ\" \/>\n\t\t<meta property=\"og:site_name\" content=\"Proof.de | Alles zu Proof, Farbmanagement, Grafik, Messtechnik &amp; Co.\" \/>\n\t\t<meta property=\"og:type\" content=\"article\" \/>\n\t\t<meta property=\"og:title\" content=\"Medienkeil | Proof.de\" \/>\n\t\t<meta property=\"og:description\" content=\"Ein Medienkeil ist ein Testmuster, das in der Druckindustrie und im Farbmanagement verwendet wird und besteht aus Farbfeldern mit definierten Farbwerten.\" \/>\n\t\t<meta property=\"og:url\" content=\"https:\/\/blog.proofs.de\/cs\/lexikon\/medienkeil\/\" \/>\n\t\t<meta property=\"og:image\" content=\"https:\/\/blog1.proofen.de\/wp-content\/uploads\/2020\/04\/proof_background.jpg\" \/>\n\t\t<meta property=\"og:image:secure_url\" content=\"https:\/\/blog1.proofen.de\/wp-content\/uploads\/2020\/04\/proof_background.jpg\" \/>\n\t\t<meta property=\"article:published_time\" content=\"2023-07-11T23:45:43+00:00\" \/>\n\t\t<meta property=\"article:modified_time\" content=\"2023-07-11T23:45:43+00:00\" \/>\n\t\t<meta property=\"article:publisher\" content=\"https:\/\/www.facebook.com\/Proof.de\/\" \/>\n\t\t<meta name=\"twitter:card\" content=\"summary\" \/>\n\t\t<meta name=\"twitter:title\" content=\"Medienkeil | Proof.de\" \/>\n\t\t<meta name=\"twitter:description\" content=\"Ein Medienkeil ist ein Testmuster, das in der Druckindustrie und im Farbmanagement verwendet wird und besteht aus Farbfeldern mit definierten Farbwerten.\" \/>\n\t\t<meta name=\"twitter:image\" content=\"https:\/\/blog1.proofen.de\/wp-content\/uploads\/2020\/04\/proof_background.jpg\" \/>\n\t\t<script type=\"application\/ld+json\" class=\"aioseo-schema\">\n\t\t\t{\"@context\":\"https:\\\/\\\/schema.org\",\"@graph\":[{\"@type\":\"BreadcrumbList\",\"@id\":\"https:\\\/\\\/blog.proofs.de\\\/cs\\\/lexikon\\\/medienkeil\\\/#breadcrumblist\",\"itemListElement\":[{\"@type\":\"ListItem\",\"@id\":\"https:\\\/\\\/blog.proofs.de\\\/cs#listItem\",\"position\":1,\"name\":\"Home\",\"item\":\"https:\\\/\\\/blog.proofs.de\\\/cs\",\"nextItem\":{\"@type\":\"ListItem\",\"@id\":\"https:\\\/\\\/blog.proofs.de\\\/cs\\\/lexikon\\\/#listItem\",\"name\":\"Lexikon\"}},{\"@type\":\"ListItem\",\"@id\":\"https:\\\/\\\/blog.proofs.de\\\/cs\\\/lexikon\\\/#listItem\",\"position\":2,\"name\":\"Lexikon\",\"item\":\"https:\\\/\\\/blog.proofs.de\\\/cs\\\/lexikon\\\/\",\"nextItem\":{\"@type\":\"ListItem\",\"@id\":\"https:\\\/\\\/blog.proofs.de\\\/cs\\\/lexikon\\\/medienkeil\\\/#listItem\",\"name\":\"Medienkeil\"},\"previousItem\":{\"@type\":\"ListItem\",\"@id\":\"https:\\\/\\\/blog.proofs.de\\\/cs#listItem\",\"name\":\"Home\"}},{\"@type\":\"ListItem\",\"@id\":\"https:\\\/\\\/blog.proofs.de\\\/cs\\\/lexikon\\\/medienkeil\\\/#listItem\",\"position\":3,\"name\":\"Medienkeil\",\"previousItem\":{\"@type\":\"ListItem\",\"@id\":\"https:\\\/\\\/blog.proofs.de\\\/cs\\\/lexikon\\\/#listItem\",\"name\":\"Lexikon\"}}]},{\"@type\":\"Organization\",\"@id\":\"https:\\\/\\\/blog.proofs.de\\\/cs\\\/#organization\",\"name\":\"Proof GmbH\",\"description\":\"Farbverbindlicher Proof, Farbproof, Digitalproof und Online-Proof.\",\"url\":\"https:\\\/\\\/blog.proofs.de\\\/cs\\\/\",\"telephone\":\"+4970717952740\",\"logo\":{\"@type\":\"ImageObject\",\"url\":\"https:\\\/\\\/blog1.proofen.de\\\/wp-content\\\/uploads\\\/2019\\\/09\\\/logo_proof_rgb_mit_balken_250px.png\",\"@id\":\"https:\\\/\\\/blog.proofs.de\\\/cs\\\/lexikon\\\/medienkeil\\\/#organizationLogo\"},\"image\":{\"@id\":\"https:\\\/\\\/blog.proofs.de\\\/cs\\\/lexikon\\\/medienkeil\\\/#organizationLogo\"},\"sameAs\":[\"https:\\\/\\\/www.facebook.com\\\/Proof.de\\\/\",\"https:\\\/\\\/www.instagram.com\\\/proof.de\\\/\",\"https:\\\/\\\/www.tiktok.com\\\/@proof_de\",\"https:\\\/\\\/www.youtube.com\\\/channel\\\/UCk80fQVQ25wC9wu3SywB-Nw\",\"https:\\\/\\\/www.linkedin.com\\\/company\\\/proof-de\"]},{\"@type\":\"Person\",\"@id\":\"https:\\\/\\\/blog.proofs.de\\\/cs\\\/author\\\/mbetz\\\/#author\",\"url\":\"https:\\\/\\\/blog.proofs.de\\\/cs\\\/author\\\/mbetz\\\/\",\"name\":\"Matthias Betz\",\"image\":{\"@type\":\"ImageObject\",\"@id\":\"https:\\\/\\\/blog.proofs.de\\\/cs\\\/lexikon\\\/medienkeil\\\/#authorImage\",\"url\":\"https:\\\/\\\/blog.proofs.de\\\/wp-content\\\/uploads\\\/2020\\\/10\\\/matthias-betz-e1603934518350-150x150.png\",\"width\":96,\"height\":96,\"caption\":\"Matthias Betz\"}},{\"@type\":\"WebPage\",\"@id\":\"https:\\\/\\\/blog.proofs.de\\\/cs\\\/lexikon\\\/medienkeil\\\/#webpage\",\"url\":\"https:\\\/\\\/blog.proofs.de\\\/cs\\\/lexikon\\\/medienkeil\\\/\",\"name\":\"Medienkeil | Proof.de\",\"description\":\"Ein Medienkeil ist ein Testmuster, das in der Druckindustrie und im Farbmanagement verwendet wird und besteht aus Farbfeldern mit definierten Farbwerten.\",\"inLanguage\":\"cs-CZ\",\"isPartOf\":{\"@id\":\"https:\\\/\\\/blog.proofs.de\\\/cs\\\/#website\"},\"breadcrumb\":{\"@id\":\"https:\\\/\\\/blog.proofs.de\\\/cs\\\/lexikon\\\/medienkeil\\\/#breadcrumblist\"},\"author\":{\"@id\":\"https:\\\/\\\/blog.proofs.de\\\/cs\\\/author\\\/mbetz\\\/#author\"},\"creator\":{\"@id\":\"https:\\\/\\\/blog.proofs.de\\\/cs\\\/author\\\/mbetz\\\/#author\"},\"datePublished\":\"2023-07-12T01:45:43+02:00\",\"dateModified\":\"2023-07-12T01:45:43+02:00\"},{\"@type\":\"WebSite\",\"@id\":\"https:\\\/\\\/blog.proofs.de\\\/cs\\\/#website\",\"url\":\"https:\\\/\\\/blog.proofs.de\\\/cs\\\/\",\"name\":\"Proof.de\",\"description\":\"Farbverbindlicher Proof, Farbproof, Digitalproof und Online-Proof.\",\"inLanguage\":\"cs-CZ\",\"publisher\":{\"@id\":\"https:\\\/\\\/blog.proofs.de\\\/cs\\\/#organization\"}}]}\n\t\t<\/script>\n\t\t<!-- All in One SEO -->\n\n","aioseo_head_json":{"title":"Medi\u00e1ln\u00ed kl\u00edn | Proof.de","description":"Medi\u00e1ln\u00ed kl\u00edn je zku\u0161ebn\u00ed obrazec pou\u017e\u00edvan\u00fd v tiska\u0159sk\u00e9m pr\u016fmyslu a p\u0159i spr\u00e1v\u011b barev, kter\u00fd se skl\u00e1d\u00e1 z barevn\u00fdch pol\u00ed\u010dek s definovan\u00fdmi hodnotami barev.","canonical_url":"https:\/\/blog.proofs.de\/cs\/lexikon\/medienkeil\/","robots":"max-image-preview:large","keywords":"","webmasterTools":{"google-site-verification":"TuXxyRwxcEg2-WfOaQ8vScWQh3-uBAnxXmY7g3GT90A","miscellaneous":"&lt;meta name=\"seobility\" content=\"593a8578143db71543f014978c690d47\"&gt;"},"schema":{"@context":"https:\/\/schema.org","@graph":[{"@type":"BreadcrumbList","@id":"https:\/\/blog.proofs.de\/cs\/lexikon\/medienkeil\/#breadcrumblist","itemListElement":[{"@type":"ListItem","@id":"https:\/\/blog.proofs.de\/cs#listItem","position":1,"name":"Home","item":"https:\/\/blog.proofs.de\/cs","nextItem":{"@type":"ListItem","@id":"https:\/\/blog.proofs.de\/cs\/lexikon\/#listItem","name":"Lexikon"}},{"@type":"ListItem","@id":"https:\/\/blog.proofs.de\/cs\/lexikon\/#listItem","position":2,"name":"Lexikon","item":"https:\/\/blog.proofs.de\/cs\/lexikon\/","nextItem":{"@type":"ListItem","@id":"https:\/\/blog.proofs.de\/cs\/lexikon\/medienkeil\/#listItem","name":"Medienkeil"},"previousItem":{"@type":"ListItem","@id":"https:\/\/blog.proofs.de\/cs#listItem","name":"Home"}},{"@type":"ListItem","@id":"https:\/\/blog.proofs.de\/cs\/lexikon\/medienkeil\/#listItem","position":3,"name":"Medienkeil","previousItem":{"@type":"ListItem","@id":"https:\/\/blog.proofs.de\/cs\/lexikon\/#listItem","name":"Lexikon"}}]},{"@type":"Organization","@id":"https:\/\/blog.proofs.de\/cs\/#organization","name":"Proof GmbH","description":"Farbverbindlicher Proof, Farbproof, Digitalproof und Online-Proof.","url":"https:\/\/blog.proofs.de\/cs\/","telephone":"+4970717952740","logo":{"@type":"ImageObject","url":"https:\/\/blog1.proofen.de\/wp-content\/uploads\/2019\/09\/logo_proof_rgb_mit_balken_250px.png","@id":"https:\/\/blog.proofs.de\/cs\/lexikon\/medienkeil\/#organizationLogo"},"image":{"@id":"https:\/\/blog.proofs.de\/cs\/lexikon\/medienkeil\/#organizationLogo"},"sameAs":["https:\/\/www.facebook.com\/Proof.de\/","https:\/\/www.instagram.com\/proof.de\/","https:\/\/www.tiktok.com\/@proof_de","https:\/\/www.youtube.com\/channel\/UCk80fQVQ25wC9wu3SywB-Nw","https:\/\/www.linkedin.com\/company\/proof-de"]},{"@type":"Person","@id":"https:\/\/blog.proofs.de\/cs\/author\/mbetz\/#author","url":"https:\/\/blog.proofs.de\/cs\/author\/mbetz\/","name":"Matthias Betz","image":{"@type":"ImageObject","@id":"https:\/\/blog.proofs.de\/cs\/lexikon\/medienkeil\/#authorImage","url":"https:\/\/blog.proofs.de\/wp-content\/uploads\/2020\/10\/matthias-betz-e1603934518350-150x150.png","width":96,"height":96,"caption":"Matthias Betz"}},{"@type":"WebPage","@id":"https:\/\/blog.proofs.de\/cs\/lexikon\/medienkeil\/#webpage","url":"https:\/\/blog.proofs.de\/cs\/lexikon\/medienkeil\/","name":"Medienkeil | Proof.de","description":"Ein Medienkeil ist ein Testmuster, das in der Druckindustrie und im Farbmanagement verwendet wird und besteht aus Farbfeldern mit definierten Farbwerten.","inLanguage":"cs-CZ","isPartOf":{"@id":"https:\/\/blog.proofs.de\/cs\/#website"},"breadcrumb":{"@id":"https:\/\/blog.proofs.de\/cs\/lexikon\/medienkeil\/#breadcrumblist"},"author":{"@id":"https:\/\/blog.proofs.de\/cs\/author\/mbetz\/#author"},"creator":{"@id":"https:\/\/blog.proofs.de\/cs\/author\/mbetz\/#author"},"datePublished":"2023-07-12T01:45:43+02:00","dateModified":"2023-07-12T01:45:43+02:00"},{"@type":"WebSite","@id":"https:\/\/blog.proofs.de\/cs\/#website","url":"https:\/\/blog.proofs.de\/cs\/","name":"Proof.de","description":"Farbverbindlicher Proof, Farbproof, Digitalproof und Online-Proof.","inLanguage":"cs-CZ","publisher":{"@id":"https:\/\/blog.proofs.de\/cs\/#organization"}}]},"og:locale":"cs_CZ","og:site_name":"Proof.de | Alles zu Proof, Farbmanagement, Grafik, Messtechnik &amp; Co.","og:type":"article","og:title":"Medienkeil | Proof.de","og:description":"Ein Medienkeil ist ein Testmuster, das in der Druckindustrie und im Farbmanagement verwendet wird und besteht aus Farbfeldern mit definierten Farbwerten.","og:url":"https:\/\/blog.proofs.de\/cs\/lexikon\/medienkeil\/","og:image":"https:\/\/blog1.proofen.de\/wp-content\/uploads\/2020\/04\/proof_background.jpg","og:image:secure_url":"https:\/\/blog1.proofen.de\/wp-content\/uploads\/2020\/04\/proof_background.jpg","article:published_time":"2023-07-11T23:45:43+00:00","article:modified_time":"2023-07-11T23:45:43+00:00","article:publisher":"https:\/\/www.facebook.com\/Proof.de\/","twitter:card":"summary","twitter:title":"Medienkeil | Proof.de","twitter:description":"Ein Medienkeil ist ein Testmuster, das in der Druckindustrie und im Farbmanagement verwendet wird und besteht aus Farbfeldern mit definierten Farbwerten.","twitter:image":"https:\/\/blog1.proofen.de\/wp-content\/uploads\/2020\/04\/proof_background.jpg"},"aioseo_meta_data":{"post_id":"5347","title":null,"description":"Medi\u00e1ln\u00ed kl\u00edn je zku\u0161ebn\u00ed obrazec pou\u017e\u00edvan\u00fd v tiska\u0159sk\u00e9m pr\u016fmyslu a p\u0159i spr\u00e1v\u011b barev, kter\u00fd se skl\u00e1d\u00e1 z barevn\u00fdch pol\u00ed\u010dek s definovan\u00fdmi hodnotami barev.","keywords":[],"keyphrases":{"focus":{"keyphrase":"","score":0,"analysis":{"keyphraseInTitle":{"score":0,"maxScore":9,"error":1}}},"additional":[]},"primary_term":null,"canonical_url":null,"og_title":null,"og_description":null,"og_object_type":"default","og_image_type":"default","og_image_url":null,"og_image_width":null,"og_image_height":null,"og_image_custom_url":null,"og_image_custom_fields":null,"og_video":"","og_custom_url":null,"og_article_section":null,"og_article_tags":[],"twitter_use_og":true,"twitter_card":"default","twitter_image_type":"default","twitter_image_url":null,"twitter_image_custom_url":null,"twitter_image_custom_fields":null,"twitter_title":null,"twitter_description":null,"schema":{"blockGraphs":[],"customGraphs":[],"default":{"data":{"Article":[],"Course":[],"Dataset":[],"FAQPage":[],"Movie":[],"Person":[],"Product":[],"ProductReview":[],"Car":[],"Recipe":[],"Service":[],"SoftwareApplication":[],"WebPage":[]},"graphName":"WebPage","isEnabled":true},"graphs":[]},"schema_type":"default","schema_type_options":null,"pillar_content":false,"robots_default":true,"robots_noindex":false,"robots_noarchive":false,"robots_nosnippet":false,"robots_nofollow":false,"robots_noimageindex":false,"robots_noodp":false,"robots_notranslate":false,"robots_max_snippet":"-1","robots_max_videopreview":"-1","robots_max_imagepreview":"large","priority":null,"frequency":"default","local_seo":null,"breadcrumb_settings":null,"limit_modified_date":false,"ai":null,"created":"2023-07-11 23:33:11","updated":"2025-06-04 14:04:47","seo_analyzer_scan_date":null,"focus_keyword":null,"additional_keywords":null,"truseo_locale":null},"_links":{"self":[{"href":"https:\/\/blog.proofs.de\/cs\/wp-json\/wp\/v2\/encyclopedia\/5347","targetHints":{"allow":["GET"]}}],"collection":[{"href":"https:\/\/blog.proofs.de\/cs\/wp-json\/wp\/v2\/encyclopedia"}],"about":[{"href":"https:\/\/blog.proofs.de\/cs\/wp-json\/wp\/v2\/types\/encyclopedia"}],"author":[{"embeddable":true,"href":"https:\/\/blog.proofs.de\/cs\/wp-json\/wp\/v2\/users\/2"}],"replies":[{"embeddable":true,"href":"https:\/\/blog.proofs.de\/cs\/wp-json\/wp\/v2\/comments?post=5347"}],"version-history":[{"count":2,"href":"https:\/\/blog.proofs.de\/cs\/wp-json\/wp\/v2\/encyclopedia\/5347\/revisions"}],"predecessor-version":[{"id":5993,"href":"https:\/\/blog.proofs.de\/cs\/wp-json\/wp\/v2\/encyclopedia\/5347\/revisions\/5993"}],"wp:attachment":[{"href":"https:\/\/blog.proofs.de\/cs\/wp-json\/wp\/v2\/media?parent=5347"}],"curies":[{"name":"wp","href":"https:\/\/api.w.org\/{rel}","templated":true}]}}