{"id":5271,"date":"2023-07-11T00:43:06","date_gmt":"2023-07-10T22:43:06","guid":{"rendered":"https:\/\/www.proof.de\/?post_type=encyclopedia&#038;p=5271"},"modified":"2023-07-11T00:43:06","modified_gmt":"2023-07-10T22:43:06","slug":"blackpoint","status":"publish","type":"encyclopedia","link":"https:\/\/blog.proofs.de\/et\/lexikon\/schwarzpunkt\/","title":{"rendered":"Must punkt"},"content":{"rendered":"<div class=\"kk-star-ratings kksr-auto kksr-align-right kksr-valign-top\" data-payload='{\"align\":\"right\",\"id\":\"5271\",\"slug\":\"default\",\"valign\":\"top\",\"ignore\":\"\",\"reference\":\"auto\",\"class\":\"\",\"count\":\"0\",\"legendonly\":\"\",\"readonly\":\"\",\"score\":\"0\",\"starsonly\":\"\",\"best\":\"5\",\"gap\":\"5\",\"greet\":\"Jetzt bewerten\",\"legend\":\"0\\\/5 - (0 votes)\",\"size\":\"24\",\"title\":\"Schwarzpunkt\",\"width\":\"0\",\"_legend\":\"{score}\\\/{best} - ({count} {votes})\",\"font_factor\":\"1.25\"}'>\n            \n<div class=\"kksr-stars\">\n    \n<div class=\"kksr-stars-inactive\">\n            <div class=\"kksr-star\" data-star=\"1\" style=\"padding-right: 5px\">\n            \n\n<div class=\"kksr-icon\" style=\"width: 24px; height: 24px;\"><\/div>\n        <\/div>\n            <div class=\"kksr-star\" data-star=\"2\" style=\"padding-right: 5px\">\n            \n\n<div class=\"kksr-icon\" style=\"width: 24px; height: 24px;\"><\/div>\n        <\/div>\n            <div class=\"kksr-star\" data-star=\"3\" style=\"padding-right: 5px\">\n            \n\n<div class=\"kksr-icon\" style=\"width: 24px; height: 24px;\"><\/div>\n        <\/div>\n            <div class=\"kksr-star\" data-star=\"4\" style=\"padding-right: 5px\">\n            \n\n<div class=\"kksr-icon\" style=\"width: 24px; height: 24px;\"><\/div>\n        <\/div>\n            <div class=\"kksr-star\" data-star=\"5\" style=\"padding-right: 5px\">\n            \n\n<div class=\"kksr-icon\" style=\"width: 24px; height: 24px;\"><\/div>\n        <\/div>\n    <\/div>\n    \n<div class=\"kksr-stars-active\" style=\"width: 0px;\">\n            <div class=\"kksr-star\" style=\"padding-right: 5px\">\n            \n\n<div class=\"kksr-icon\" style=\"width: 24px; height: 24px;\"><\/div>\n        <\/div>\n            <div class=\"kksr-star\" style=\"padding-right: 5px\">\n            \n\n<div class=\"kksr-icon\" style=\"width: 24px; height: 24px;\"><\/div>\n        <\/div>\n            <div class=\"kksr-star\" style=\"padding-right: 5px\">\n            \n\n<div class=\"kksr-icon\" style=\"width: 24px; height: 24px;\"><\/div>\n        <\/div>\n            <div class=\"kksr-star\" style=\"padding-right: 5px\">\n            \n\n<div class=\"kksr-icon\" style=\"width: 24px; height: 24px;\"><\/div>\n        <\/div>\n            <div class=\"kksr-star\" style=\"padding-right: 5px\">\n            \n\n<div class=\"kksr-icon\" style=\"width: 24px; height: 24px;\"><\/div>\n        <\/div>\n    <\/div>\n<\/div>\n                \n\n<div class=\"kksr-legend\" style=\"font-size: 19.2px;\">\n            <span class=\"kksr-muted\">Hinda n\u00fc\u00fcd<\/span>\n    <\/div>\n    <\/div>\n<p class=\"translation-block\">Must punkt on termin, mida kasutatakse <a href=\"https:\/\/blog1.proofen.de\/es\/lexico-2\/gestion-del-color\/\" target=\"_self\" class=\"encyclopedia tooltipstered\">v\u00e4rvihalduses<\/a> k\u00f5ige tumedama v\u00e4\u00e4rtuse kohta <a href=\"https:\/\/blog1.proofen.de\/es\/lexico-2\/espacio-cromatico\/\" target=\"_self\" class=\"encyclopedia tooltipstered\">v\u00e4rviruumis<\/a> v\u00f5i pildil. See viitab k\u00f5ige s\u00fcgavamale v\u00e4rvitasemele, mida saab vastaval andmekandjal kuvada.<\/p>\n<p class=\"translation-block\">Digitaalses pildis v\u00f5i v\u00e4rviruumis on must punkt sageli defineeritud kui v\u00e4\u00e4rtus, mille heledus v\u00f5i v\u00e4rviv\u00e4\u00e4rtus on minimaalne d<a href=\"https:\/\/blog1.proofen.de\/es\/lexico-2\/efi\/\" target=\"_self\" class=\"encyclopedia tooltipstered\">efi<\/a> ja tavaliselt on see seotud musta v\u00e4rviga.<\/p>\n<p>Must punkt on oluline pildi v\u00f5i v\u00e4rviruumi kontrasti ja d\u00fcnaamilise ulatuse m\u00e4\u00e4ramisel. Koos valge punktiga (k\u00f5ige heledam tase) ja vahetoonidega moodustab see v\u00e4rviruumi toonivahemiku.<\/p>\n<p>Monitoride, printerite v\u00f5i muude v\u00e4ljundseadmete kalibreerimisel on oluline mustade punktide \u00f5ige seadistamine, et tagada varjude ja s\u00fcgavuste harmooniline ja t\u00e4pne reprodutseerimine pildi tumedates piirkondades. Musta punkti kehv esitus v\u00f5ib p\u00f5hjustada pildiinfo kadumist tumedates piirkondades, liiga k\u00f5rge must punkt toob kaasa kontrasti puudumise ja lame esituse.<\/p>\n<p class=\"translation-block\">Musta punkti t\u00e4pne m\u00e4\u00e4ratlus ja tajumine v\u00f5ib erineda s\u00f5ltuvalt <a href=\"https:\/\/blog1.proofen.de\/es\/lexico-2\/modelo-de-color\/\" target=\"_self\" class=\"encyclopedia tooltipstered\">v\u00e4rvimudelist<\/a>, v\u00e4rviruumist v\u00f5i v\u00e4ljundkeskkonnast. Reeglina on see siiski m\u00e4\u00e4ratletud kui k\u00f5ige tumedam kuvatav v\u00e4\u00e4rtus, mida kasutatakse v\u00e4rviruumi v\u00f5i pildi heleduse ja kontrasti v\u00f5rdluspunktina.<\/p>","protected":false},"excerpt":{"rendered":"<p>Must punkt on termin, mida kasutatakse v\u00e4rvihalduses v\u00e4rviruumi v\u00f5i pildi k\u00f5ige tumedama v\u00e4\u00e4rtuse kohta. See viitab k\u00f5ige s\u00fcgavamale v\u00e4rvitasemele, mida saab vastaval andmekandjal kuvada. Digitaalses pildis v\u00f5i v\u00e4rviruumis on must punkt sageli m\u00e4\u00e4ratletud kui v\u00e4\u00e4rtus, mille heledus v\u00f5i v\u00e4rviv\u00e4\u00e4rtus on minimaalne, ja seda seostatakse tavaliselt musta v\u00e4rviga. Must punkt on oluline pildi v\u00f5i v\u00e4rviruumi kontrasti ja d\u00fcnaamilise ulatuse m\u00e4\u00e4ramisel. Koos valge punktiga (k\u00f5ige heledam tase) ja ... <\/p>\n<p class=\"read-more-container\"><a title=\"Must punkt\" class=\"read-more button\" href=\"https:\/\/blog.proofs.de\/et\/lexikon\/schwarzpunkt\/#more-5271\" aria-label=\"Lisateave Schwarzpunkt&#039;i kohta\">Loe edasi<\/a><\/p>","protected":false},"author":2,"featured_media":0,"comment_status":"open","ping_status":"open","template":"","meta":{"om_disable_all_campaigns":false,"inline_featured_image":false,"_monsterinsights_skip_tracking":false,"footnotes":""},"class_list":["post-5271","encyclopedia","type-encyclopedia","status-publish","hentry","no-featured-image-padding"],"aioseo_notices":[],"aioseo_head":"\n\t\t<!-- All in One SEO 5.0.1.1 - aioseo.com -->\n\t<meta name=\"description\" content=\"Der Schwarzpunkt steht f\u00fcr den dunkelsten Wert in einem Farbraum oder Bild. Er bezieht sich auf die dunkelste Stufe der Farbe, die dargestellt werden kann.\" \/>\n\t<meta name=\"robots\" content=\"max-image-preview:large\" \/>\n\t<meta name=\"author\" content=\"Matthias Betz\"\/>\n\t<meta name=\"google-site-verification\" content=\"TuXxyRwxcEg2-WfOaQ8vScWQh3-uBAnxXmY7g3GT90A\" \/>\n\t<link rel=\"canonical\" href=\"https:\/\/blog.proofs.de\/et\/lexikon\/schwarzpunkt\/\" \/>\n\t<meta name=\"generator\" content=\"All in One SEO (AIOSEO) 5.0.1.1\" \/>\n\n\t\t<meta name=\"seobility\" content=\"593a8578143db71543f014978c690d47\">\n\t\t<meta property=\"og:locale\" content=\"et_EE\" \/>\n\t\t<meta property=\"og:site_name\" content=\"Proof.de | Alles zu Proof, Farbmanagement, Grafik, Messtechnik &amp; Co.\" \/>\n\t\t<meta property=\"og:type\" content=\"article\" \/>\n\t\t<meta property=\"og:title\" content=\"Schwarzpunkt | Proof.de\" \/>\n\t\t<meta property=\"og:description\" content=\"Der Schwarzpunkt steht f\u00fcr den dunkelsten Wert in einem Farbraum oder Bild. Er bezieht sich auf die dunkelste Stufe der Farbe, die dargestellt werden kann.\" \/>\n\t\t<meta property=\"og:url\" content=\"https:\/\/blog.proofs.de\/et\/lexikon\/schwarzpunkt\/\" \/>\n\t\t<meta property=\"og:image\" content=\"https:\/\/blog1.proofen.de\/wp-content\/uploads\/2020\/04\/proof_background.jpg\" \/>\n\t\t<meta property=\"og:image:secure_url\" content=\"https:\/\/blog1.proofen.de\/wp-content\/uploads\/2020\/04\/proof_background.jpg\" \/>\n\t\t<meta property=\"article:published_time\" content=\"2023-07-10T22:43:06+00:00\" \/>\n\t\t<meta property=\"article:modified_time\" content=\"2023-07-10T22:43:06+00:00\" \/>\n\t\t<meta property=\"article:publisher\" content=\"https:\/\/www.facebook.com\/Proof.de\/\" \/>\n\t\t<meta name=\"twitter:card\" content=\"summary\" \/>\n\t\t<meta name=\"twitter:title\" content=\"Schwarzpunkt | Proof.de\" \/>\n\t\t<meta name=\"twitter:description\" content=\"Der Schwarzpunkt steht f\u00fcr den dunkelsten Wert in einem Farbraum oder Bild. Er bezieht sich auf die dunkelste Stufe der Farbe, die dargestellt werden kann.\" \/>\n\t\t<meta name=\"twitter:image\" content=\"https:\/\/blog1.proofen.de\/wp-content\/uploads\/2020\/04\/proof_background.jpg\" \/>\n\t\t<script type=\"application\/ld+json\" class=\"aioseo-schema\">\n\t\t\t{\"@context\":\"https:\\\/\\\/schema.org\",\"@graph\":[{\"@type\":\"BreadcrumbList\",\"@id\":\"https:\\\/\\\/blog.proofs.de\\\/et\\\/lexikon\\\/schwarzpunkt\\\/#breadcrumblist\",\"itemListElement\":[{\"@type\":\"ListItem\",\"@id\":\"https:\\\/\\\/blog.proofs.de\\\/et#listItem\",\"position\":1,\"name\":\"Home\",\"item\":\"https:\\\/\\\/blog.proofs.de\\\/et\",\"nextItem\":{\"@type\":\"ListItem\",\"@id\":\"https:\\\/\\\/blog.proofs.de\\\/et\\\/lexikon\\\/#listItem\",\"name\":\"Lexikon\"}},{\"@type\":\"ListItem\",\"@id\":\"https:\\\/\\\/blog.proofs.de\\\/et\\\/lexikon\\\/#listItem\",\"position\":2,\"name\":\"Lexikon\",\"item\":\"https:\\\/\\\/blog.proofs.de\\\/et\\\/lexikon\\\/\",\"nextItem\":{\"@type\":\"ListItem\",\"@id\":\"https:\\\/\\\/blog.proofs.de\\\/et\\\/lexikon\\\/schwarzpunkt\\\/#listItem\",\"name\":\"Schwarzpunkt\"},\"previousItem\":{\"@type\":\"ListItem\",\"@id\":\"https:\\\/\\\/blog.proofs.de\\\/et#listItem\",\"name\":\"Home\"}},{\"@type\":\"ListItem\",\"@id\":\"https:\\\/\\\/blog.proofs.de\\\/et\\\/lexikon\\\/schwarzpunkt\\\/#listItem\",\"position\":3,\"name\":\"Schwarzpunkt\",\"previousItem\":{\"@type\":\"ListItem\",\"@id\":\"https:\\\/\\\/blog.proofs.de\\\/et\\\/lexikon\\\/#listItem\",\"name\":\"Lexikon\"}}]},{\"@type\":\"Organization\",\"@id\":\"https:\\\/\\\/blog.proofs.de\\\/et\\\/#organization\",\"name\":\"Proof GmbH\",\"description\":\"Farbverbindlicher Proof, Farbproof, Digitalproof und Online-Proof.\",\"url\":\"https:\\\/\\\/blog.proofs.de\\\/et\\\/\",\"telephone\":\"+4970717952740\",\"logo\":{\"@type\":\"ImageObject\",\"url\":\"https:\\\/\\\/blog1.proofen.de\\\/wp-content\\\/uploads\\\/2019\\\/09\\\/logo_proof_rgb_mit_balken_250px.png\",\"@id\":\"https:\\\/\\\/blog.proofs.de\\\/et\\\/lexikon\\\/schwarzpunkt\\\/#organizationLogo\"},\"image\":{\"@id\":\"https:\\\/\\\/blog.proofs.de\\\/et\\\/lexikon\\\/schwarzpunkt\\\/#organizationLogo\"},\"sameAs\":[\"https:\\\/\\\/www.facebook.com\\\/Proof.de\\\/\",\"https:\\\/\\\/www.instagram.com\\\/proof.de\\\/\",\"https:\\\/\\\/www.tiktok.com\\\/@proof_de\",\"https:\\\/\\\/www.youtube.com\\\/channel\\\/UCk80fQVQ25wC9wu3SywB-Nw\",\"https:\\\/\\\/www.linkedin.com\\\/company\\\/proof-de\"]},{\"@type\":\"Person\",\"@id\":\"https:\\\/\\\/blog.proofs.de\\\/et\\\/author\\\/mbetz\\\/#author\",\"url\":\"https:\\\/\\\/blog.proofs.de\\\/et\\\/author\\\/mbetz\\\/\",\"name\":\"Matthias Betz\",\"image\":{\"@type\":\"ImageObject\",\"@id\":\"https:\\\/\\\/blog.proofs.de\\\/et\\\/lexikon\\\/schwarzpunkt\\\/#authorImage\",\"url\":\"https:\\\/\\\/blog.proofs.de\\\/wp-content\\\/uploads\\\/2020\\\/10\\\/matthias-betz-e1603934518350-150x150.png\",\"width\":96,\"height\":96,\"caption\":\"Matthias Betz\"}},{\"@type\":\"WebPage\",\"@id\":\"https:\\\/\\\/blog.proofs.de\\\/et\\\/lexikon\\\/schwarzpunkt\\\/#webpage\",\"url\":\"https:\\\/\\\/blog.proofs.de\\\/et\\\/lexikon\\\/schwarzpunkt\\\/\",\"name\":\"Schwarzpunkt | Proof.de\",\"description\":\"Der Schwarzpunkt steht f\\u00fcr den dunkelsten Wert in einem Farbraum oder Bild. Er bezieht sich auf die dunkelste Stufe der Farbe, die dargestellt werden kann.\",\"inLanguage\":\"et\",\"isPartOf\":{\"@id\":\"https:\\\/\\\/blog.proofs.de\\\/et\\\/#website\"},\"breadcrumb\":{\"@id\":\"https:\\\/\\\/blog.proofs.de\\\/et\\\/lexikon\\\/schwarzpunkt\\\/#breadcrumblist\"},\"author\":{\"@id\":\"https:\\\/\\\/blog.proofs.de\\\/et\\\/author\\\/mbetz\\\/#author\"},\"creator\":{\"@id\":\"https:\\\/\\\/blog.proofs.de\\\/et\\\/author\\\/mbetz\\\/#author\"},\"datePublished\":\"2023-07-11T00:43:06+02:00\",\"dateModified\":\"2023-07-11T00:43:06+02:00\"},{\"@type\":\"WebSite\",\"@id\":\"https:\\\/\\\/blog.proofs.de\\\/et\\\/#website\",\"url\":\"https:\\\/\\\/blog.proofs.de\\\/et\\\/\",\"name\":\"Proof.de\",\"description\":\"Farbverbindlicher Proof, Farbproof, Digitalproof und Online-Proof.\",\"inLanguage\":\"et\",\"publisher\":{\"@id\":\"https:\\\/\\\/blog.proofs.de\\\/et\\\/#organization\"}}]}\n\t\t<\/script>\n\t\t<!-- All in One SEO -->\n\n","aioseo_head_json":{"title":"Blackpoint | Proof.de","description":"Must punkt t\u00e4histab v\u00e4rviruumi v\u00f5i pildi k\u00f5ige tumedamat v\u00e4\u00e4rtust. See viitab k\u00f5ige tumedamale v\u00e4rvitasemele, mida saab esitada.","canonical_url":"https:\/\/blog.proofs.de\/et\/lexikon\/schwarzpunkt\/","robots":"max-image-preview:large","keywords":"","webmasterTools":{"google-site-verification":"TuXxyRwxcEg2-WfOaQ8vScWQh3-uBAnxXmY7g3GT90A","miscellaneous":"&lt;meta name=\"seobility\" content=\"593a8578143db71543f014978c690d47\"&gt;"},"schema":{"@context":"https:\/\/schema.org","@graph":[{"@type":"BreadcrumbList","@id":"https:\/\/blog.proofs.de\/et\/lexikon\/schwarzpunkt\/#breadcrumblist","itemListElement":[{"@type":"ListItem","@id":"https:\/\/blog.proofs.de\/et#listItem","position":1,"name":"Home","item":"https:\/\/blog.proofs.de\/et","nextItem":{"@type":"ListItem","@id":"https:\/\/blog.proofs.de\/et\/lexikon\/#listItem","name":"Lexikon"}},{"@type":"ListItem","@id":"https:\/\/blog.proofs.de\/et\/lexikon\/#listItem","position":2,"name":"Lexikon","item":"https:\/\/blog.proofs.de\/et\/lexikon\/","nextItem":{"@type":"ListItem","@id":"https:\/\/blog.proofs.de\/et\/lexikon\/schwarzpunkt\/#listItem","name":"Schwarzpunkt"},"previousItem":{"@type":"ListItem","@id":"https:\/\/blog.proofs.de\/et#listItem","name":"Home"}},{"@type":"ListItem","@id":"https:\/\/blog.proofs.de\/et\/lexikon\/schwarzpunkt\/#listItem","position":3,"name":"Schwarzpunkt","previousItem":{"@type":"ListItem","@id":"https:\/\/blog.proofs.de\/et\/lexikon\/#listItem","name":"Lexikon"}}]},{"@type":"Organization","@id":"https:\/\/blog.proofs.de\/et\/#organization","name":"Proof GmbH","description":"Farbverbindlicher Proof, Farbproof, Digitalproof und Online-Proof.","url":"https:\/\/blog.proofs.de\/et\/","telephone":"+4970717952740","logo":{"@type":"ImageObject","url":"https:\/\/blog1.proofen.de\/wp-content\/uploads\/2019\/09\/logo_proof_rgb_mit_balken_250px.png","@id":"https:\/\/blog.proofs.de\/et\/lexikon\/schwarzpunkt\/#organizationLogo"},"image":{"@id":"https:\/\/blog.proofs.de\/et\/lexikon\/schwarzpunkt\/#organizationLogo"},"sameAs":["https:\/\/www.facebook.com\/Proof.de\/","https:\/\/www.instagram.com\/proof.de\/","https:\/\/www.tiktok.com\/@proof_de","https:\/\/www.youtube.com\/channel\/UCk80fQVQ25wC9wu3SywB-Nw","https:\/\/www.linkedin.com\/company\/proof-de"]},{"@type":"Person","@id":"https:\/\/blog.proofs.de\/et\/author\/mbetz\/#author","url":"https:\/\/blog.proofs.de\/et\/author\/mbetz\/","name":"Matthias Betz","image":{"@type":"ImageObject","@id":"https:\/\/blog.proofs.de\/et\/lexikon\/schwarzpunkt\/#authorImage","url":"https:\/\/blog.proofs.de\/wp-content\/uploads\/2020\/10\/matthias-betz-e1603934518350-150x150.png","width":96,"height":96,"caption":"Matthias Betz"}},{"@type":"WebPage","@id":"https:\/\/blog.proofs.de\/et\/lexikon\/schwarzpunkt\/#webpage","url":"https:\/\/blog.proofs.de\/et\/lexikon\/schwarzpunkt\/","name":"Schwarzpunkt | Proof.de","description":"Der Schwarzpunkt steht f\u00fcr den dunkelsten Wert in einem Farbraum oder Bild. Er bezieht sich auf die dunkelste Stufe der Farbe, die dargestellt werden kann.","inLanguage":"et","isPartOf":{"@id":"https:\/\/blog.proofs.de\/et\/#website"},"breadcrumb":{"@id":"https:\/\/blog.proofs.de\/et\/lexikon\/schwarzpunkt\/#breadcrumblist"},"author":{"@id":"https:\/\/blog.proofs.de\/et\/author\/mbetz\/#author"},"creator":{"@id":"https:\/\/blog.proofs.de\/et\/author\/mbetz\/#author"},"datePublished":"2023-07-11T00:43:06+02:00","dateModified":"2023-07-11T00:43:06+02:00"},{"@type":"WebSite","@id":"https:\/\/blog.proofs.de\/et\/#website","url":"https:\/\/blog.proofs.de\/et\/","name":"Proof.de","description":"Farbverbindlicher Proof, Farbproof, Digitalproof und Online-Proof.","inLanguage":"et","publisher":{"@id":"https:\/\/blog.proofs.de\/et\/#organization"}}]},"og:locale":"et_EE","og:site_name":"Proof.de | Alles zu Proof, Farbmanagement, Grafik, Messtechnik &amp; Co.","og:type":"article","og:title":"Schwarzpunkt | Proof.de","og:description":"Der Schwarzpunkt steht f\u00fcr den dunkelsten Wert in einem Farbraum oder Bild. Er bezieht sich auf die dunkelste Stufe der Farbe, die dargestellt werden kann.","og:url":"https:\/\/blog.proofs.de\/et\/lexikon\/schwarzpunkt\/","og:image":"https:\/\/blog1.proofen.de\/wp-content\/uploads\/2020\/04\/proof_background.jpg","og:image:secure_url":"https:\/\/blog1.proofen.de\/wp-content\/uploads\/2020\/04\/proof_background.jpg","article:published_time":"2023-07-10T22:43:06+00:00","article:modified_time":"2023-07-10T22:43:06+00:00","article:publisher":"https:\/\/www.facebook.com\/Proof.de\/","twitter:card":"summary","twitter:title":"Schwarzpunkt | Proof.de","twitter:description":"Der Schwarzpunkt steht f\u00fcr den dunkelsten Wert in einem Farbraum oder Bild. Er bezieht sich auf die dunkelste Stufe der Farbe, die dargestellt werden kann.","twitter:image":"https:\/\/blog1.proofen.de\/wp-content\/uploads\/2020\/04\/proof_background.jpg"},"aioseo_meta_data":{"post_id":"5271","title":null,"description":"Must punkt t\u00e4histab v\u00e4rviruumi v\u00f5i pildi k\u00f5ige tumedamat v\u00e4\u00e4rtust. See viitab k\u00f5ige tumedamale v\u00e4rvitasemele, mida saab esitada.","keywords":[],"keyphrases":{"focus":{"keyphrase":"","score":0,"analysis":{"keyphraseInTitle":{"score":0,"maxScore":9,"error":1}}},"additional":[]},"primary_term":null,"canonical_url":null,"og_title":null,"og_description":null,"og_object_type":"default","og_image_type":"default","og_image_url":null,"og_image_width":null,"og_image_height":null,"og_image_custom_url":null,"og_image_custom_fields":null,"og_video":"","og_custom_url":null,"og_article_section":null,"og_article_tags":[],"twitter_use_og":true,"twitter_card":"default","twitter_image_type":"default","twitter_image_url":null,"twitter_image_custom_url":null,"twitter_image_custom_fields":null,"twitter_title":null,"twitter_description":null,"schema":{"blockGraphs":[],"customGraphs":[],"default":{"data":{"Article":[],"Course":[],"Dataset":[],"FAQPage":[],"Movie":[],"Person":[],"Product":[],"ProductReview":[],"Car":[],"Recipe":[],"Service":[],"SoftwareApplication":[],"WebPage":[]},"graphName":"WebPage","isEnabled":true},"graphs":[]},"schema_type":"default","schema_type_options":null,"pillar_content":false,"robots_default":true,"robots_noindex":false,"robots_noarchive":false,"robots_nosnippet":false,"robots_nofollow":false,"robots_noimageindex":false,"robots_noodp":false,"robots_notranslate":false,"robots_max_snippet":"-1","robots_max_videopreview":"-1","robots_max_imagepreview":"large","priority":null,"frequency":"default","local_seo":null,"breadcrumb_settings":null,"limit_modified_date":false,"ai":null,"created":"2023-07-10 22:38:22","updated":"2025-06-04 14:04:47","seo_analyzer_scan_date":null,"focus_keyword":null,"additional_keywords":null,"truseo_locale":null},"_links":{"self":[{"href":"https:\/\/blog.proofs.de\/et\/wp-json\/wp\/v2\/encyclopedia\/5271","targetHints":{"allow":["GET"]}}],"collection":[{"href":"https:\/\/blog.proofs.de\/et\/wp-json\/wp\/v2\/encyclopedia"}],"about":[{"href":"https:\/\/blog.proofs.de\/et\/wp-json\/wp\/v2\/types\/encyclopedia"}],"author":[{"embeddable":true,"href":"https:\/\/blog.proofs.de\/et\/wp-json\/wp\/v2\/users\/2"}],"replies":[{"embeddable":true,"href":"https:\/\/blog.proofs.de\/et\/wp-json\/wp\/v2\/comments?post=5271"}],"version-history":[{"count":1,"href":"https:\/\/blog.proofs.de\/et\/wp-json\/wp\/v2\/encyclopedia\/5271\/revisions"}],"predecessor-version":[{"id":5272,"href":"https:\/\/blog.proofs.de\/et\/wp-json\/wp\/v2\/encyclopedia\/5271\/revisions\/5272"}],"wp:attachment":[{"href":"https:\/\/blog.proofs.de\/et\/wp-json\/wp\/v2\/media?parent=5271"}],"curies":[{"name":"wp","href":"https:\/\/api.w.org\/{rel}","templated":true}]}}