{"id":1019,"date":"2014-08-01T01:43:22","date_gmt":"2014-07-31T23:43:22","guid":{"rendered":"http:\/\/www.proof.de\/?post_type=encyclopedia&#038;p=1019"},"modified":"2022-03-15T12:05:22","modified_gmt":"2022-03-15T11:05:22","slug":"daugiaspektrinis","status":"publish","type":"encyclopedia","link":"https:\/\/blog.proofs.de\/lt\/lexikon\/multispektral\/","title":{"rendered":"daugiaspektrinis"},"content":{"rendered":"<div class=\"kk-star-ratings kksr-auto kksr-align-right kksr-valign-top\" data-payload='{\"align\":\"right\",\"id\":\"1019\",\"slug\":\"default\",\"valign\":\"top\",\"ignore\":\"\",\"reference\":\"auto\",\"class\":\"\",\"count\":\"0\",\"legendonly\":\"\",\"readonly\":\"\",\"score\":\"0\",\"starsonly\":\"\",\"best\":\"5\",\"gap\":\"5\",\"greet\":\"Jetzt bewerten\",\"legend\":\"0\\\/5 - (0 votes)\",\"size\":\"24\",\"title\":\"multispektral\",\"width\":\"0\",\"_legend\":\"{score}\\\/{best} - ({count} {votes})\",\"font_factor\":\"1.25\"}'>\n            \n<div class=\"kksr-stars\">\n    \n<div class=\"kksr-stars-inactive\">\n            <div class=\"kksr-star\" data-star=\"1\" style=\"padding-right: 5px\">\n            \n\n<div class=\"kksr-icon\" style=\"width: 24px; height: 24px;\"><\/div>\n        <\/div>\n            <div class=\"kksr-star\" data-star=\"2\" style=\"padding-right: 5px\">\n            \n\n<div class=\"kksr-icon\" style=\"width: 24px; height: 24px;\"><\/div>\n        <\/div>\n            <div class=\"kksr-star\" data-star=\"3\" style=\"padding-right: 5px\">\n            \n\n<div class=\"kksr-icon\" style=\"width: 24px; height: 24px;\"><\/div>\n        <\/div>\n            <div class=\"kksr-star\" data-star=\"4\" style=\"padding-right: 5px\">\n            \n\n<div class=\"kksr-icon\" style=\"width: 24px; height: 24px;\"><\/div>\n        <\/div>\n            <div class=\"kksr-star\" data-star=\"5\" style=\"padding-right: 5px\">\n            \n\n<div class=\"kksr-icon\" style=\"width: 24px; height: 24px;\"><\/div>\n        <\/div>\n    <\/div>\n    \n<div class=\"kksr-stars-active\" style=\"width: 0px;\">\n            <div class=\"kksr-star\" style=\"padding-right: 5px\">\n            \n\n<div class=\"kksr-icon\" style=\"width: 24px; height: 24px;\"><\/div>\n        <\/div>\n            <div class=\"kksr-star\" style=\"padding-right: 5px\">\n            \n\n<div class=\"kksr-icon\" style=\"width: 24px; height: 24px;\"><\/div>\n        <\/div>\n            <div class=\"kksr-star\" style=\"padding-right: 5px\">\n            \n\n<div class=\"kksr-icon\" style=\"width: 24px; height: 24px;\"><\/div>\n        <\/div>\n            <div class=\"kksr-star\" style=\"padding-right: 5px\">\n            \n\n<div class=\"kksr-icon\" style=\"width: 24px; height: 24px;\"><\/div>\n        <\/div>\n            <div class=\"kksr-star\" style=\"padding-right: 5px\">\n            \n\n<div class=\"kksr-icon\" style=\"width: 24px; height: 24px;\"><\/div>\n        <\/div>\n    <\/div>\n<\/div>\n                \n\n<div class=\"kksr-legend\" style=\"font-size: 19.2px;\">\n            <span class=\"kksr-muted\">\u012evertinkite dabar<\/span>\n    <\/div>\n    <\/div>\n<p class=\"translation-block\">Kad b\u016bt\u0173 galima tiksliau apib\u016bdinti spalvas ir geriau atmesti <a href=\"https:\/\/blog1.proofen.de\/es\/lexico-2\/metamerismo\/\" target=\"_self\" class=\"encyclopedia tooltipstered\">metamerizm\u0105<\/a>, <a href=\"https:\/\/blog1.proofen.de\/es\/lexico-2\/medicion-del-color\/\" target=\"_self\" class=\"encyclopedia tooltipstered\">spalv\u0173 matavimas<\/a> vis da\u017eniau atliekamas ne tik naudojant <a href=\"https:\/\/blog1.proofen.de\/es\/lexico-2\/colorimetro-2\/\" target=\"_self\" class=\"encyclopedia tooltipstered\">spalv\u0173 matuoklius<\/a>, kuriais matuojamas ta\u0161kas trima\u010diame <a href=\"https:\/\/blog1.proofen.de\/es\/lexico-2\/laboratorio\/\" target=\"_self\" class=\"encyclopedia tooltipstered\">laboratorija<\/a> <a href=\"https:\/\/blog1.proofen.de\/es\/lexico-2\/espacio-cromatico\/\" target=\"_self\" class=\"encyclopedia tooltipstered\">spalv\u0173 erdv\u0117je<\/a>, bet spektriniu matavimu, t. y. registruojant vis\u0105 emisijos<a href=\"https:\/\/blog1.proofen.de\/es\/lexico-2\/espectro\/\" target=\"_self\" class=\"encyclopedia tooltipstered\">spectrum<\/a> arba spalvos atspind\u017eio spektr\u0105.<\/p>\n<p class=\"translation-block\">\u0160i technologija taip pat naudojama fotoaparatuose. \u0160iandien vaizdus galima fotografuoti nebe tik <a href=\"https:\/\/blog1.proofen.de\/es\/lexico-2\/rgb\/\" target=\"_self\" class=\"encyclopedia tooltipstered\">RGB<\/a>, bet naudojant tokias sistemas, kaip \"Can:View\", 11 mln. pikseli\u0173 vaizdus galima fotografuoti 16 atskir\u0173 spektr\u0173 nuo 400 iki 700 nm. Taigi kiekvienas i\u0161 \u0161i\u0173 pikseli\u0173 yra spektriniu d<a href=\"https:\/\/blog1.proofen.de\/es\/lexico-2\/efi\/\" target=\"_self\" class=\"encyclopedia tooltipstered\">efi<\/a>.<\/p>\n<p class=\"translation-block\">Retu\u0161uojant galima naudoti \u0161viesos tip\u0105, pavyzd\u017eiui, <a href=\"https:\/\/blog1.proofen.de\/es\/lexico-2\/d50\/\" target=\"_self\" class=\"encyclopedia tooltipstered\">D50<\/a> arba <a href=\"https:\/\/blog1.proofen.de\/es\/lexico-2\/d65\/\" target=\"_self\" class=\"encyclopedia tooltipstered\">D65<\/a>, galima apibr\u0117\u017eti ir - kadangi ap\u0161viet\u0117jo spektras yra \u017einomas - vaizd\u0105 galima tiesiog paruo\u0161ti reikiamai <a href=\"https:\/\/blog1.proofen.de\/es\/lexico-2\/luz-normal\/\" target=\"_self\" class=\"encyclopedia tooltipstered\">standartinei \u0161viesai<\/a> i\u0161 multispektrini\u0173 duomen\u0173, spustel\u0117jus pele retu\u0161uoti.<\/p>\n<p>\u0160iuo metu su \"Can:View\" ir \"Can:Scan\" rinkoje yra i\u0161baigta sistema, kuria galima daryti ir toliau apdoroti daugiaspektrines nuotraukas. Ta\u010diau, i\u0161skyrus katalog\u0173 gamintojus ir mados \u012fmones, \u0161i technologija dar nepasiek\u0117 pla\u010diosios rinkos.<\/p>","protected":false},"excerpt":{"rendered":"<p>Kad b\u016bt\u0173 galima tiksliau apib\u016bdinti spalvas, audini\u0173 pavyzd\u017eiai ir gaminiai vis da\u017eniau fotografuojami daugiaspektriai. Kiekvienam objekto pikseliui nustatoma ne tik RGB arba Lab reik\u0161m\u0117, bet ir tikslus spalv\u0173 spektras. Tuomet \u0161iuos daugiaspektrius duomenis galima lanks\u010diai paruo\u0161ti bet kokioms ap\u0161vietimo s\u0105lygoms.<\/p>","protected":false},"author":2,"featured_media":0,"comment_status":"open","ping_status":"open","template":"","meta":{"om_disable_all_campaigns":false,"inline_featured_image":false,"_monsterinsights_skip_tracking":false,"footnotes":""},"class_list":["post-1019","encyclopedia","type-encyclopedia","status-publish","hentry","no-featured-image-padding"],"aioseo_notices":[],"aioseo_head":"\n\t\t<!-- All in One SEO 5.0.1.1 - aioseo.com -->\n\t<meta name=\"description\" content=\"Als multispektrale Bilder werden Bild-Datens\u00e4tze bezeichnet, die aus mehreren Spektren zusammengesetzt sind und mit Multispektralkameras fotografiert wurden.\" \/>\n\t<meta name=\"robots\" content=\"max-image-preview:large\" \/>\n\t<meta name=\"author\" content=\"Matthias Betz\"\/>\n\t<meta name=\"google-site-verification\" content=\"TuXxyRwxcEg2-WfOaQ8vScWQh3-uBAnxXmY7g3GT90A\" \/>\n\t<link rel=\"canonical\" href=\"https:\/\/blog.proofs.de\/lt\/lexikon\/multispektral\/\" \/>\n\t<meta name=\"generator\" content=\"All in One SEO (AIOSEO) 5.0.1.1\" \/>\n\n\t\t<meta name=\"seobility\" content=\"593a8578143db71543f014978c690d47\">\n\t\t<meta property=\"og:locale\" content=\"lt_LT\" \/>\n\t\t<meta property=\"og:site_name\" content=\"Proof.de | Alles zu Proof, Farbmanagement, Grafik, Messtechnik &amp; Co.\" \/>\n\t\t<meta property=\"og:type\" content=\"article\" \/>\n\t\t<meta property=\"og:title\" content=\"multispektral | Lexikon | proof.de\" \/>\n\t\t<meta property=\"og:description\" content=\"Als multispektrale Bilder werden Bild-Datens\u00e4tze bezeichnet, die aus mehreren Spektren zusammengesetzt sind und mit Multispektralkameras fotografiert wurden.\" \/>\n\t\t<meta property=\"og:url\" content=\"https:\/\/blog.proofs.de\/lt\/lexikon\/multispektral\/\" \/>\n\t\t<meta property=\"og:image\" content=\"https:\/\/blog1.proofen.de\/wp-content\/uploads\/2020\/04\/proof_background.jpg\" \/>\n\t\t<meta property=\"og:image:secure_url\" content=\"https:\/\/blog1.proofen.de\/wp-content\/uploads\/2020\/04\/proof_background.jpg\" \/>\n\t\t<meta property=\"article:published_time\" content=\"2014-07-31T23:43:22+00:00\" \/>\n\t\t<meta property=\"article:modified_time\" content=\"2022-03-15T11:05:22+00:00\" \/>\n\t\t<meta property=\"article:publisher\" content=\"https:\/\/www.facebook.com\/Proof.de\/\" \/>\n\t\t<meta name=\"twitter:card\" content=\"summary\" \/>\n\t\t<meta name=\"twitter:title\" content=\"multispektral | Lexikon | proof.de\" \/>\n\t\t<meta name=\"twitter:description\" content=\"Als multispektrale Bilder werden Bild-Datens\u00e4tze bezeichnet, die aus mehreren Spektren zusammengesetzt sind und mit Multispektralkameras fotografiert wurden.\" \/>\n\t\t<meta name=\"twitter:image\" content=\"https:\/\/blog1.proofen.de\/wp-content\/uploads\/2020\/04\/proof_background.jpg\" \/>\n\t\t<script type=\"application\/ld+json\" class=\"aioseo-schema\">\n\t\t\t{\"@context\":\"https:\\\/\\\/schema.org\",\"@graph\":[{\"@type\":\"BreadcrumbList\",\"@id\":\"https:\\\/\\\/blog.proofs.de\\\/lt\\\/lexikon\\\/multispektral\\\/#breadcrumblist\",\"itemListElement\":[{\"@type\":\"ListItem\",\"@id\":\"https:\\\/\\\/blog.proofs.de\\\/lt#listItem\",\"position\":1,\"name\":\"Home\",\"item\":\"https:\\\/\\\/blog.proofs.de\\\/lt\",\"nextItem\":{\"@type\":\"ListItem\",\"@id\":\"https:\\\/\\\/blog.proofs.de\\\/lt\\\/lexikon\\\/#listItem\",\"name\":\"Lexikon\"}},{\"@type\":\"ListItem\",\"@id\":\"https:\\\/\\\/blog.proofs.de\\\/lt\\\/lexikon\\\/#listItem\",\"position\":2,\"name\":\"Lexikon\",\"item\":\"https:\\\/\\\/blog.proofs.de\\\/lt\\\/lexikon\\\/\",\"nextItem\":{\"@type\":\"ListItem\",\"@id\":\"https:\\\/\\\/blog.proofs.de\\\/lt\\\/lexikon\\\/multispektral\\\/#listItem\",\"name\":\"multispektral\"},\"previousItem\":{\"@type\":\"ListItem\",\"@id\":\"https:\\\/\\\/blog.proofs.de\\\/lt#listItem\",\"name\":\"Home\"}},{\"@type\":\"ListItem\",\"@id\":\"https:\\\/\\\/blog.proofs.de\\\/lt\\\/lexikon\\\/multispektral\\\/#listItem\",\"position\":3,\"name\":\"multispektral\",\"previousItem\":{\"@type\":\"ListItem\",\"@id\":\"https:\\\/\\\/blog.proofs.de\\\/lt\\\/lexikon\\\/#listItem\",\"name\":\"Lexikon\"}}]},{\"@type\":\"Organization\",\"@id\":\"https:\\\/\\\/blog.proofs.de\\\/lt\\\/#organization\",\"name\":\"Proof GmbH\",\"description\":\"Farbverbindlicher Proof, Farbproof, Digitalproof und Online-Proof.\",\"url\":\"https:\\\/\\\/blog.proofs.de\\\/lt\\\/\",\"telephone\":\"+4970717952740\",\"logo\":{\"@type\":\"ImageObject\",\"url\":\"https:\\\/\\\/blog1.proofen.de\\\/wp-content\\\/uploads\\\/2019\\\/09\\\/logo_proof_rgb_mit_balken_250px.png\",\"@id\":\"https:\\\/\\\/blog.proofs.de\\\/lt\\\/lexikon\\\/multispektral\\\/#organizationLogo\"},\"image\":{\"@id\":\"https:\\\/\\\/blog.proofs.de\\\/lt\\\/lexikon\\\/multispektral\\\/#organizationLogo\"},\"sameAs\":[\"https:\\\/\\\/www.facebook.com\\\/Proof.de\\\/\",\"https:\\\/\\\/www.instagram.com\\\/proof.de\\\/\",\"https:\\\/\\\/www.tiktok.com\\\/@proof_de\",\"https:\\\/\\\/www.youtube.com\\\/channel\\\/UCk80fQVQ25wC9wu3SywB-Nw\",\"https:\\\/\\\/www.linkedin.com\\\/company\\\/proof-de\"]},{\"@type\":\"Person\",\"@id\":\"https:\\\/\\\/blog.proofs.de\\\/lt\\\/author\\\/mbetz\\\/#author\",\"url\":\"https:\\\/\\\/blog.proofs.de\\\/lt\\\/author\\\/mbetz\\\/\",\"name\":\"Matthias Betz\",\"image\":{\"@type\":\"ImageObject\",\"@id\":\"https:\\\/\\\/blog.proofs.de\\\/lt\\\/lexikon\\\/multispektral\\\/#authorImage\",\"url\":\"https:\\\/\\\/blog.proofs.de\\\/wp-content\\\/uploads\\\/2020\\\/10\\\/matthias-betz-e1603934518350-150x150.png\",\"width\":96,\"height\":96,\"caption\":\"Matthias Betz\"}},{\"@type\":\"WebPage\",\"@id\":\"https:\\\/\\\/blog.proofs.de\\\/lt\\\/lexikon\\\/multispektral\\\/#webpage\",\"url\":\"https:\\\/\\\/blog.proofs.de\\\/lt\\\/lexikon\\\/multispektral\\\/\",\"name\":\"multispektral | Lexikon | proof.de\",\"description\":\"Als multispektrale Bilder werden Bild-Datens\\u00e4tze bezeichnet, die aus mehreren Spektren zusammengesetzt sind und mit Multispektralkameras fotografiert wurden.\",\"inLanguage\":\"lt-LT\",\"isPartOf\":{\"@id\":\"https:\\\/\\\/blog.proofs.de\\\/lt\\\/#website\"},\"breadcrumb\":{\"@id\":\"https:\\\/\\\/blog.proofs.de\\\/lt\\\/lexikon\\\/multispektral\\\/#breadcrumblist\"},\"author\":{\"@id\":\"https:\\\/\\\/blog.proofs.de\\\/lt\\\/author\\\/mbetz\\\/#author\"},\"creator\":{\"@id\":\"https:\\\/\\\/blog.proofs.de\\\/lt\\\/author\\\/mbetz\\\/#author\"},\"datePublished\":\"2014-08-01T01:43:22+02:00\",\"dateModified\":\"2022-03-15T12:05:22+01:00\"},{\"@type\":\"WebSite\",\"@id\":\"https:\\\/\\\/blog.proofs.de\\\/lt\\\/#website\",\"url\":\"https:\\\/\\\/blog.proofs.de\\\/lt\\\/\",\"name\":\"Proof.de\",\"description\":\"Farbverbindlicher Proof, Farbproof, Digitalproof und Online-Proof.\",\"inLanguage\":\"lt-LT\",\"publisher\":{\"@id\":\"https:\\\/\\\/blog.proofs.de\\\/lt\\\/#organization\"}}]}\n\t\t<\/script>\n\t\t<!-- All in One SEO -->\n\n","aioseo_head_json":{"title":"daugiaspektris | lexicon | proof.de","description":"Daugiaspektriniai vaizdai - tai vaizd\u0173 duomen\u0173 rinkiniai, sudaryti i\u0161 keli\u0173 spektr\u0173 ir nufotografuoti daugiaspektriais fotoaparatais.","canonical_url":"https:\/\/blog.proofs.de\/lt\/lexikon\/multispektral\/","robots":"max-image-preview:large","keywords":"","webmasterTools":{"google-site-verification":"TuXxyRwxcEg2-WfOaQ8vScWQh3-uBAnxXmY7g3GT90A","miscellaneous":"&lt;meta name=\"seobility\" content=\"593a8578143db71543f014978c690d47\"&gt;"},"schema":{"@context":"https:\/\/schema.org","@graph":[{"@type":"BreadcrumbList","@id":"https:\/\/blog.proofs.de\/lt\/lexikon\/multispektral\/#breadcrumblist","itemListElement":[{"@type":"ListItem","@id":"https:\/\/blog.proofs.de\/lt#listItem","position":1,"name":"Home","item":"https:\/\/blog.proofs.de\/lt","nextItem":{"@type":"ListItem","@id":"https:\/\/blog.proofs.de\/lt\/lexikon\/#listItem","name":"Lexikon"}},{"@type":"ListItem","@id":"https:\/\/blog.proofs.de\/lt\/lexikon\/#listItem","position":2,"name":"Lexikon","item":"https:\/\/blog.proofs.de\/lt\/lexikon\/","nextItem":{"@type":"ListItem","@id":"https:\/\/blog.proofs.de\/lt\/lexikon\/multispektral\/#listItem","name":"multispektral"},"previousItem":{"@type":"ListItem","@id":"https:\/\/blog.proofs.de\/lt#listItem","name":"Home"}},{"@type":"ListItem","@id":"https:\/\/blog.proofs.de\/lt\/lexikon\/multispektral\/#listItem","position":3,"name":"multispektral","previousItem":{"@type":"ListItem","@id":"https:\/\/blog.proofs.de\/lt\/lexikon\/#listItem","name":"Lexikon"}}]},{"@type":"Organization","@id":"https:\/\/blog.proofs.de\/lt\/#organization","name":"Proof GmbH","description":"Farbverbindlicher Proof, Farbproof, Digitalproof und Online-Proof.","url":"https:\/\/blog.proofs.de\/lt\/","telephone":"+4970717952740","logo":{"@type":"ImageObject","url":"https:\/\/blog1.proofen.de\/wp-content\/uploads\/2019\/09\/logo_proof_rgb_mit_balken_250px.png","@id":"https:\/\/blog.proofs.de\/lt\/lexikon\/multispektral\/#organizationLogo"},"image":{"@id":"https:\/\/blog.proofs.de\/lt\/lexikon\/multispektral\/#organizationLogo"},"sameAs":["https:\/\/www.facebook.com\/Proof.de\/","https:\/\/www.instagram.com\/proof.de\/","https:\/\/www.tiktok.com\/@proof_de","https:\/\/www.youtube.com\/channel\/UCk80fQVQ25wC9wu3SywB-Nw","https:\/\/www.linkedin.com\/company\/proof-de"]},{"@type":"Person","@id":"https:\/\/blog.proofs.de\/lt\/author\/mbetz\/#author","url":"https:\/\/blog.proofs.de\/lt\/author\/mbetz\/","name":"Matthias Betz","image":{"@type":"ImageObject","@id":"https:\/\/blog.proofs.de\/lt\/lexikon\/multispektral\/#authorImage","url":"https:\/\/blog.proofs.de\/wp-content\/uploads\/2020\/10\/matthias-betz-e1603934518350-150x150.png","width":96,"height":96,"caption":"Matthias Betz"}},{"@type":"WebPage","@id":"https:\/\/blog.proofs.de\/lt\/lexikon\/multispektral\/#webpage","url":"https:\/\/blog.proofs.de\/lt\/lexikon\/multispektral\/","name":"multispektral | Lexikon | proof.de","description":"Als multispektrale Bilder werden Bild-Datens\u00e4tze bezeichnet, die aus mehreren Spektren zusammengesetzt sind und mit Multispektralkameras fotografiert wurden.","inLanguage":"lt-LT","isPartOf":{"@id":"https:\/\/blog.proofs.de\/lt\/#website"},"breadcrumb":{"@id":"https:\/\/blog.proofs.de\/lt\/lexikon\/multispektral\/#breadcrumblist"},"author":{"@id":"https:\/\/blog.proofs.de\/lt\/author\/mbetz\/#author"},"creator":{"@id":"https:\/\/blog.proofs.de\/lt\/author\/mbetz\/#author"},"datePublished":"2014-08-01T01:43:22+02:00","dateModified":"2022-03-15T12:05:22+01:00"},{"@type":"WebSite","@id":"https:\/\/blog.proofs.de\/lt\/#website","url":"https:\/\/blog.proofs.de\/lt\/","name":"Proof.de","description":"Farbverbindlicher Proof, Farbproof, Digitalproof und Online-Proof.","inLanguage":"lt-LT","publisher":{"@id":"https:\/\/blog.proofs.de\/lt\/#organization"}}]},"og:locale":"lt_LT","og:site_name":"Proof.de | Alles zu Proof, Farbmanagement, Grafik, Messtechnik &amp; Co.","og:type":"article","og:title":"multispektral | Lexikon | proof.de","og:description":"Als multispektrale Bilder werden Bild-Datens\u00e4tze bezeichnet, die aus mehreren Spektren zusammengesetzt sind und mit Multispektralkameras fotografiert wurden.","og:url":"https:\/\/blog.proofs.de\/lt\/lexikon\/multispektral\/","og:image":"https:\/\/blog1.proofen.de\/wp-content\/uploads\/2020\/04\/proof_background.jpg","og:image:secure_url":"https:\/\/blog1.proofen.de\/wp-content\/uploads\/2020\/04\/proof_background.jpg","article:published_time":"2014-07-31T23:43:22+00:00","article:modified_time":"2022-03-15T11:05:22+00:00","article:publisher":"https:\/\/www.facebook.com\/Proof.de\/","twitter:card":"summary","twitter:title":"multispektral | Lexikon | proof.de","twitter:description":"Als multispektrale Bilder werden Bild-Datens\u00e4tze bezeichnet, die aus mehreren Spektren zusammengesetzt sind und mit Multispektralkameras fotografiert wurden.","twitter:image":"https:\/\/blog1.proofen.de\/wp-content\/uploads\/2020\/04\/proof_background.jpg"},"aioseo_meta_data":{"post_id":"1019","title":"#post_title | \u017dodynas | proof.de","description":"Daugiaspektriniai vaizdai - tai vaizd\u0173 duomen\u0173 rinkiniai, sudaryti i\u0161 keli\u0173 spektr\u0173 ir nufotografuoti daugiaspektriais fotoaparatais.","keywords":[],"keyphrases":{"focus":[],"additional":[]},"primary_term":null,"canonical_url":null,"og_title":null,"og_description":null,"og_object_type":"default","og_image_type":"default","og_image_url":null,"og_image_width":null,"og_image_height":null,"og_image_custom_url":null,"og_image_custom_fields":null,"og_video":"","og_custom_url":null,"og_article_section":null,"og_article_tags":[],"twitter_use_og":false,"twitter_card":"default","twitter_image_type":"default","twitter_image_url":null,"twitter_image_custom_url":null,"twitter_image_custom_fields":null,"twitter_title":null,"twitter_description":null,"schema":{"blockGraphs":[],"customGraphs":[],"default":{"data":{"Article":[],"Course":[],"Dataset":[],"FAQPage":[],"Movie":[],"Person":[],"Product":[],"ProductReview":[],"Car":[],"Recipe":[],"Service":[],"SoftwareApplication":[],"WebPage":[]},"graphName":"","isEnabled":true},"graphs":[],"defaultGraph":"WebPage","defaultPostTypeGraph":""},"schema_type":"default","schema_type_options":"{\"article\":{\"articleType\":\"BlogPosting\"},\"course\":{\"name\":\"\",\"description\":\"\",\"provider\":\"\"},\"faq\":{\"pages\":[]},\"product\":{\"reviews\":[]},\"recipe\":{\"ingredients\":[],\"instructions\":[],\"keywords\":[]},\"software\":{\"reviews\":[],\"operatingSystems\":[]},\"webPage\":{\"webPageType\":\"WebPage\"}}","pillar_content":false,"robots_default":true,"robots_noindex":false,"robots_noarchive":false,"robots_nosnippet":false,"robots_nofollow":false,"robots_noimageindex":false,"robots_noodp":false,"robots_notranslate":false,"robots_max_snippet":"-1","robots_max_videopreview":"-1","robots_max_imagepreview":"large","priority":null,"frequency":"default","local_seo":null,"breadcrumb_settings":null,"limit_modified_date":false,"ai":null,"created":"2020-12-21 00:32:57","updated":"2025-06-04 13:51:05","seo_analyzer_scan_date":null,"focus_keyword":null,"additional_keywords":null,"truseo_locale":null},"_links":{"self":[{"href":"https:\/\/blog.proofs.de\/lt\/wp-json\/wp\/v2\/encyclopedia\/1019","targetHints":{"allow":["GET"]}}],"collection":[{"href":"https:\/\/blog.proofs.de\/lt\/wp-json\/wp\/v2\/encyclopedia"}],"about":[{"href":"https:\/\/blog.proofs.de\/lt\/wp-json\/wp\/v2\/types\/encyclopedia"}],"author":[{"embeddable":true,"href":"https:\/\/blog.proofs.de\/lt\/wp-json\/wp\/v2\/users\/2"}],"replies":[{"embeddable":true,"href":"https:\/\/blog.proofs.de\/lt\/wp-json\/wp\/v2\/comments?post=1019"}],"version-history":[{"count":1,"href":"https:\/\/blog.proofs.de\/lt\/wp-json\/wp\/v2\/encyclopedia\/1019\/revisions"}],"predecessor-version":[{"id":4528,"href":"https:\/\/blog.proofs.de\/lt\/wp-json\/wp\/v2\/encyclopedia\/1019\/revisions\/4528"}],"wp:attachment":[{"href":"https:\/\/blog.proofs.de\/lt\/wp-json\/wp\/v2\/media?parent=1019"}],"curies":[{"name":"wp","href":"https:\/\/api.w.org\/{rel}","templated":true}]}}