{"id":5531,"date":"2023-08-18T16:50:33","date_gmt":"2023-08-18T14:50:33","guid":{"rendered":"https:\/\/www.proof.de\/?post_type=encyclopedia&#038;p=5531"},"modified":"2023-08-18T16:50:33","modified_gmt":"2023-08-18T14:50:33","slug":"espectro","status":"publish","type":"encyclopedia","link":"https:\/\/blog.proofs.de\/pt\/lexikon\/spektrum\/","title":{"rendered":"Espectro"},"content":{"rendered":"<div class=\"kk-star-ratings kksr-auto kksr-align-right kksr-valign-top\" data-payload='{\"align\":\"right\",\"id\":\"5531\",\"slug\":\"default\",\"valign\":\"top\",\"ignore\":\"\",\"reference\":\"auto\",\"class\":\"\",\"count\":\"0\",\"legendonly\":\"\",\"readonly\":\"\",\"score\":\"0\",\"starsonly\":\"\",\"best\":\"5\",\"gap\":\"5\",\"greet\":\"Jetzt bewerten\",\"legend\":\"0\\\/5 - (0 votes)\",\"size\":\"24\",\"title\":\"Spektrum\",\"width\":\"0\",\"_legend\":\"{score}\\\/{best} - ({count} {votes})\",\"font_factor\":\"1.25\"}'>\n            \n<div class=\"kksr-stars\">\n    \n<div class=\"kksr-stars-inactive\">\n            <div class=\"kksr-star\" data-star=\"1\" style=\"padding-right: 5px\">\n            \n\n<div class=\"kksr-icon\" style=\"width: 24px; height: 24px;\"><\/div>\n        <\/div>\n            <div class=\"kksr-star\" data-star=\"2\" style=\"padding-right: 5px\">\n            \n\n<div class=\"kksr-icon\" style=\"width: 24px; height: 24px;\"><\/div>\n        <\/div>\n            <div class=\"kksr-star\" data-star=\"3\" style=\"padding-right: 5px\">\n            \n\n<div class=\"kksr-icon\" style=\"width: 24px; height: 24px;\"><\/div>\n        <\/div>\n            <div class=\"kksr-star\" data-star=\"4\" style=\"padding-right: 5px\">\n            \n\n<div class=\"kksr-icon\" style=\"width: 24px; height: 24px;\"><\/div>\n        <\/div>\n            <div class=\"kksr-star\" data-star=\"5\" style=\"padding-right: 5px\">\n            \n\n<div class=\"kksr-icon\" style=\"width: 24px; height: 24px;\"><\/div>\n        <\/div>\n    <\/div>\n    \n<div class=\"kksr-stars-active\" style=\"width: 0px;\">\n            <div class=\"kksr-star\" style=\"padding-right: 5px\">\n            \n\n<div class=\"kksr-icon\" style=\"width: 24px; height: 24px;\"><\/div>\n        <\/div>\n            <div class=\"kksr-star\" style=\"padding-right: 5px\">\n            \n\n<div class=\"kksr-icon\" style=\"width: 24px; height: 24px;\"><\/div>\n        <\/div>\n            <div class=\"kksr-star\" style=\"padding-right: 5px\">\n            \n\n<div class=\"kksr-icon\" style=\"width: 24px; height: 24px;\"><\/div>\n        <\/div>\n            <div class=\"kksr-star\" style=\"padding-right: 5px\">\n            \n\n<div class=\"kksr-icon\" style=\"width: 24px; height: 24px;\"><\/div>\n        <\/div>\n            <div class=\"kksr-star\" style=\"padding-right: 5px\">\n            \n\n<div class=\"kksr-icon\" style=\"width: 24px; height: 24px;\"><\/div>\n        <\/div>\n    <\/div>\n<\/div>\n                \n\n<div class=\"kksr-legend\" style=\"font-size: 19.2px;\">\n            <span class=\"kksr-muted\">Avalie agora<\/span>\n    <\/div>\n    <\/div>\n<p class=\"translation-block\">Em <a href=\"https:\/\/blog1.proofen.de\/es\/lexico-2\/colorimetria\/\" target=\"_self\" class=\"encyclopedia tooltipstered\">colourimetria<\/a>, o termo \"espetro\" refere-se \u00e0 totalidade das cores na gama da luz vis\u00edvel. O espetro da luz vis\u00edvel vai de cerca de 380 nan\u00f3metros (nm) a 750 nm. Inclui as diferentes tonalidades de cor que podemos percecionar quando a luz \u00e9 refractada atrav\u00e9s de um prisma ou emitida por um meio \u00f3tico, como um ecr\u00e3 ou um suporte de impress\u00e3o.<\/p>\n<p>O espetro vis\u00edvel pode ser dividido em diferentes cores, que s\u00e3o frequentemente representadas como cores do arco-\u00edris: Vermelho, Laranja, Amarelo, Verde, Azul, \u00cdndigo e Violeta. Estas cores correspondem a diferentes comprimentos de onda da luz no espetro.<\/p>\n<p class=\"translation-block\">Na colorimetria, o espetro \u00e9 frequentemente utilizado como base para a medi\u00e7\u00e3o e quantifica\u00e7\u00e3o das cores. <a href=\"https:\/\/blog1.proofen.de\/es\/lexico-2\/espectrofotometro-2\/\" target=\"_self\" class=\"encyclopedia tooltipstered\">Espectrofot\u00f3metros<\/a> ou color\u00edmetros espectrais <a href=\"https:\/\/blog1.proofen.de\/es\/lexico-2\/colorimetro\/\" target=\"_self\" class=\"encyclopedia tooltipstered\">podem decompor o espetro luminoso e medir a intensidade da luz em diferentes gamas de comprimentos de onda. Isto torna poss\u00edvel determinar valores de cor precisos que podem ser utilizados em espa\u00e7os de cor como o CIE-<a href=\"https:\/\/blog1.proofen.de\/es\/lexico-2\/xyz\/\" target=\"_self\" class=\"encyclopedia tooltipstered\">XYZ<\/a>-<a href=\"https:\/\/blog1.proofen.de\/es\/lexico-2\/espacio-cromatico\/\" target=\"_self\" class=\"encyclopedia tooltipstered\">espa\u00e7o de cor<\/a> ou o espa\u00e7o de cor CIE-<a href=\"https:\/\/blog1.proofen.de\/es\/lexico-2\/laboratorio\/\" target=\"_self\" class=\"encyclopedia tooltipstered\">Lab<\/a>*. Estes espa\u00e7os de cor s\u00e3o utilizados para a descri\u00e7\u00e3o normalizada e objetiva das cores, o que \u00e9 de grande import\u00e2ncia em \u00e1reas como o design gr\u00e1fico, a ind\u00fastria gr\u00e1fica, a ind\u00fastria t\u00eaxtil e a ci\u00eancia da cor.<\/p>\n<p class=\"translation-block\">Se uma cor for medida com um dispositivo de medi\u00e7\u00e3o espetral, \u00e9 criado um ficheiro no qual, por exemplo, um espetro de emiss\u00e3o <a href=\"https:\/\/blog1.proofen.de\/es\/lexico-2\/espetro-de-colores\/\" target=\"_self\" class=\"encyclopedia tooltipstered\">cor<\/a> \u00e9 escrito num ficheiro quando se medem monitores ou um espetro de reflex\u00e3o de cor \u00e9 escrito num ficheiro quando se medem impress\u00f5es. Ficheiros t\u00edpicos como <a href=\"https:\/\/blog1.proofen.de\/es\/lexico-2\/cxf\/\" target=\"_self\" class=\"encyclopedia tooltipstered\">CXF<\/a> (Colour Exchange Format) ou <a href=\"https:\/\/blog1.proofen.de\/es\/lexico-2\/cgats\/\" target=\"_self\" class=\"encyclopedia tooltipstered\">CGATS<\/a> cont\u00eam um espetro de cor ou v\u00e1rios espectros de cor, que s\u00e3o apresentados no ficheiro com valores espectrais individuais por nan\u00f3metro medido. \u00c9 armazenado um valor para cada ponto de medi\u00e7\u00e3o de comprimento de onda do dispositivo de medi\u00e7\u00e3o, a partir do qual pode ser calculado um valor de cor.<\/p>\n<p class=\"translation-block\">Pode encontrar um exemplo de um ficheiro CGATS no nosso <a href=\"https:\/\/blog1.proofen.de\/papierweiss-von-papierherstellern-und-onlinedruckereien-vermessen\/\" target=\"_self\">tabelas brancas de pap\u00e9is de impress\u00e3o<\/a>, onde medimos o espetro de cores do papel e o public\u00e1mos como um ficheiro. Este ficheiro CGATS tem o seguinte aspeto:<\/p>\n<pre>CGATS.17\r\nORIGINATOR \"Proof GmbH, https:\/\/blog1.proofen.de | BabelColor CT&amp;A, vers\u00e3o 4.0.0 b298\"\r\nLGOROWLENGTH 1\r\nCRIADO \"2019-02-28\" # Hora: 16:51:26\r\nINSTRUMENTA\u00c7\u00c3O \"i1Pro 2 (XRGA)\"\r\n# N\u00famero de s\u00e9rie do instrumento: \"1095898\"\r\n#\r\n# Nome da amostra-1 (S1): \"Arktika-GC1-M2\"\r\n#\r\nMEASUREMENT_SOURCE \"\"S1: Reflectance (M2) Illuminant:D50 Observer:2_deg Units=Reflectance(0-1) WhiteBase=Automatic Filter=no\"\"\r\n#\r\nPALAVRA-CHAVE \"SAMPLE_ID\" (ID DA AMOSTRA)\r\nPALAVRA-CHAVE \"SAMPLE_NAME\r\nN\u00daMERO_DE_CAMPOS 44\r\nBEGIN_DATA_FORMAT\r\nSAMPLE_ID SAMPLE_NAME L*a*b*_L L*a*b*_a L*a*b*_b L*C*h*(ab)_L L*C*h*(ab)_C L*C*h*(ab)_h nm380 nm390 nm400 nm410 nm420 nm430 nm440 nm450 nm460 nm470 nm480 nm490 nm500 nm510 nm520 nm530 nm540 nm550 nm560 nm570 nm580 nm590 nm600 nm610 nm620 nm630 nm640 nm650 nm660 nm670 nm680 nm690 nm700 nm710 nm720 nm730\r\nFORMATO_DE_DADOS_FINAL\r\nN\u00daMERO_DE_SETS 1\r\nBEGIN_DATA\r\n1 Arktika-GC1-M2 95,45 0,6834 3,022 95,45 3,098 77,26 0,4987 0,5423 0,5984 0,7088 0,7831 0,8209 0,8362 0,8462 0,8558 0,8625 0,8682 0,8732 0,8764 0,8783 0,8805 0,8803 0,8811 0,8822 0,8806 0,8840 0,8856 0,8896 0,8943 0,8997 0,9078 0,9182 0,9316 0,9424 0,9501 0,9546 0,9563 0,9571 0,9612 0,9646 0,9671 0,9711\r\nDADOS FINAIS<\/pre>\n<p>Na linha \"Sample_ID\", ap\u00f3s os valores LAB e LCH, os espectros medidos s\u00e3o listados em colunas de 380-730 nan\u00f3metros. A linha \"BEGIN_DATA\" cont\u00e9m ent\u00e3o os respectivos valores medidos a partir dos quais foram calculados os valores de cor LAB e LCH.<\/p>\n<p>O termo espetro refere-se, portanto, ao espetro de cores verdadeiramente individual de uma cor medida.<\/p>","protected":false},"excerpt":{"rendered":"<p>Em colorimetria, o termo \"espetro\" refere-se \u00e0 totalidade das cores na gama da luz vis\u00edvel. O espetro da luz vis\u00edvel vai de cerca de 380 nan\u00f3metros (nm) a 750 nm. Inclui as diferentes tonalidades de cor que podemos perceber quando a luz \u00e9 refractada atrav\u00e9s de um prisma ou emitida por um meio \u00f3tico, como um ecr\u00e3 ou um suporte de impress\u00e3o. O espetro vis\u00edvel pode ser dividido em diferentes cores, que s\u00e3o frequentemente representadas como cores do arco-\u00edris: Vermelho, laranja, amarelo, verde, azul, \u00edndigo e violeta. Estas cores correspondem a diferentes comprimentos de onda da luz ... <\/p>\n<p class=\"read-more-container\"><a title=\"Espectro\" class=\"read-more button\" href=\"https:\/\/blog.proofs.de\/pt\/lexikon\/spektrum\/#more-5531\" aria-label=\"Leia mais sobre o espetro\">Leia mais<\/a><\/p>","protected":false},"author":2,"featured_media":0,"comment_status":"open","ping_status":"open","template":"","meta":{"om_disable_all_campaigns":false,"inline_featured_image":false,"_monsterinsights_skip_tracking":false,"footnotes":""},"class_list":["post-5531","encyclopedia","type-encyclopedia","status-publish","hentry","no-featured-image-padding"],"aioseo_notices":[],"aioseo_head":"\n\t\t<!-- All in One SEO 5.0.1.1 - aioseo.com -->\n\t<meta name=\"description\" content=\"In der Farbmetrik steht der Begriff &quot;Spektrum&quot; f\u00fcr die Gesamtheit der Farben im Bereich des sichtbaren Lichts. CXF \/ CGATS Dateien enthalten gemessene Spektren.\" \/>\n\t<meta name=\"robots\" content=\"max-image-preview:large\" \/>\n\t<meta name=\"author\" content=\"Matthias Betz\"\/>\n\t<meta name=\"google-site-verification\" content=\"TuXxyRwxcEg2-WfOaQ8vScWQh3-uBAnxXmY7g3GT90A\" \/>\n\t<link rel=\"canonical\" href=\"https:\/\/blog.proofs.de\/pt\/lexikon\/spektrum\/\" \/>\n\t<meta name=\"generator\" content=\"All in One SEO (AIOSEO) 5.0.1.1\" \/>\n\n\t\t<meta name=\"seobility\" content=\"593a8578143db71543f014978c690d47\">\n\t\t<meta property=\"og:locale\" content=\"pt_PT\" \/>\n\t\t<meta property=\"og:site_name\" content=\"Proof.de | Alles zu Proof, Farbmanagement, Grafik, Messtechnik &amp; Co.\" \/>\n\t\t<meta property=\"og:type\" content=\"article\" \/>\n\t\t<meta property=\"og:title\" content=\"Spektrum | Proof.de\" \/>\n\t\t<meta property=\"og:description\" content=\"In der Farbmetrik steht der Begriff &quot;Spektrum&quot; f\u00fcr die Gesamtheit der Farben im Bereich des sichtbaren Lichts. CXF \/ CGATS Dateien enthalten gemessene Spektren.\" \/>\n\t\t<meta property=\"og:url\" content=\"https:\/\/blog.proofs.de\/pt\/lexikon\/spektrum\/\" \/>\n\t\t<meta property=\"og:image\" content=\"https:\/\/blog1.proofen.de\/wp-content\/uploads\/2020\/04\/proof_background.jpg\" \/>\n\t\t<meta property=\"og:image:secure_url\" content=\"https:\/\/blog1.proofen.de\/wp-content\/uploads\/2020\/04\/proof_background.jpg\" \/>\n\t\t<meta property=\"article:published_time\" content=\"2023-08-18T14:50:33+00:00\" \/>\n\t\t<meta property=\"article:modified_time\" content=\"2023-08-18T14:50:33+00:00\" \/>\n\t\t<meta property=\"article:publisher\" content=\"https:\/\/www.facebook.com\/Proof.de\/\" \/>\n\t\t<meta name=\"twitter:card\" content=\"summary\" \/>\n\t\t<meta name=\"twitter:title\" content=\"Spektrum | Proof.de\" \/>\n\t\t<meta name=\"twitter:description\" content=\"In der Farbmetrik steht der Begriff &quot;Spektrum&quot; f\u00fcr die Gesamtheit der Farben im Bereich des sichtbaren Lichts. CXF \/ CGATS Dateien enthalten gemessene Spektren.\" \/>\n\t\t<meta name=\"twitter:image\" content=\"https:\/\/blog1.proofen.de\/wp-content\/uploads\/2020\/04\/proof_background.jpg\" \/>\n\t\t<script type=\"application\/ld+json\" class=\"aioseo-schema\">\n\t\t\t{\"@context\":\"https:\\\/\\\/schema.org\",\"@graph\":[{\"@type\":\"BreadcrumbList\",\"@id\":\"https:\\\/\\\/blog.proofs.de\\\/pt\\\/lexikon\\\/spektrum\\\/#breadcrumblist\",\"itemListElement\":[{\"@type\":\"ListItem\",\"@id\":\"https:\\\/\\\/blog.proofs.de\\\/pt#listItem\",\"position\":1,\"name\":\"Home\",\"item\":\"https:\\\/\\\/blog.proofs.de\\\/pt\",\"nextItem\":{\"@type\":\"ListItem\",\"@id\":\"https:\\\/\\\/blog.proofs.de\\\/pt\\\/lexikon\\\/#listItem\",\"name\":\"Lexikon\"}},{\"@type\":\"ListItem\",\"@id\":\"https:\\\/\\\/blog.proofs.de\\\/pt\\\/lexikon\\\/#listItem\",\"position\":2,\"name\":\"Lexikon\",\"item\":\"https:\\\/\\\/blog.proofs.de\\\/pt\\\/lexikon\\\/\",\"nextItem\":{\"@type\":\"ListItem\",\"@id\":\"https:\\\/\\\/blog.proofs.de\\\/pt\\\/lexikon\\\/spektrum\\\/#listItem\",\"name\":\"Spektrum\"},\"previousItem\":{\"@type\":\"ListItem\",\"@id\":\"https:\\\/\\\/blog.proofs.de\\\/pt#listItem\",\"name\":\"Home\"}},{\"@type\":\"ListItem\",\"@id\":\"https:\\\/\\\/blog.proofs.de\\\/pt\\\/lexikon\\\/spektrum\\\/#listItem\",\"position\":3,\"name\":\"Spektrum\",\"previousItem\":{\"@type\":\"ListItem\",\"@id\":\"https:\\\/\\\/blog.proofs.de\\\/pt\\\/lexikon\\\/#listItem\",\"name\":\"Lexikon\"}}]},{\"@type\":\"Organization\",\"@id\":\"https:\\\/\\\/blog.proofs.de\\\/pt\\\/#organization\",\"name\":\"Proof GmbH\",\"description\":\"Farbverbindlicher Proof, Farbproof, Digitalproof und Online-Proof.\",\"url\":\"https:\\\/\\\/blog.proofs.de\\\/pt\\\/\",\"telephone\":\"+4970717952740\",\"logo\":{\"@type\":\"ImageObject\",\"url\":\"https:\\\/\\\/blog1.proofen.de\\\/wp-content\\\/uploads\\\/2019\\\/09\\\/logo_proof_rgb_mit_balken_250px.png\",\"@id\":\"https:\\\/\\\/blog.proofs.de\\\/pt\\\/lexikon\\\/spektrum\\\/#organizationLogo\"},\"image\":{\"@id\":\"https:\\\/\\\/blog.proofs.de\\\/pt\\\/lexikon\\\/spektrum\\\/#organizationLogo\"},\"sameAs\":[\"https:\\\/\\\/www.facebook.com\\\/Proof.de\\\/\",\"https:\\\/\\\/www.instagram.com\\\/proof.de\\\/\",\"https:\\\/\\\/www.tiktok.com\\\/@proof_de\",\"https:\\\/\\\/www.youtube.com\\\/channel\\\/UCk80fQVQ25wC9wu3SywB-Nw\",\"https:\\\/\\\/www.linkedin.com\\\/company\\\/proof-de\"]},{\"@type\":\"Person\",\"@id\":\"https:\\\/\\\/blog.proofs.de\\\/pt\\\/author\\\/mbetz\\\/#author\",\"url\":\"https:\\\/\\\/blog.proofs.de\\\/pt\\\/author\\\/mbetz\\\/\",\"name\":\"Matthias Betz\",\"image\":{\"@type\":\"ImageObject\",\"@id\":\"https:\\\/\\\/blog.proofs.de\\\/pt\\\/lexikon\\\/spektrum\\\/#authorImage\",\"url\":\"https:\\\/\\\/blog.proofs.de\\\/wp-content\\\/uploads\\\/2020\\\/10\\\/matthias-betz-e1603934518350-150x150.png\",\"width\":96,\"height\":96,\"caption\":\"Matthias Betz\"}},{\"@type\":\"WebPage\",\"@id\":\"https:\\\/\\\/blog.proofs.de\\\/pt\\\/lexikon\\\/spektrum\\\/#webpage\",\"url\":\"https:\\\/\\\/blog.proofs.de\\\/pt\\\/lexikon\\\/spektrum\\\/\",\"name\":\"Spektrum | Proof.de\",\"description\":\"In der Farbmetrik steht der Begriff \\\"Spektrum\\\" f\\u00fcr die Gesamtheit der Farben im Bereich des sichtbaren Lichts. CXF \\\/ CGATS Dateien enthalten gemessene Spektren.\",\"inLanguage\":\"pt-PT\",\"isPartOf\":{\"@id\":\"https:\\\/\\\/blog.proofs.de\\\/pt\\\/#website\"},\"breadcrumb\":{\"@id\":\"https:\\\/\\\/blog.proofs.de\\\/pt\\\/lexikon\\\/spektrum\\\/#breadcrumblist\"},\"author\":{\"@id\":\"https:\\\/\\\/blog.proofs.de\\\/pt\\\/author\\\/mbetz\\\/#author\"},\"creator\":{\"@id\":\"https:\\\/\\\/blog.proofs.de\\\/pt\\\/author\\\/mbetz\\\/#author\"},\"datePublished\":\"2023-08-18T16:50:33+02:00\",\"dateModified\":\"2023-08-18T16:50:33+02:00\"},{\"@type\":\"WebSite\",\"@id\":\"https:\\\/\\\/blog.proofs.de\\\/pt\\\/#website\",\"url\":\"https:\\\/\\\/blog.proofs.de\\\/pt\\\/\",\"name\":\"Proof.de\",\"description\":\"Farbverbindlicher Proof, Farbproof, Digitalproof und Online-Proof.\",\"inLanguage\":\"pt-PT\",\"publisher\":{\"@id\":\"https:\\\/\\\/blog.proofs.de\\\/pt\\\/#organization\"}}]}\n\t\t<\/script>\n\t\t<!-- All in One SEO -->\n\n","aioseo_head_json":{"title":"Espectro | Proof.de","description":"Em colorimetria, o termo \"espetro\" representa a totalidade das cores na gama da luz vis\u00edvel. Os ficheiros CXF \/ CGATS cont\u00eam espectros medidos.","canonical_url":"https:\/\/blog.proofs.de\/pt\/lexikon\/spektrum\/","robots":"max-image-preview:large","keywords":"","webmasterTools":{"google-site-verification":"TuXxyRwxcEg2-WfOaQ8vScWQh3-uBAnxXmY7g3GT90A","miscellaneous":"&lt;meta name=\"seobility\" content=\"593a8578143db71543f014978c690d47\"&gt;"},"schema":{"@context":"https:\/\/schema.org","@graph":[{"@type":"BreadcrumbList","@id":"https:\/\/blog.proofs.de\/pt\/lexikon\/spektrum\/#breadcrumblist","itemListElement":[{"@type":"ListItem","@id":"https:\/\/blog.proofs.de\/pt#listItem","position":1,"name":"Home","item":"https:\/\/blog.proofs.de\/pt","nextItem":{"@type":"ListItem","@id":"https:\/\/blog.proofs.de\/pt\/lexikon\/#listItem","name":"Lexikon"}},{"@type":"ListItem","@id":"https:\/\/blog.proofs.de\/pt\/lexikon\/#listItem","position":2,"name":"Lexikon","item":"https:\/\/blog.proofs.de\/pt\/lexikon\/","nextItem":{"@type":"ListItem","@id":"https:\/\/blog.proofs.de\/pt\/lexikon\/spektrum\/#listItem","name":"Spektrum"},"previousItem":{"@type":"ListItem","@id":"https:\/\/blog.proofs.de\/pt#listItem","name":"Home"}},{"@type":"ListItem","@id":"https:\/\/blog.proofs.de\/pt\/lexikon\/spektrum\/#listItem","position":3,"name":"Spektrum","previousItem":{"@type":"ListItem","@id":"https:\/\/blog.proofs.de\/pt\/lexikon\/#listItem","name":"Lexikon"}}]},{"@type":"Organization","@id":"https:\/\/blog.proofs.de\/pt\/#organization","name":"Proof GmbH","description":"Farbverbindlicher Proof, Farbproof, Digitalproof und Online-Proof.","url":"https:\/\/blog.proofs.de\/pt\/","telephone":"+4970717952740","logo":{"@type":"ImageObject","url":"https:\/\/blog1.proofen.de\/wp-content\/uploads\/2019\/09\/logo_proof_rgb_mit_balken_250px.png","@id":"https:\/\/blog.proofs.de\/pt\/lexikon\/spektrum\/#organizationLogo"},"image":{"@id":"https:\/\/blog.proofs.de\/pt\/lexikon\/spektrum\/#organizationLogo"},"sameAs":["https:\/\/www.facebook.com\/Proof.de\/","https:\/\/www.instagram.com\/proof.de\/","https:\/\/www.tiktok.com\/@proof_de","https:\/\/www.youtube.com\/channel\/UCk80fQVQ25wC9wu3SywB-Nw","https:\/\/www.linkedin.com\/company\/proof-de"]},{"@type":"Person","@id":"https:\/\/blog.proofs.de\/pt\/author\/mbetz\/#author","url":"https:\/\/blog.proofs.de\/pt\/author\/mbetz\/","name":"Matthias Betz","image":{"@type":"ImageObject","@id":"https:\/\/blog.proofs.de\/pt\/lexikon\/spektrum\/#authorImage","url":"https:\/\/blog.proofs.de\/wp-content\/uploads\/2020\/10\/matthias-betz-e1603934518350-150x150.png","width":96,"height":96,"caption":"Matthias Betz"}},{"@type":"WebPage","@id":"https:\/\/blog.proofs.de\/pt\/lexikon\/spektrum\/#webpage","url":"https:\/\/blog.proofs.de\/pt\/lexikon\/spektrum\/","name":"Spektrum | Proof.de","description":"In der Farbmetrik steht der Begriff \"Spektrum\" f\u00fcr die Gesamtheit der Farben im Bereich des sichtbaren Lichts. CXF \/ CGATS Dateien enthalten gemessene Spektren.","inLanguage":"pt-PT","isPartOf":{"@id":"https:\/\/blog.proofs.de\/pt\/#website"},"breadcrumb":{"@id":"https:\/\/blog.proofs.de\/pt\/lexikon\/spektrum\/#breadcrumblist"},"author":{"@id":"https:\/\/blog.proofs.de\/pt\/author\/mbetz\/#author"},"creator":{"@id":"https:\/\/blog.proofs.de\/pt\/author\/mbetz\/#author"},"datePublished":"2023-08-18T16:50:33+02:00","dateModified":"2023-08-18T16:50:33+02:00"},{"@type":"WebSite","@id":"https:\/\/blog.proofs.de\/pt\/#website","url":"https:\/\/blog.proofs.de\/pt\/","name":"Proof.de","description":"Farbverbindlicher Proof, Farbproof, Digitalproof und Online-Proof.","inLanguage":"pt-PT","publisher":{"@id":"https:\/\/blog.proofs.de\/pt\/#organization"}}]},"og:locale":"pt_PT","og:site_name":"Proof.de | Alles zu Proof, Farbmanagement, Grafik, Messtechnik &amp; Co.","og:type":"article","og:title":"Spektrum | Proof.de","og:description":"In der Farbmetrik steht der Begriff &quot;Spektrum&quot; f\u00fcr die Gesamtheit der Farben im Bereich des sichtbaren Lichts. CXF \/ CGATS Dateien enthalten gemessene Spektren.","og:url":"https:\/\/blog.proofs.de\/pt\/lexikon\/spektrum\/","og:image":"https:\/\/blog1.proofen.de\/wp-content\/uploads\/2020\/04\/proof_background.jpg","og:image:secure_url":"https:\/\/blog1.proofen.de\/wp-content\/uploads\/2020\/04\/proof_background.jpg","article:published_time":"2023-08-18T14:50:33+00:00","article:modified_time":"2023-08-18T14:50:33+00:00","article:publisher":"https:\/\/www.facebook.com\/Proof.de\/","twitter:card":"summary","twitter:title":"Spektrum | Proof.de","twitter:description":"In der Farbmetrik steht der Begriff &quot;Spektrum&quot; f\u00fcr die Gesamtheit der Farben im Bereich des sichtbaren Lichts. CXF \/ CGATS Dateien enthalten gemessene Spektren.","twitter:image":"https:\/\/blog1.proofen.de\/wp-content\/uploads\/2020\/04\/proof_background.jpg"},"aioseo_meta_data":{"post_id":"5531","title":null,"description":"Em colorimetria, o termo \"espetro\" representa a totalidade das cores na gama da luz vis\u00edvel. Os ficheiros CXF \/ CGATS cont\u00eam espectros medidos.","keywords":[],"keyphrases":{"focus":{"keyphrase":"","score":0,"analysis":{"keyphraseInTitle":{"score":0,"maxScore":9,"error":1}}},"additional":[]},"primary_term":null,"canonical_url":null,"og_title":null,"og_description":null,"og_object_type":"default","og_image_type":"default","og_image_url":null,"og_image_width":null,"og_image_height":null,"og_image_custom_url":null,"og_image_custom_fields":null,"og_video":"","og_custom_url":null,"og_article_section":null,"og_article_tags":[],"twitter_use_og":true,"twitter_card":"default","twitter_image_type":"default","twitter_image_url":null,"twitter_image_custom_url":null,"twitter_image_custom_fields":null,"twitter_title":null,"twitter_description":null,"schema":{"blockGraphs":[],"customGraphs":[],"default":{"data":{"Article":[],"Course":[],"Dataset":[],"FAQPage":[],"Movie":[],"Person":[],"Product":[],"ProductReview":[],"Car":[],"Recipe":[],"Service":[],"SoftwareApplication":[],"WebPage":[]},"graphName":"WebPage","isEnabled":true},"graphs":[]},"schema_type":"default","schema_type_options":null,"pillar_content":false,"robots_default":true,"robots_noindex":false,"robots_noarchive":false,"robots_nosnippet":false,"robots_nofollow":false,"robots_noimageindex":false,"robots_noodp":false,"robots_notranslate":false,"robots_max_snippet":"-1","robots_max_videopreview":"-1","robots_max_imagepreview":"large","priority":null,"frequency":"default","local_seo":null,"breadcrumb_settings":null,"limit_modified_date":false,"ai":null,"created":"2023-08-18 14:44:13","updated":"2025-06-04 14:06:48","seo_analyzer_scan_date":null,"focus_keyword":null,"additional_keywords":null,"truseo_locale":null},"_links":{"self":[{"href":"https:\/\/blog.proofs.de\/pt\/wp-json\/wp\/v2\/encyclopedia\/5531","targetHints":{"allow":["GET"]}}],"collection":[{"href":"https:\/\/blog.proofs.de\/pt\/wp-json\/wp\/v2\/encyclopedia"}],"about":[{"href":"https:\/\/blog.proofs.de\/pt\/wp-json\/wp\/v2\/types\/encyclopedia"}],"author":[{"embeddable":true,"href":"https:\/\/blog.proofs.de\/pt\/wp-json\/wp\/v2\/users\/2"}],"replies":[{"embeddable":true,"href":"https:\/\/blog.proofs.de\/pt\/wp-json\/wp\/v2\/comments?post=5531"}],"version-history":[{"count":2,"href":"https:\/\/blog.proofs.de\/pt\/wp-json\/wp\/v2\/encyclopedia\/5531\/revisions"}],"predecessor-version":[{"id":5979,"href":"https:\/\/blog.proofs.de\/pt\/wp-json\/wp\/v2\/encyclopedia\/5531\/revisions\/5979"}],"wp:attachment":[{"href":"https:\/\/blog.proofs.de\/pt\/wp-json\/wp\/v2\/media?parent=5531"}],"curies":[{"name":"wp","href":"https:\/\/api.w.org\/{rel}","templated":true}]}}