{"id":6087,"date":"2025-06-01T23:59:39","date_gmt":"2025-06-01T21:59:39","guid":{"rendered":"https:\/\/www.proof.de\/?post_type=encyclopedia&#038;p=6087"},"modified":"2025-06-01T23:59:39","modified_gmt":"2025-06-01T21:59:39","slug":"skala-faerger","status":"publish","type":"encyclopedia","link":"https:\/\/blog.proofs.de\/sv\/lexikon\/skalenfarben\/","title":{"rendered":"Skala f\u00e4rger"},"content":{"rendered":"<div class=\"kk-star-ratings kksr-auto kksr-align-right kksr-valign-top\" data-payload='{\"align\":\"right\",\"id\":\"6087\",\"slug\":\"default\",\"valign\":\"top\",\"ignore\":\"\",\"reference\":\"auto\",\"class\":\"\",\"count\":\"0\",\"legendonly\":\"\",\"readonly\":\"\",\"score\":\"0\",\"starsonly\":\"\",\"best\":\"5\",\"gap\":\"5\",\"greet\":\"Jetzt bewerten\",\"legend\":\"0\\\/5 - (0 votes)\",\"size\":\"24\",\"title\":\"Skalenfarben\",\"width\":\"0\",\"_legend\":\"{score}\\\/{best} - ({count} {votes})\",\"font_factor\":\"1.25\"}'>\n            \n<div class=\"kksr-stars\">\n    \n<div class=\"kksr-stars-inactive\">\n            <div class=\"kksr-star\" data-star=\"1\" style=\"padding-right: 5px\">\n            \n\n<div class=\"kksr-icon\" style=\"width: 24px; height: 24px;\"><\/div>\n        <\/div>\n            <div class=\"kksr-star\" data-star=\"2\" style=\"padding-right: 5px\">\n            \n\n<div class=\"kksr-icon\" style=\"width: 24px; height: 24px;\"><\/div>\n        <\/div>\n            <div class=\"kksr-star\" data-star=\"3\" style=\"padding-right: 5px\">\n            \n\n<div class=\"kksr-icon\" style=\"width: 24px; height: 24px;\"><\/div>\n        <\/div>\n            <div class=\"kksr-star\" data-star=\"4\" style=\"padding-right: 5px\">\n            \n\n<div class=\"kksr-icon\" style=\"width: 24px; height: 24px;\"><\/div>\n        <\/div>\n            <div class=\"kksr-star\" data-star=\"5\" style=\"padding-right: 5px\">\n            \n\n<div class=\"kksr-icon\" style=\"width: 24px; height: 24px;\"><\/div>\n        <\/div>\n    <\/div>\n    \n<div class=\"kksr-stars-active\" style=\"width: 0px;\">\n            <div class=\"kksr-star\" style=\"padding-right: 5px\">\n            \n\n<div class=\"kksr-icon\" style=\"width: 24px; height: 24px;\"><\/div>\n        <\/div>\n            <div class=\"kksr-star\" style=\"padding-right: 5px\">\n            \n\n<div class=\"kksr-icon\" style=\"width: 24px; height: 24px;\"><\/div>\n        <\/div>\n            <div class=\"kksr-star\" style=\"padding-right: 5px\">\n            \n\n<div class=\"kksr-icon\" style=\"width: 24px; height: 24px;\"><\/div>\n        <\/div>\n            <div class=\"kksr-star\" style=\"padding-right: 5px\">\n            \n\n<div class=\"kksr-icon\" style=\"width: 24px; height: 24px;\"><\/div>\n        <\/div>\n            <div class=\"kksr-star\" style=\"padding-right: 5px\">\n            \n\n<div class=\"kksr-icon\" style=\"width: 24px; height: 24px;\"><\/div>\n        <\/div>\n    <\/div>\n<\/div>\n                \n\n<div class=\"kksr-legend\" style=\"font-size: 19.2px;\">\n            <span class=\"kksr-muted\">Betygs\u00e4tt nu<\/span>\n    <\/div>\n    <\/div>\n<p>Skalf\u00e4rgerna \u00e4r standardiserade varianter av <a href=\"https:\/\/blog.proofs.de\/sv\/lexikon\/prozessfarben\/\" target=\"_self\" title=\"Processf\u00e4rger \u00e4r de f\u00e4rger som produceras vid tryckning n\u00e4r flera f\u00e4rger trycks ovanp\u00e5 varandra (vanligtvis i halvton). Vid fyrf\u00e4rgstryck best\u00e5r denna f\u00e4rg av cyan, magenta, gul och svart. Med dessa fyra f\u00e4rger kan en mycket stor m\u00e4ngd f\u00e4rger med olika tonv\u00e4rden tryckas.\" class=\"encyclopedia\">Processf\u00e4rger<\/a> Cyan, magenta, gult och svart, som definierades enligt tidigare fasta standarder som t.ex. \u201e<a href=\"https:\/\/blog.proofs.de\/sv\/lexikon\/euroscala\/\" target=\"_self\" title=\"I tidiga installationer av Photoshop fr\u00e5n 1990-talet installerades m\u00e5nga Euroscala- eller Euroscale-profiler som fortfarande sp\u00f6kar i vissa programvaror. S\u00e4rskilt i Storbritannien verkar profilerna fortfarande ha en viss spridning. Deras anv\u00e4ndning rekommenderas dock inte l\u00e4ngre.\" class=\"encyclopedia\">Euroscala<\/a>\u201c d<a href=\"https:\/\/blog.proofs.de\/sv\/lexikon\/efi\/\" target=\"_self\" title=\"Electronics For Imaging Inc. (EFI) \u00e4r ett amerikanskt f\u00f6retag och tillverkare av ett av v\u00e4rldens ledande korrekturl\u00e4sningssystem: EFI Colorproof XF, sedan 2013 Fiery XF. EFI \u00e4r en l\u00f6sningsleverant\u00f6r f\u00f6r stora utskriftssystem, RIP:er och f\u00e4rghanteringsl\u00f6sningar som proofing.\" class=\"encyclopedia\">efi<\/a>organiserades. Termen syftar p\u00e5 en <a href=\"https:\/\/blog.proofs.de\/sv\/lexikon\/farbskala\/\" target=\"_self\" title=\"1. Tryckf\u00e4rger: Standardiserade processf\u00e4rger f\u00f6r fyrf\u00e4rgstryck (CMYK) 2. korrekturskala: Ett schematiskt f\u00e4rgprov som framst\u00e4lls vid en provtryckning och som anv\u00e4nds f\u00f6r att utv\u00e4rdera trycket i produktionsomg\u00e5ngen.\" class=\"encyclopedia\">F\u00e4rgskala<\/a>, vilket m\u00f6jligg\u00f6r en f\u00e4rgriktig och reproducerbar \u00e5tergivning av dessa f\u00e4rger.<\/p>\n<p>De mest k\u00e4nda standarderna f\u00f6r processf\u00e4rger \u00e4r ISO 2846 (f\u00e4rgegenskaper f\u00f6r tryckf\u00e4rger) och <a href=\"https:\/\/blog.proofs.de\/sv\/lexikon\/iso-12647\/\" target=\"_self\" title=\"ISO 12647 \u00e4r den ISO-standard som ansvarar f\u00f6r utskrifter. Den definierar de viktigaste nyckelpunkterna f\u00f6r standardiserad, f\u00e4rgkompatibel utskrift.\" class=\"encyclopedia\">ISO 12647<\/a> (standardiserade tryckprocesser). Genom att definiera dessa fyra grundf\u00e4rger s\u00e4kerst\u00e4lldes att tryckresultaten var reproducerbara oavsett maskin, plats eller tid. De anv\u00e4ndes d\u00e4rf\u00f6r fr\u00e4mst inom professionellt tryck, prepress och <a href=\"https:\/\/blog.proofs.de\/sv\/lexikon\/farbmanagement\/\" target=\"_self\" title=\"Syftet med f\u00e4rghantering \u00e4r att se till att f\u00e4rgerna \u00e5terges s\u00e5 lika som m\u00f6jligt p\u00e5 olika enheter som kameror, skannrar, sk\u00e4rmar, laser-, bl\u00e4ckstr\u00e5le- och offsetskrivare och m\u00e5nga fler.\" class=\"encyclopedia\">F\u00e4rghantering<\/a> f\u00f6r anv\u00e4ndning.<\/p>\n<p>Begreppet \u201eprocessf\u00e4rger\u201d anv\u00e4nds framf\u00f6r allt n\u00e4r det g\u00e4ller att uppfylla bindande f\u00e4rgspecifikationer eller kvalitetskontroll i tryckprocessen. I detta sammanhang definieras processf\u00e4rger ofta med hj\u00e4lp av <a href=\"https:\/\/blog.proofs.de\/sv\/lexikon\/farbmessgeraet\/\" target=\"_self\" title=\"Anordningar f\u00f6r att m\u00e4ta en f\u00e4rgs kromaticitetskoordinater, hj\u00e4lper till att best\u00e4mma f\u00e4rgv\u00e4rdena f\u00f6r en befintlig f\u00e4rg.\" class=\"encyclopedia\">F\u00e4rgm\u00e4tare<\/a>(t.ex. <a href=\"https:\/\/blog.proofs.de\/sv\/lexikon\/spektralfotometer\/\" target=\"_self\" title=\"Spektrofotometrar \u00e4r h\u00f6gkvalitativa f\u00e4rgm\u00e4tare som kan m\u00e4ta och exakt beskriva alla f\u00e4rger. M\u00e4tanordningen uppn\u00e5r detta genom att belysa m\u00e4tytan med hela det synliga ljusets spektrum. Reflektionsv\u00e4rdena f\u00f6r vissa v\u00e5gl\u00e4ngder resulterar tillsammans i det uppm\u00e4tta v\u00e4rdet, som ofta ges ut i Lab (m\u00e4tl\u00e4ge fritt valbart fr\u00e5n M0 till M2). De spektrala m\u00e4tv\u00e4rdena kan dock ocks\u00e5 lagras direkt. H\u00f6gkvalitativa provtryckare har en egen spektralfotometer f\u00f6r att verifiera utskriften direkt.\" class=\"encyclopedia\">Spektrofotometer<\/a>n) har kontrollerats. Det finns ocks\u00e5 m\u00e5nga \u00e4ldre <a href=\"https:\/\/blog.proofs.de\/sv\/lexikon\/farbprofil\/\" target=\"_self\" title=\"De karakteristiska egenskaperna hos en f\u00e4rgbehandlingsenhet lagras i en f\u00e4rgprofil.  S\u00e5dana enheter kan vara skannrar, skrivare och bildsk\u00e4rmar.  Med hj\u00e4lp av f\u00e4rgprofilerna kan man se vilket f\u00e4rgomf\u00e5ng en enhet kan visa.&nbsp;\" class=\"encyclopedia\">F\u00e4rgprofil<\/a>e som har beteckningen Euroscala i sitt namn: Euroscala Coated, Euroscala Uncoated och m\u00e5nga fler.<\/p>\n<p>I dagligt bruk inom tryckeribranschen j\u00e4mst\u00e4lls ofta processf\u00e4rger och processf\u00e4rger.<\/p>","protected":false},"excerpt":{"rendered":"<p>Skalf\u00e4rger \u00e4r standardiserade varianter av processf\u00e4rgerna cyan, magenta, gul och svart, som definierades enligt tidigare fasta standarder som t.ex. \"Euroskalan\". Termen syftar p\u00e5 en f\u00e4rgskala som m\u00f6jligg\u00f6r en f\u00e4rgriktig och reproducerbar representation av dessa f\u00e4rger. De mest k\u00e4nda standarderna f\u00f6r processf\u00e4rger \u00e4r ISO 2846 (f\u00e4rgegenskaper f\u00f6r tryckf\u00e4rger) och ISO 12647 (standardiserade tryckprocesser). Definitionerna av dessa fyra grundf\u00e4rger s\u00e4kerst\u00e4ller att tryckresultaten blir reproducerbara oavsett maskin, plats eller tid. De har d\u00e4rf\u00f6r fr\u00e4mst anv\u00e4nts inom professionellt tryck, prepress och f\u00e4rghantering. Termen \"processf\u00e4rger\" ... <\/p>\n<p class=\"read-more-container\"><a title=\"Skala f\u00e4rger\" class=\"read-more button\" href=\"https:\/\/blog.proofs.de\/sv\/lexikon\/skalenfarben\/#more-6087\" aria-label=\"L\u00e4s mer om skalf\u00e4rger\">L\u00e4s mer p\u00e5<\/a><\/p>","protected":false},"author":2,"featured_media":0,"comment_status":"open","ping_status":"open","template":"","meta":{"om_disable_all_campaigns":false,"inline_featured_image":false,"_monsterinsights_skip_tracking":false,"footnotes":""},"class_list":["post-6087","encyclopedia","type-encyclopedia","status-publish","hentry","no-featured-image-padding"],"aioseo_notices":[],"aioseo_head":"\n\t\t<!-- All in One SEO 5.0.1.1 - aioseo.com -->\n\t<meta name=\"description\" content=\"Skalenfarben sind standardisierte Varianten der Prozessfarben Cyan, Magenta, Gelb und Schwarz, die nach fr\u00fcheren Normen wie der &quot;Euroscala&quot; definiert waren.\" \/>\n\t<meta name=\"robots\" content=\"max-image-preview:large\" \/>\n\t<meta name=\"author\" content=\"Matthias Betz\"\/>\n\t<meta name=\"google-site-verification\" content=\"TuXxyRwxcEg2-WfOaQ8vScWQh3-uBAnxXmY7g3GT90A\" \/>\n\t<link rel=\"canonical\" href=\"https:\/\/blog.proofs.de\/sv\/lexikon\/skalenfarben\/\" \/>\n\t<meta name=\"generator\" content=\"All in One SEO (AIOSEO) 5.0.1.1\" \/>\n\n\t\t<meta name=\"seobility\" content=\"593a8578143db71543f014978c690d47\">\n\t\t<meta property=\"og:locale\" content=\"sv_SE\" \/>\n\t\t<meta property=\"og:site_name\" content=\"Proof.de | Alles zu Proof, Farbmanagement, Grafik, Messtechnik &amp; Co.\" \/>\n\t\t<meta property=\"og:type\" content=\"article\" \/>\n\t\t<meta property=\"og:title\" content=\"Skalenfarben | Proof.de\" \/>\n\t\t<meta property=\"og:description\" content=\"Skalenfarben sind standardisierte Varianten der Prozessfarben Cyan, Magenta, Gelb und Schwarz, die nach fr\u00fcheren Normen wie der &quot;Euroscala&quot; definiert waren.\" \/>\n\t\t<meta property=\"og:url\" content=\"https:\/\/blog.proofs.de\/sv\/lexikon\/skalenfarben\/\" \/>\n\t\t<meta property=\"og:image\" content=\"https:\/\/blog1.proofen.de\/wp-content\/uploads\/2020\/04\/proof_background.jpg\" \/>\n\t\t<meta property=\"og:image:secure_url\" content=\"https:\/\/blog1.proofen.de\/wp-content\/uploads\/2020\/04\/proof_background.jpg\" \/>\n\t\t<meta property=\"article:published_time\" content=\"2025-06-01T21:59:39+00:00\" \/>\n\t\t<meta property=\"article:modified_time\" content=\"2025-06-01T21:59:39+00:00\" \/>\n\t\t<meta property=\"article:publisher\" content=\"https:\/\/www.facebook.com\/Proof.de\/\" \/>\n\t\t<meta name=\"twitter:card\" content=\"summary\" \/>\n\t\t<meta name=\"twitter:title\" content=\"Skalenfarben | Proof.de\" \/>\n\t\t<meta name=\"twitter:description\" content=\"Skalenfarben sind standardisierte Varianten der Prozessfarben Cyan, Magenta, Gelb und Schwarz, die nach fr\u00fcheren Normen wie der &quot;Euroscala&quot; definiert waren.\" \/>\n\t\t<meta name=\"twitter:image\" content=\"https:\/\/blog1.proofen.de\/wp-content\/uploads\/2020\/04\/proof_background.jpg\" \/>\n\t\t<script type=\"application\/ld+json\" class=\"aioseo-schema\">\n\t\t\t{\"@context\":\"https:\\\/\\\/schema.org\",\"@graph\":[{\"@type\":\"BreadcrumbList\",\"@id\":\"https:\\\/\\\/blog.proofs.de\\\/sv\\\/lexikon\\\/skalenfarben\\\/#breadcrumblist\",\"itemListElement\":[{\"@type\":\"ListItem\",\"@id\":\"https:\\\/\\\/blog.proofs.de\\\/sv#listItem\",\"position\":1,\"name\":\"Home\",\"item\":\"https:\\\/\\\/blog.proofs.de\\\/sv\",\"nextItem\":{\"@type\":\"ListItem\",\"@id\":\"https:\\\/\\\/blog.proofs.de\\\/sv\\\/lexikon\\\/#listItem\",\"name\":\"Lexikon\"}},{\"@type\":\"ListItem\",\"@id\":\"https:\\\/\\\/blog.proofs.de\\\/sv\\\/lexikon\\\/#listItem\",\"position\":2,\"name\":\"Lexikon\",\"item\":\"https:\\\/\\\/blog.proofs.de\\\/sv\\\/lexikon\\\/\",\"nextItem\":{\"@type\":\"ListItem\",\"@id\":\"https:\\\/\\\/blog.proofs.de\\\/sv\\\/lexikon\\\/skalenfarben\\\/#listItem\",\"name\":\"Skalenfarben\"},\"previousItem\":{\"@type\":\"ListItem\",\"@id\":\"https:\\\/\\\/blog.proofs.de\\\/sv#listItem\",\"name\":\"Home\"}},{\"@type\":\"ListItem\",\"@id\":\"https:\\\/\\\/blog.proofs.de\\\/sv\\\/lexikon\\\/skalenfarben\\\/#listItem\",\"position\":3,\"name\":\"Skalenfarben\",\"previousItem\":{\"@type\":\"ListItem\",\"@id\":\"https:\\\/\\\/blog.proofs.de\\\/sv\\\/lexikon\\\/#listItem\",\"name\":\"Lexikon\"}}]},{\"@type\":\"Organization\",\"@id\":\"https:\\\/\\\/blog.proofs.de\\\/sv\\\/#organization\",\"name\":\"Proof GmbH\",\"description\":\"Farbverbindlicher Proof, Farbproof, Digitalproof und Online-Proof.\",\"url\":\"https:\\\/\\\/blog.proofs.de\\\/sv\\\/\",\"telephone\":\"+4970717952740\",\"logo\":{\"@type\":\"ImageObject\",\"url\":\"https:\\\/\\\/blog1.proofen.de\\\/wp-content\\\/uploads\\\/2019\\\/09\\\/logo_proof_rgb_mit_balken_250px.png\",\"@id\":\"https:\\\/\\\/blog.proofs.de\\\/sv\\\/lexikon\\\/skalenfarben\\\/#organizationLogo\"},\"image\":{\"@id\":\"https:\\\/\\\/blog.proofs.de\\\/sv\\\/lexikon\\\/skalenfarben\\\/#organizationLogo\"},\"sameAs\":[\"https:\\\/\\\/www.facebook.com\\\/Proof.de\\\/\",\"https:\\\/\\\/www.instagram.com\\\/proof.de\\\/\",\"https:\\\/\\\/www.tiktok.com\\\/@proof_de\",\"https:\\\/\\\/www.youtube.com\\\/channel\\\/UCk80fQVQ25wC9wu3SywB-Nw\",\"https:\\\/\\\/www.linkedin.com\\\/company\\\/proof-de\"]},{\"@type\":\"Person\",\"@id\":\"https:\\\/\\\/blog.proofs.de\\\/sv\\\/author\\\/mbetz\\\/#author\",\"url\":\"https:\\\/\\\/blog.proofs.de\\\/sv\\\/author\\\/mbetz\\\/\",\"name\":\"Matthias Betz\",\"image\":{\"@type\":\"ImageObject\",\"@id\":\"https:\\\/\\\/blog.proofs.de\\\/sv\\\/lexikon\\\/skalenfarben\\\/#authorImage\",\"url\":\"https:\\\/\\\/blog.proofs.de\\\/wp-content\\\/uploads\\\/2020\\\/10\\\/matthias-betz-e1603934518350-150x150.png\",\"width\":96,\"height\":96,\"caption\":\"Matthias Betz\"}},{\"@type\":\"WebPage\",\"@id\":\"https:\\\/\\\/blog.proofs.de\\\/sv\\\/lexikon\\\/skalenfarben\\\/#webpage\",\"url\":\"https:\\\/\\\/blog.proofs.de\\\/sv\\\/lexikon\\\/skalenfarben\\\/\",\"name\":\"Skalenfarben | Proof.de\",\"description\":\"Skalenfarben sind standardisierte Varianten der Prozessfarben Cyan, Magenta, Gelb und Schwarz, die nach fr\\u00fcheren Normen wie der \\\"Euroscala\\\" definiert waren.\",\"inLanguage\":\"sv-SE\",\"isPartOf\":{\"@id\":\"https:\\\/\\\/blog.proofs.de\\\/sv\\\/#website\"},\"breadcrumb\":{\"@id\":\"https:\\\/\\\/blog.proofs.de\\\/sv\\\/lexikon\\\/skalenfarben\\\/#breadcrumblist\"},\"author\":{\"@id\":\"https:\\\/\\\/blog.proofs.de\\\/sv\\\/author\\\/mbetz\\\/#author\"},\"creator\":{\"@id\":\"https:\\\/\\\/blog.proofs.de\\\/sv\\\/author\\\/mbetz\\\/#author\"},\"datePublished\":\"2025-06-01T23:59:39+02:00\",\"dateModified\":\"2025-06-01T23:59:39+02:00\"},{\"@type\":\"WebSite\",\"@id\":\"https:\\\/\\\/blog.proofs.de\\\/sv\\\/#website\",\"url\":\"https:\\\/\\\/blog.proofs.de\\\/sv\\\/\",\"name\":\"Proof.de\",\"description\":\"Farbverbindlicher Proof, Farbproof, Digitalproof und Online-Proof.\",\"inLanguage\":\"sv-SE\",\"publisher\":{\"@id\":\"https:\\\/\\\/blog.proofs.de\\\/sv\\\/#organization\"}}]}\n\t\t<\/script>\n\t\t<!-- All in One SEO -->\n\n","aioseo_head_json":{"title":"Skalf\u00e4rger | Proof.de","description":"Skalf\u00e4rger \u00e4r standardiserade varianter av processf\u00e4rgerna cyan, magenta, gul och svart, som definierades enligt tidigare standarder som t.ex. \"Euroskala\".","canonical_url":"https:\/\/blog.proofs.de\/sv\/lexikon\/skalenfarben\/","robots":"max-image-preview:large","keywords":"","webmasterTools":{"google-site-verification":"TuXxyRwxcEg2-WfOaQ8vScWQh3-uBAnxXmY7g3GT90A","miscellaneous":"&lt;meta name=\"seobility\" content=\"593a8578143db71543f014978c690d47\"&gt;"},"schema":{"@context":"https:\/\/schema.org","@graph":[{"@type":"BreadcrumbList","@id":"https:\/\/blog.proofs.de\/sv\/lexikon\/skalenfarben\/#breadcrumblist","itemListElement":[{"@type":"ListItem","@id":"https:\/\/blog.proofs.de\/sv#listItem","position":1,"name":"Home","item":"https:\/\/blog.proofs.de\/sv","nextItem":{"@type":"ListItem","@id":"https:\/\/blog.proofs.de\/sv\/lexikon\/#listItem","name":"Lexikon"}},{"@type":"ListItem","@id":"https:\/\/blog.proofs.de\/sv\/lexikon\/#listItem","position":2,"name":"Lexikon","item":"https:\/\/blog.proofs.de\/sv\/lexikon\/","nextItem":{"@type":"ListItem","@id":"https:\/\/blog.proofs.de\/sv\/lexikon\/skalenfarben\/#listItem","name":"Skalenfarben"},"previousItem":{"@type":"ListItem","@id":"https:\/\/blog.proofs.de\/sv#listItem","name":"Home"}},{"@type":"ListItem","@id":"https:\/\/blog.proofs.de\/sv\/lexikon\/skalenfarben\/#listItem","position":3,"name":"Skalenfarben","previousItem":{"@type":"ListItem","@id":"https:\/\/blog.proofs.de\/sv\/lexikon\/#listItem","name":"Lexikon"}}]},{"@type":"Organization","@id":"https:\/\/blog.proofs.de\/sv\/#organization","name":"Proof GmbH","description":"Farbverbindlicher Proof, Farbproof, Digitalproof und Online-Proof.","url":"https:\/\/blog.proofs.de\/sv\/","telephone":"+4970717952740","logo":{"@type":"ImageObject","url":"https:\/\/blog1.proofen.de\/wp-content\/uploads\/2019\/09\/logo_proof_rgb_mit_balken_250px.png","@id":"https:\/\/blog.proofs.de\/sv\/lexikon\/skalenfarben\/#organizationLogo"},"image":{"@id":"https:\/\/blog.proofs.de\/sv\/lexikon\/skalenfarben\/#organizationLogo"},"sameAs":["https:\/\/www.facebook.com\/Proof.de\/","https:\/\/www.instagram.com\/proof.de\/","https:\/\/www.tiktok.com\/@proof_de","https:\/\/www.youtube.com\/channel\/UCk80fQVQ25wC9wu3SywB-Nw","https:\/\/www.linkedin.com\/company\/proof-de"]},{"@type":"Person","@id":"https:\/\/blog.proofs.de\/sv\/author\/mbetz\/#author","url":"https:\/\/blog.proofs.de\/sv\/author\/mbetz\/","name":"Matthias Betz","image":{"@type":"ImageObject","@id":"https:\/\/blog.proofs.de\/sv\/lexikon\/skalenfarben\/#authorImage","url":"https:\/\/blog.proofs.de\/wp-content\/uploads\/2020\/10\/matthias-betz-e1603934518350-150x150.png","width":96,"height":96,"caption":"Matthias Betz"}},{"@type":"WebPage","@id":"https:\/\/blog.proofs.de\/sv\/lexikon\/skalenfarben\/#webpage","url":"https:\/\/blog.proofs.de\/sv\/lexikon\/skalenfarben\/","name":"Skalenfarben | Proof.de","description":"Skalenfarben sind standardisierte Varianten der Prozessfarben Cyan, Magenta, Gelb und Schwarz, die nach fr\u00fcheren Normen wie der \"Euroscala\" definiert waren.","inLanguage":"sv-SE","isPartOf":{"@id":"https:\/\/blog.proofs.de\/sv\/#website"},"breadcrumb":{"@id":"https:\/\/blog.proofs.de\/sv\/lexikon\/skalenfarben\/#breadcrumblist"},"author":{"@id":"https:\/\/blog.proofs.de\/sv\/author\/mbetz\/#author"},"creator":{"@id":"https:\/\/blog.proofs.de\/sv\/author\/mbetz\/#author"},"datePublished":"2025-06-01T23:59:39+02:00","dateModified":"2025-06-01T23:59:39+02:00"},{"@type":"WebSite","@id":"https:\/\/blog.proofs.de\/sv\/#website","url":"https:\/\/blog.proofs.de\/sv\/","name":"Proof.de","description":"Farbverbindlicher Proof, Farbproof, Digitalproof und Online-Proof.","inLanguage":"sv-SE","publisher":{"@id":"https:\/\/blog.proofs.de\/sv\/#organization"}}]},"og:locale":"sv_SE","og:site_name":"Proof.de | Alles zu Proof, Farbmanagement, Grafik, Messtechnik &amp; Co.","og:type":"article","og:title":"Skalenfarben | Proof.de","og:description":"Skalenfarben sind standardisierte Varianten der Prozessfarben Cyan, Magenta, Gelb und Schwarz, die nach fr\u00fcheren Normen wie der &quot;Euroscala&quot; definiert waren.","og:url":"https:\/\/blog.proofs.de\/sv\/lexikon\/skalenfarben\/","og:image":"https:\/\/blog1.proofen.de\/wp-content\/uploads\/2020\/04\/proof_background.jpg","og:image:secure_url":"https:\/\/blog1.proofen.de\/wp-content\/uploads\/2020\/04\/proof_background.jpg","article:published_time":"2025-06-01T21:59:39+00:00","article:modified_time":"2025-06-01T21:59:39+00:00","article:publisher":"https:\/\/www.facebook.com\/Proof.de\/","twitter:card":"summary","twitter:title":"Skalenfarben | Proof.de","twitter:description":"Skalenfarben sind standardisierte Varianten der Prozessfarben Cyan, Magenta, Gelb und Schwarz, die nach fr\u00fcheren Normen wie der &quot;Euroscala&quot; definiert waren.","twitter:image":"https:\/\/blog1.proofen.de\/wp-content\/uploads\/2020\/04\/proof_background.jpg"},"aioseo_meta_data":{"post_id":"6087","title":null,"description":"Skalf\u00e4rger \u00e4r standardiserade varianter av processf\u00e4rgerna cyan, magenta, gul och svart, som definierades enligt tidigare standarder som t.ex. \"Euroskala\".","keywords":null,"keyphrases":{"focus":{"keyphrase":"","score":0,"analysis":{"keyphraseInTitle":{"score":0,"maxScore":9,"error":1}}},"additional":[]},"primary_term":null,"canonical_url":null,"og_title":null,"og_description":null,"og_object_type":"default","og_image_type":"default","og_image_url":null,"og_image_width":null,"og_image_height":null,"og_image_custom_url":null,"og_image_custom_fields":null,"og_video":"","og_custom_url":null,"og_article_section":null,"og_article_tags":null,"twitter_use_og":true,"twitter_card":"default","twitter_image_type":"default","twitter_image_url":null,"twitter_image_custom_url":null,"twitter_image_custom_fields":null,"twitter_title":null,"twitter_description":null,"schema":{"blockGraphs":[],"customGraphs":[],"default":{"data":{"Article":[],"Course":[],"Dataset":[],"FAQPage":[],"Movie":[],"Person":[],"Product":[],"ProductReview":[],"Car":[],"Recipe":[],"Service":[],"SoftwareApplication":[],"WebPage":[]},"graphName":"WebPage","isEnabled":true},"graphs":[]},"schema_type":"default","schema_type_options":null,"pillar_content":false,"robots_default":true,"robots_noindex":false,"robots_noarchive":false,"robots_nosnippet":false,"robots_nofollow":false,"robots_noimageindex":false,"robots_noodp":false,"robots_notranslate":false,"robots_max_snippet":"-1","robots_max_videopreview":"-1","robots_max_imagepreview":"large","priority":null,"frequency":"default","local_seo":null,"breadcrumb_settings":null,"limit_modified_date":false,"ai":null,"created":"2025-06-01 21:55:37","updated":"2025-06-04 14:08:52","seo_analyzer_scan_date":null,"focus_keyword":null,"additional_keywords":null,"truseo_locale":null},"_links":{"self":[{"href":"https:\/\/blog.proofs.de\/sv\/wp-json\/wp\/v2\/encyclopedia\/6087","targetHints":{"allow":["GET"]}}],"collection":[{"href":"https:\/\/blog.proofs.de\/sv\/wp-json\/wp\/v2\/encyclopedia"}],"about":[{"href":"https:\/\/blog.proofs.de\/sv\/wp-json\/wp\/v2\/types\/encyclopedia"}],"author":[{"embeddable":true,"href":"https:\/\/blog.proofs.de\/sv\/wp-json\/wp\/v2\/users\/2"}],"replies":[{"embeddable":true,"href":"https:\/\/blog.proofs.de\/sv\/wp-json\/wp\/v2\/comments?post=6087"}],"version-history":[{"count":2,"href":"https:\/\/blog.proofs.de\/sv\/wp-json\/wp\/v2\/encyclopedia\/6087\/revisions"}],"predecessor-version":[{"id":6288,"href":"https:\/\/blog.proofs.de\/sv\/wp-json\/wp\/v2\/encyclopedia\/6087\/revisions\/6288"}],"wp:attachment":[{"href":"https:\/\/blog.proofs.de\/sv\/wp-json\/wp\/v2\/media?parent=6087"}],"curies":[{"name":"wp","href":"https:\/\/api.w.org\/{rel}","templated":true}]}}